{"id":212,"date":"2023-11-30T18:23:14","date_gmt":"2023-11-30T18:23:14","guid":{"rendered":"https:\/\/alliasbl.lu\/?page_id=212"},"modified":"2024-08-11T07:58:53","modified_gmt":"2024-08-11T07:58:53","slug":"en-pratique","status":"publish","type":"page","link":"https:\/\/alliasbl.lu\/fr\/enseignement-a-domicile\/en-pratique\/","title":{"rendered":"En pratique\u2026"},"content":{"rendered":"\n<div class=\"wp-block-group alignfull has-global-padding is-layout-constrained wp-container-core-group-is-layout-8a2b1b76 wp-block-group-is-layout-constrained\" style=\"padding-top:var(--wp--preset--spacing--50);padding-right:var(--wp--preset--spacing--50);padding-bottom:var(--wp--preset--spacing--50);padding-left:var(--wp--preset--spacing--50)\">\n<div class=\"wp-block-group has-global-padding is-layout-constrained wp-container-core-group-is-layout-2bf980eb wp-block-group-is-layout-constrained\">\n<h1 class=\"wp-block-heading has-text-align-center has-large-font-size\">Les droits de l&rsquo;homme ont \u00e9t\u00e9 cr\u00e9\u00e9s pour prot\u00e9ger les individus de l&rsquo;arbitraire des gouvernements. Notons dans un tel contexte la d\u00e9claration suivante, tr\u00e8s \u00e0 propos, d\u2019autant plus que la libert\u00e9 de l\u2019enseignement doit s\u2019exercer dans&nbsp;le respect&nbsp;des valeurs d\u2019une soci\u00e9t\u00e9 d\u00e9mocratique fond\u00e9e sur les droits fondamentaux et les libert\u00e9s publiques selon la Constitution luxembourgeoise.<\/h1>\n\n\n\n<div style=\"height:25px\" aria-hidden=\"true\" class=\"wp-block-spacer\"><\/div>\n\n\n\n<hr class=\"wp-block-separator has-alpha-channel-opacity\"\/>\n\n\n\n<p class=\"wp-block-paragraph\"><\/p>\n<\/div>\n\n\n\n<p class=\"has-text-align-left wp-block-paragraph\"><em>Si les id\u00e9aux les plus nobles de la v\u00e9rit\u00e9 ne peuvent \u00eatre recherch\u00e9s que dans une soci\u00e9t\u00e9 libre, il est extr\u00eamement important que l&rsquo;\u00e9ducation, berceau officiel des chercheurs de v\u00e9rit\u00e9, refl\u00e8te une prise de conscience des facteurs qui, dans notre soci\u00e9t\u00e9, peuvent entraver la libre circulation de la pens\u00e9e et de l&rsquo;action individuelles. La d\u00e9mocratie implique la libert\u00e9 de penser, d&rsquo;\u00eatre en d\u00e9saccord et d&rsquo;apporter des changements de mani\u00e8re l\u00e9gale dans l&rsquo;int\u00e9r\u00eat de tous. Il s&rsquo;agit d&rsquo;une forme de gouvernement souple et r\u00e9active, difficile \u00e0 d\u00e9crire en termes fixes. La d\u00e9mocratie n&rsquo;est pas le r\u00e9sultat de pratiques politiques impos\u00e9es ou structur\u00e9es, mais une force dynamique et lib\u00e9ratrice, aliment\u00e9e par le peuple lui-m\u00eame. Elle ne peut prosp\u00e9rer et s&rsquo;\u00e9panouir que si ses citoyens sont libres de rechercher en permanence de nouvelles id\u00e9es, de nouveaux mod\u00e8les et de nouvelles th\u00e9ories pour remplacer les connaissances d\u00e9pass\u00e9es, dans un effort pour servir demain une population toujours plus nombreuse<\/em>. <br><br><em><strong>Une v\u00e9ritable d\u00e9mocratie est une soci\u00e9t\u00e9 libre et responsable, et l&rsquo;un de ses aspects ne peut exister ni avoir de sens sans l&rsquo;autre.<\/strong><\/em><br><br>Cette d\u00e9claration \u00e9mane du comit\u00e9 cr\u00e9\u00e9 en 1965 par le gouvernement de l&rsquo;Ontario pour mener une \u00e9tude sur les buts et objectifs de l&rsquo;\u00e9ducation dans sa province. Les auteurs commencent un chapitre intitul\u00e9 <strong>\u00ab\u00a0La recherche de la v\u00e9rit\u00e9 dans une soci\u00e9t\u00e9 d\u00e9mocratique\u00a0\u00bb<\/strong>.<br><br>Dans son avis du 18 mars 2008<sup data-fn=\"65ec0a29-6e8d-4e71-8fb3-4561cc2cf1c7\" class=\"fn\"><a href=\"#65ec0a29-6e8d-4e71-8fb3-4561cc2cf1c7\" id=\"65ec0a29-6e8d-4e71-8fb3-4561cc2cf1c7-link\">1<\/a><\/sup> le Conseil d\u2019\u00c9tat constatait la n\u00e9cessit\u00e9 de d\u00e9velopper les m\u00e9thodes alternatives et d\u00e9plorait quinze ans plus tard \u00ab&nbsp;que les m\u00e9thodes didactiques alternatives attrayantes ne soient toujours pas mises en place pour tous les jeunes soumis \u00e0 l\u2019obligation scolaire et, en particulier, pour ceux en situation de risquer un d\u00e9crochage scolaire&nbsp;\u00bb.<sup data-fn=\"8c0457df-c8f5-48eb-b8a4-38475eca5e93\" class=\"fn\"><a href=\"#8c0457df-c8f5-48eb-b8a4-38475eca5e93\" id=\"8c0457df-c8f5-48eb-b8a4-38475eca5e93-link\">2<\/a><\/sup><\/p>\n\n\n\n<p class=\"wp-block-paragraph\">Alors que tout enseignement doit favoriser <strong>l\u2019\u00e9panouissement<\/strong> et <strong>l\u2019autonomie<\/strong> de la personne, sa cr\u00e9ativit\u00e9, la confiance en ses capacit\u00e9s, le d\u00e9veloppement de ses dons et de ses aptitudes mentales et physiques, ce que l\u2019on observe en pratique c\u2019est que les enseignants, que ce soit en institution ou \u00ab&nbsp;\u00e0 domicile&nbsp;\u00bb sont beaucoup trop souvent r\u00e9duits \u00e0 sacrifier la libert\u00e9 d\u2019enseignement sur l&rsquo;autel d&rsquo;un diktat de standards bureaucratiques et dogmatiques.&nbsp;<br><strong><br>Comment peut-on enseigner l\u2019autonomie sans permettre l\u2019autonomie&nbsp;?<\/strong> <sup data-fn=\"66843c4d-6b37-4c37-a0e0-cec46c6eb899\" class=\"fn\"><a href=\"#66843c4d-6b37-4c37-a0e0-cec46c6eb899\" id=\"66843c4d-6b37-4c37-a0e0-cec46c6eb899-link\">3<\/a><\/sup><\/p>\n\n\n\n<hr class=\"wp-block-separator has-alpha-channel-opacity\"\/>\n\n\n\n<p class=\"has-large-font-size wp-block-paragraph\"><br>Sommaire<\/p>\n\n\n\n<p class=\"has-medium-font-size wp-block-paragraph\"><strong><a href=\"#A.-Les cas-de-d\u00e9saccord\">A. Les cas les plus fr\u00e9quents de d\u00e9saccord<\/a><\/strong><br><br><a href=\"#a)Besoins-sp\u00e9cifiques\">a) Les&nbsp;\u00e9l\u00e8ves&nbsp;\u00e0 besoins sp\u00e9cifiques<\/a><br><a href=\"#b)Pratiques-d-evaluation\">b) Les pratiques d\u2019\u00e9valuation<\/a><br><a href=\"#c)Maitrise-plan-d'etudes\">c) Le ma\u00eetrise des comp\u00e9tences du plan d\u2019\u00e9tude<\/a><br><a href=\"#d)Plurilinguisme\">d) La question du plurilinguisme<\/a><br><br><strong><a href=\"#B.Justiciabilit\u00e9\">B. La probl\u00e9matique de la justiciabilit\u00e9<\/a><\/strong><\/p>\n\n\n\n<hr class=\"wp-block-separator has-alpha-channel-opacity\"\/>\n\n\n\n<p class=\"wp-block-paragraph\"><br>Au Luxembourg, d\u2019une mani\u00e8re g\u00e9n\u00e9rale, \u00e0 notre connaissance, il y a tr\u00e8s peu de refus d\u2019autorisation et les injonctions de scolarisation sont \u00e9galement rares.<br>Les familles se disent souvent tr\u00e8s satisfaites des \u00e9changes avec les personnes d\u00e9di\u00e9es au contr\u00f4le de l\u2019enseignement \u00e0 domicile au fondamental, mais moins avec certains directeurs ou directrices. Les avis sont plus mitig\u00e9s concernant le contr\u00f4le au secondaire.<br><br>En cas de d\u00e9saccord, la posture et l\u2019engagement de la famille vont \u00eatre d\u00e9cisifs. Un dialogue dans un respect mutuel et un esprit de coop\u00e9ration est essentiel. Fortes de leur exp\u00e9rience, les familles savent g\u00e9n\u00e9ralement d\u00e9fendre leus choix p\u00e9dagogiques et leurs valeurs \u00e9ducatives. Elles sauront pour la plupart alors \u00e9viter de se laisser imposer une voie p\u00e9dagogique qui ne leur correspond pas et qu\u2019elles estiment d\u00e9l\u00e9t\u00e8re, tout en sachant entendre ce qui pourrait \u00eatre pertinent et b\u00e9n\u00e9fique pour favoriser les apprentissages dans chaque situation, dans l\u2019int\u00e9r\u00eat sup\u00e9rieur de l\u2019enfant.<\/p>\n\n\n\n<hr class=\"wp-block-separator has-alpha-channel-opacity\"\/>\n\n\n\n<div class=\"wp-block-group has-global-padding is-content-justification-left is-layout-constrained wp-container-core-group-is-layout-08068d2d wp-block-group-is-layout-constrained\">\n<div style=\"height:1.25rem\" aria-hidden=\"true\" class=\"wp-block-spacer\"><\/div>\n\n\n\n<h2 class=\"wp-block-heading has-text-align-left\"><br>A. <strong>Les cas les plus fr\u00e9quents de d\u00e9saccords&nbsp;:<\/strong><\/h2>\n\n\n\n<div style=\"height:47px\" aria-hidden=\"true\" class=\"wp-block-spacer\"><\/div>\n\n\n\n<h3 class=\"wp-block-heading has-text-align-left\" id=\"a)Besoins-sp\u00e9cifiques\">a) Les \u00e9l\u00e8ves \u00e0 besoins sp\u00e9cifiques<\/h3>\n\n\n\n<div style=\"height:26px\" aria-hidden=\"true\" class=\"wp-block-spacer\"><\/div>\n\n\n\n<p class=\"wp-block-paragraph\">Le directorat estime parfois devoir imposer la scolarisation des jeunes \u00e0 besoins sp\u00e9cifiques car selon lui, ses \u00e9quipes d\u2019experts sont plus comp\u00e9tentes que les parents pour prendre en charge certaines cat\u00e9gories de besoins sp\u00e9cifiques, notamment dans le cas de troubles de l\u2019apprentissage.<br><br>Il incombe alors aux parents de montrer qu\u2019une rem\u00e9diation, si elle s\u2019av\u00e8re n\u00e9cessaire, est \u00e9galement possible en dehors de l\u2019\u00e9cole, voire qu\u2019un besoin sp\u00e9cifique peut \u00eatre encore mieux accompagn\u00e9 gr\u00e2ce \u00e0 leur engagement compl\u00e9t\u00e9 par des aides externes priv\u00e9es, ou encore, \u00eatre g\u00e9r\u00e9 de mani\u00e8re tr\u00e8s diff\u00e9rente et efficace, gr\u00e2ce aux particularit\u00e9s de l\u2019environnement d\u2019apprentissage hors \u00e9cole.<br><br>\u00c0 l\u2019occasion de la journ\u00e9e de la dyslexie, notre association avait interview\u00e9 diff\u00e9rents acteurs \u00e9ducatifs hors normes partageant leur exp\u00e9rience de l\u2019accompagnement de la dyslexie et de l\u2019apprentissage de la lecture.<\/p>\n\n\n\n<p class=\"wp-block-paragraph\">Ces interviews sont consultables en fran\u00e7ais et en anglais<sup data-fn=\"a28a48cb-cc57-415b-96d4-a0f417fc4479\" class=\"fn\"><a href=\"#a28a48cb-cc57-415b-96d4-a0f417fc4479\" id=\"a28a48cb-cc57-415b-96d4-a0f417fc4479-link\">4<\/a><\/sup> et les traductions automatiques de Youtube sont disponibles dans de nombreuses langues.<br>Nous n\u2019avons pas eu l\u2019occasion de faire ce travail pour l\u2019accompagnement d\u2019autres besoins sp\u00e9cifiques, dans des contextes hors normes, mais ce serait sans doute enrichissant et tout t\u00e9moignage est le bienvenu.<br><br>Dans une soci\u00e9t\u00e9 qui se veut d\u00e9mocratique, il est important de d\u00e9fendre un droit \u00e0 la diff\u00e9rence et de laisser les familles explorer d\u2019autres voies, pour pouvoir inspirer des \u00e9volutions, dans l\u2019int\u00e9r\u00eat de tous.<\/p>\n\n\n\n<hr class=\"wp-block-separator has-alpha-channel-opacity\"\/>\n\n\n\n<div style=\"height:26px\" aria-hidden=\"true\" class=\"wp-block-spacer\"><\/div>\n\n\n\n<h3 class=\"wp-block-heading has-text-align-left\" id=\"b)Pratiques-d-evaluation\">b) Les pratiques d\u2019\u00e9valuation<\/h3>\n\n\n\n<div style=\"height:26px\" aria-hidden=\"true\" class=\"wp-block-spacer\"><\/div>\n\n\n\n<p class=\"wp-block-paragraph\">De nombreuses familles non-scolarisantes sont tr\u00e8s critiques sur la pratique des \u00e9valuations et des tests de contr\u00f4le par certains directorats.<br><br>Il a \u00e9t\u00e9 rapport\u00e9 que&nbsp;:<br><\/p>\n\n\n\n<ul class=\"wp-block-list\">\n<li>un entretien de contr\u00f4le avait \u00e9t\u00e9 r\u00e9alis\u00e9 uniquement en fran\u00e7ais, langue secondaire, pour un apprenant luxembourgeophone en premi\u00e8re ann\u00e9e du cycle 4 (enfant de 10 ans)&nbsp;;<\/li>\n\n\n\n<li>des tests r\u00e9alis\u00e9s en premi\u00e8re ann\u00e9e de maternelle n\u2019\u00e9taient pas adapt\u00e9s \u00e0 l\u2019\u00e2ge de l\u2019enfant et aux attentes du plan d\u2019\u00e9tudes. Cela a entra\u00een\u00e9 une injonction de scolarisation abusive port\u00e9e au tribunal en r\u00e9f\u00e9r\u00e9 et toujours en attente de jugement&nbsp;;<\/li>\n\n\n\n<li>un test de math\u00e9matiques a \u00e9t\u00e9 r\u00e9alis\u00e9 en fran\u00e7ais pour un jeune luxembourgophone au secondaire, malgr\u00e9 une d\u00e9rogation pour l\u2019apprentissage du fran\u00e7ais dans le cadre de son enseignement \u00e0 domicile.<br>Cela a entra\u00een\u00e9 une injonction de scolarisation abusive port\u00e9e au tribunal et toujours en attente de jugement&nbsp;;<\/li>\n\n\n\n<li>certains directorats font r\u00e9aliser des tests de plusieurs heures \u00e0 des jeunes en deuxi\u00e8me ann\u00e9e de primaire, voire m\u00eame en maternelle (spillschoul)&nbsp;;<\/li>\n\n\n\n<li>les contr\u00f4les sont tr\u00e8s souvent v\u00e9cus comme intrusifs et autoritaires, stressants et angoissants, surtout pour les jeunes et aussi contestables du point du vue de la r\u00e9alisation du droit \u00e0 l\u2019instruction.<\/li>\n<\/ul>\n\n\n\n<p class=\"wp-block-paragraph\"><br>La pratique des \u00e9valuations standardis\u00e9es est d\u2019ailleurs largement remise en question au sein du milieu scolaire, comme pratique d\u00e9l\u00e9t\u00e8re, pouvant affecter n\u00e9gativement l\u2019estime de soi lorsqu\u2019elle est impos\u00e9e de mani\u00e8re autoritaire<sup data-fn=\"722601f1-1cfb-4c9d-8dac-792efb6a103b\" class=\"fn\"><a href=\"#722601f1-1cfb-4c9d-8dac-792efb6a103b\" id=\"722601f1-1cfb-4c9d-8dac-792efb6a103b-link\">5<\/a><\/sup> et donc portant pr\u00e9judice \u00e0 la r\u00e9alisation du droit \u00e0 l\u2019instruction.<br>Des pratiques d\u2019auto-\u00e9valuation sont tout \u00e0 fait possibles mais pas syst\u00e9matiquement mises en oeuvre selon les directorats, qui ne font pas forc\u00e9ment l\u2019effort de s\u2019adapter \u00e0 la situation comme l\u2019exige l\u2019article 13 du Pacte international relatif aux droits \u00e9conomiques, sociaux et culturels (PIDESC) ratifi\u00e9 par le Luxembourg.<br><br>Lors d\u2019une r\u00e9cente conf\u00e9rence<sup data-fn=\"38ce9288-dc54-4438-8fef-97489840c0c1\" class=\"fn\"><a href=\"#38ce9288-dc54-4438-8fef-97489840c0c1\" id=\"38ce9288-dc54-4438-8fef-97489840c0c1-link\">6<\/a><\/sup> &nbsp;organis\u00e9e par l\u2019universit\u00e9 de Harvard aux USA, les repr\u00e9sentants des microschools et charter schools, qui se sont multipli\u00e9es ces derni\u00e8res ann\u00e9es en tant qu\u2019alternatives plus agiles que les \u00e9coles publiques, tout en \u00e9tant soutenues et contr\u00f4l\u00e9es par des fonds publics, affirment que ce qui entrave leurs performances est clairement l\u2019incompatibilit\u00e9 des pratiques \u00e9valuatives et l\u2019imposition d\u2019un plan d\u2019\u00e9tudes trop rigide.<br><\/p>\n\n\n\n<p class=\"wp-block-paragraph\">Par del\u00e0 le monde, ce constat est similaire et c\u2019est d\u00e9plorable.<br><\/p>\n\n\n\n<hr class=\"wp-block-separator has-alpha-channel-opacity\"\/>\n\n\n\n<div style=\"height:26px\" aria-hidden=\"true\" class=\"wp-block-spacer\"><\/div>\n\n\n\n<h3 class=\"wp-block-heading has-text-align-left\" id=\"c)Maitrise-plan-d'etudes\">c) La ma\u00eetrise des comp\u00e9tences du plan d\u2019\u00e9tudes<\/h3>\n<\/div>\n\n\n\n<p class=\"wp-block-paragraph\">Bien que le plan d\u2019\u00e9tudes de l\u2019enseignement fondamental luxembourgeois ait \u00e9t\u00e9 rendu plus flexible en 2011 et qu\u2019il soit en phase de modernisation (voir <a href=\"https:\/\/alliasbl.lu\/enseignement-a-domicile\/faq\/\">FAQ<\/a>), il reste cependant loin d\u2019\u00eatre suffisamment flexible par rapport \u00e0 ce qui serait n\u00e9cessaire pour mieux r\u00e9aliser le droit \u00e0 l\u2019instruction.<br><br>Par exemple, le programme d&rsquo;\u00e9tudes priv\u00e9 de l\u2019organisme am\u00e9ricain Clonlara est adaptable \u00e0 l&rsquo;\u00e9l\u00e8ve afin que l&rsquo;apprentissage se fasse au bon moment, en fonction de ses int\u00e9r\u00eats, de ses besoins et de ses objectifs.<br><br>Certains agents du minist\u00e8re de l\u2019\u00e9ducation exigent des familles de s\u2019engager \u00e0 \u00ab&nbsp;respecter le plan d\u2019\u00e9tudes&nbsp;\u00bb. Rappelons que l\u2019article 21 de la loi du 6 f\u00e9vrier 2009 portant organisation de l\u2019enseignement fondamental pr\u00e9cise que&nbsp;: <br>\u00ab L\u2019enseignement \u00e0 domicile doit <strong>viser<\/strong> <strong>l\u2019acquisition des socles de comp\u00e9tences<\/strong> d\u00e9finis par le plan d\u2019\u00e9tudes&nbsp;\u00bb.<br><\/p>\n\n\n\n<p class=\"wp-block-paragraph\">Dans le cadre de l\u2019enseignement \u00ab&nbsp;\u00e0 domicile&nbsp;\u00bb au Luxembourg, ce que signifie \u00ab&nbsp;respecter le plan d\u2019\u00e9tudes&nbsp;\u00bb est d\u00e8s lors \u00e0 la merci de l\u2019appr\u00e9ciation &nbsp;des agents du minist\u00e8re de l\u2019\u00e9ducation, de leur ouverture d\u2019esprit, de leurs capacit\u00e9 \u00e0 surmonter leurs propres peurs pour l\u00e2cher prise et faire confiance, afin de permettre la voie de l\u2019autonomie.<br><\/p>\n\n\n\n<p class=\"wp-block-paragraph\">Bien que la reconnaissance des apprentissages non formels ait gagn\u00e9 du terrain, les apprentissages autonomes continuent d\u2019inqui\u00e9ter. Le slogan de l\u2019\u00e9cole Summerhill o\u00f9 ils sont en pratique depuis plus de 100 ans est pourtant explicite \u00e0 cet \u00e9gard&nbsp;: \u00ab\u00a0Freedom not licence\u00a0\u00bb.<br>La libert\u00e9 ne signifie pas que tout est permis. Dans cette \u00e9cole, chacun est libre de se comporter comme il le souhaite, tant que son comportement n\u2019est pas excessif et reste respectueux vis-\u00e0-vis d\u2019autrui. Et puisqu\u2019ils ont \u00e9t\u00e9 ainsi responsabilis\u00e9s, les \u00e9l\u00e8ves deviennent des adultes autonomes et responsables.<\/p>\n\n\n\n<p class=\"wp-block-paragraph\">C\u2019est une posture tout \u00e0 fait conforme \u00e0 l\u2019esprit des droits humains. Ce qui importe, c\u2019est de ne pas emp\u00eacher les apprentissages et de faire le n\u00e9cessaire pour qu\u2019ils puissent se r\u00e9aliser, et non pas d\u2019imposer ce qui doit soi-disant \u00eatre appris, dans telles conditions, \u00e0 tel moment et dans tel ordre, en continuant de croire que c\u2019est efficace, en d\u00e9pit des \u00e9vidences empiriques qui prouvent l\u2019inverse.<br><br>Malheureusement au Luxembourg, certaines familles continuent de faire les frais d\u2019une application rigide et bureaucratique des attentes du socle de comp\u00e9tences, laiss\u00e9e au libre arbitre d\u2019un directorat soutenu par son minist\u00e8re, qui ne cherche pas v\u00e9ritablement \u00e0 faire la part des choses, alors que ce serait dans l\u2019int\u00e9r\u00eat de tous.<\/p>\n\n\n\n<hr class=\"wp-block-separator has-alpha-channel-opacity\"\/>\n\n\n\n<h3 class=\"wp-block-heading has-text-align-left\" id=\"d)Plurilinguisme\">d) La question du plurilinguisme<\/h3>\n\n\n\n<p class=\"wp-block-paragraph\">L\u2019article 4 \u00a71 de la Constitution luxembourgeoise dispose que <a>la langue du Grand-Duch\u00e9 de Luxembourg est le luxembourgeois et que la loi r\u00e8gle l\u2019emploi des langues luxembourgeoise, fran\u00e7aise et allemande.<\/a><\/p>\n\n\n\n<p class=\"wp-block-paragraph\">Afin de r\u00e9pondre aux besoins de la population et de la soci\u00e9t\u00e9, l\u2019offre scolaire s\u2019est diversifi\u00e9e du point de vue des langues d\u2019enseignement et continue de s\u2019assouplir<sup data-fn=\"56e1bf16-0ac9-45b5-ad95-53c182af1e38\" class=\"fn\"><a href=\"#56e1bf16-0ac9-45b5-ad95-53c182af1e38\" id=\"56e1bf16-0ac9-45b5-ad95-53c182af1e38-link\">7<\/a><\/sup>. Le d\u00e9veloppement des comp\u00e9tences plurilingues reste cependant \u00e0 l\u2019ordre du jour (Art. 3 \u00a72(1\u00b0) loi du 20 juillet 2023) et fait sens du point de vue de la coh\u00e9sion sociale.<\/p>\n\n\n\n<p class=\"wp-block-paragraph\">Dans le pass\u00e9, des autorisations de d\u00e9scolarisation avaient \u00e9t\u00e9 refus\u00e9es \u00e0 des allophones, et des injonctions de scolarisation avaient \u00e9t\u00e9 ordonn\u00e9es sous pr\u00e9texte qu\u2019un jeune ne ma\u00eetrisait par exemple pas suffisamment l\u2019allemand ou le fran\u00e7ais (except\u00e9 pour les familles \u00ab&nbsp;de passage&nbsp;\u00bb).<br><br>Puisque dans les \u00e9coles publiques et priv\u00e9es, l\u2019enseignement de base peut aussi \u00eatre donn\u00e9 en allemand ou en fran\u00e7ais ou en anglais, par analogie et \u00e9quit\u00e9, cette possibilit\u00e9 doit \u00e9galement \u00eatre octroy\u00e9e aux familles hors \u00e9cole.<br><br>Les autorit\u00e9s encouragent toutefois l\u2019apprentissage de la langue luxembourgeoise Seules les familles qui s\u2019engagent v\u00e9ritablement dans cette voie, font l\u2019effort de l\u2019apprendre<sup data-fn=\"6c93c546-01bd-49da-9e56-ff8f195a1541\" class=\"fn\"><a href=\"#6c93c546-01bd-49da-9e56-ff8f195a1541\" id=\"6c93c546-01bd-49da-9e56-ff8f195a1541-link\">8<\/a><\/sup>&nbsp; et entretiennent des contacts sociaux multilingues, parviendront \u00e0 ce que leurs enfants ma\u00eetrisent r\u00e9ellement le luxembourgeois, ce qui favorisera leur inclusion sociale au sein de la soci\u00e9t\u00e9 luxembourgeoise. C\u2019est donc une question de choix et de volont\u00e9.<br><br>Mais tout le monde n\u2019est pas \u00e9gal devant l\u2019apprentissage des langues.<br>Comble de l\u2019absurde, ce plurilinguisme impos\u00e9 m\u00e8ne certains jeunes \u00e0 l\u2019\u00e9chec scolaire, la diversit\u00e9 de choix des langues d\u2019enseignement repr\u00e9sente ainsi une v\u00e9ritable aubaine pour le d\u00e9veloppement des individus.<\/p>\n\n\n\n<hr class=\"wp-block-separator has-alpha-channel-opacity\"\/>\n\n\n\n<h2 class=\"wp-block-heading has-text-align-left\" id=\"B.Justiciabilit\u00e9\"><br>B. <strong>La probl\u00e9matique de la justiciabilit\u00e9<\/strong><\/h2>\n\n\n\n<p class=\"wp-block-paragraph\">En particulier&nbsp;:<br><br>&#8211; les protocoles de l\u2019ONU ne sont pas v\u00e9ritablement respect\u00e9s et les jeunes ne sont pas entendus de mani\u00e8re impartiale, ni dans un contexte de neutralit\u00e9 id\u00e9ologique. Ils sont influenc\u00e9s et manipul\u00e9s insidieusement dans leurs choix et lorsque cela r\u00e9sulte des repr\u00e9sentants de l\u2019\u00c9tat, c\u2019est tr\u00e8s probl\u00e9matique.<br><br>&#8211; en cas de demande de recours gr\u00e2cieux face \u00e0 un refus par un directeur, le minist\u00e8re n\u2019est pas impartial et prend le parti de ses fonctionnaires, \u00e0 des questions pr\u00e9cises adapt\u00e9es au cas par cas, nous recevons des r\u00e9ponses \u00e9vasives ne cherchant pas \u00e0 faire la part des choses dans l\u2019int\u00e9r\u00eat sup\u00e9rieur de l\u2019enfant.<br><br>&#8211; en cas de contestation au tribunal par r\u00e9f\u00e9r\u00e9<sup data-fn=\"2b953240-3cb8-43a8-b1d7-40faf3a807a2\" class=\"fn\"><a href=\"#2b953240-3cb8-43a8-b1d7-40faf3a807a2\" id=\"2b953240-3cb8-43a8-b1d7-40faf3a807a2-link\">9<\/a><\/sup>, la proc\u00e9dure judiciaire s\u2019av\u00e8re longue et co\u00fbteuse<sup data-fn=\"34180f1e-42de-4656-b2e9-a21e56625e0d\" class=\"fn\"><a href=\"#34180f1e-42de-4656-b2e9-a21e56625e0d\" id=\"34180f1e-42de-4656-b2e9-a21e56625e0d-link\">1<\/a>0<\/sup> et en attendant, l\u2019enfant doit \u00eatre scolaris\u00e9 alors que le cas n\u2019a pas \u00e9t\u00e9 jug\u00e9, sans consid\u00e9ration des droits de l\u2019enfant, ni de ceux des parents.<br><br>&#8211; l\u2019organisme de d\u00e9fense des droits des enfants, l\u2019okaju, bien que r\u00e9actif et juste, est pratiquement impuissant face \u00e0 de telles situations.<br><br>&#8211; les m\u00e9diateurs scolaires doivent aussi m\u00e9nager la ch\u00e8vre et le chou et n\u2019ont pas vraiment le pouvoir de faire beaucoup \u00e9voluer la situation.<br><br><\/p>\n\n\n\n<p class=\"wp-block-paragraph\">Au final, ces deux instances cens\u00e9es faire acte de garde fous contre l\u2019arbitraire de l\u2019\u00c9tat, sont relativement inefficaces, sous-repr\u00e9sent\u00e9es, si bien que le temps d\u2019intenter un proc\u00e8s pour atteindre la Cour Europ\u00e9enne des Droits de l\u2019homme, les enfants sont adultes.<br><br>Alors, comment faire pour h\u00e2ter la justice, afin que le droit \u00e0 l\u2019instruction des enfants soit pr\u00e9serv\u00e9, selon leurs besoins, durant leur enfance&nbsp;?<\/p>\n\n\n\n<p class=\"wp-block-paragraph\">Imaginez que vous contestiez la construction d\u2019un immeuble pour faire respecter des lois environnementales, tant que le tribunal n\u2019a pas rendu son jugement en r\u00e9f\u00e9r\u00e9, l\u2019immeuble continue d\u2019\u00eatre construit et l\u2019environnement d\u00e9truit.<\/p>\n\n\n\n<p class=\"wp-block-paragraph\">C\u2019est la m\u00eame situation pour cet enfant, un directeur est pr\u00e9sum\u00e9 abuser de son pouvoir, la famille porte plainte, mais l\u2019enfant de 5 ans doit \u00eatre scolaris\u00e9.<br><br>Apr\u00e8s deux mois et demi de r\u00e9f\u00e9r\u00e9 toujours sans jugement, il d\u00e9p\u00e9rit, perds du poids, sombre et tout le monde s\u2019en \u00ab\u00a0fout\u00a0\u00bb, sauf les parents, laiss\u00e9s dans l\u2019impossibilit\u00e9 de le prot\u00e9ger.<\/p>\n\n\n\n<p class=\"wp-block-paragraph\">Un enfant qui allait parfaitement bien est rendu malade, parce qu\u2019un directeur et le minist\u00e8re pensent savoir mieux que lui ce dont il a besoin et ne se soucient avant tout de son d\u00e9veloppement scolaire et non pas de son \u00e9panouissement. Est-ce vraiment dans son int\u00e9r\u00eat sup\u00e9rieur<sup data-fn=\"ccf6b672-6f07-4c9e-966f-a02ba82e71a8\" class=\"fn\"><a href=\"#ccf6b672-6f07-4c9e-966f-a02ba82e71a8\" id=\"ccf6b672-6f07-4c9e-966f-a02ba82e71a8-link\">1<\/a>1<\/sup> ?<\/p>\n\n\n\n<p class=\"wp-block-paragraph\">De quel droit&nbsp;? Comment ne pas parler d\u2019oppression&nbsp;et d\u2019autoritarisme ?<br><br>Le parent est pris au pi\u00e8ge, s\u2019il n\u2019emm\u00e8ne pas son enfant \u00e0 l\u2019\u00e9cole, malgr\u00e9 la souffrance que la scolarisation g\u00e9n\u00e8re pour cet enfant, il risque d\u2019avoir \u00e0 faire au tribunal de jeunesse. Or, rien ne garantit que ce dernier sera impartial et la peur de se voir retirer la garde de son enfant est bien trop grande.<\/p>\n\n\n\n<p class=\"wp-block-paragraph\">En somme, la famille est victime d\u2019un syst\u00e8me absurde et oppressif.<\/p>\n\n\n\n<p class=\"wp-block-paragraph\">Que reste-t-il comme issue&nbsp;?<br><br>\u0152uvrer sur le plan politique et faire changer la perception sociale sur ce que pourrait et devrait \u00eatre l\u2019\u00e9ducation, revendiquer toujours plus et sans rel\u00e2che le respect des droits fondamentaux. Mais pour ce jeune, il sera trop tard.<\/p>\n\n\n\n<p class=\"wp-block-paragraph\">Dans un \u00c9tat de droit qui se dit d\u00e9mocratique, c\u2019est une situation absolument inacceptable.<br><\/p>\n\n\n\n<p class=\"has-text-align-center has-large-font-size wp-block-paragraph\"><strong>Un \u00c9tat qui viole les droits humains <\/strong><br><strong>ne sera jamais un bon \u00e9ducateur.<\/strong><\/p>\n\n\n\n<p class=\"wp-block-paragraph\">Que faire sinon continuer \u00e0 lutter, d\u00e9noncer et revendiquer de plus en plus fort ce qui devrait \u00eatre. Le pouvoir corrompt s\u2019il n\u2019est pas tenu responsable.<br><br>(<em>NB Le terme enfant est utilis\u00e9 dans nos textes au sens juridique de \u00ab\u00a0mineur\u00a0\u00bb<\/em>)<\/p>\n\n\n\n<hr class=\"wp-block-separator has-alpha-channel-opacity\"\/>\n\n\n\n<div style=\"height:77px\" aria-hidden=\"true\" class=\"wp-block-spacer\"><\/div>\n\n\n\n<figure class=\"wp-block-image alignwide size-full has-custom-border is-style-rounded wp-duotone-unset-2 is-style-rounded--1\"><img data-recalc-dims=\"1\" fetchpriority=\"high\" decoding=\"async\" width=\"4903\" height=\"2758\" data-attachment-id=\"196\" data-permalink=\"https:\/\/alliasbl.lu\/fr\/pexels-julia-m-cameron-4145347-2\/\" data-orig-file=\"https:\/\/i0.wp.com\/alliasbl.lu\/wp-content\/uploads\/2023\/11\/pexels-julia-m-cameron-4145347-edited.jpg?fit=4903%2C2758&amp;ssl=1\" data-orig-size=\"4903,2758\" data-comments-opened=\"0\" data-image-meta=\"{&quot;aperture&quot;:&quot;0&quot;,&quot;credit&quot;:&quot;&quot;,&quot;camera&quot;:&quot;&quot;,&quot;caption&quot;:&quot;&quot;,&quot;created_timestamp&quot;:&quot;0&quot;,&quot;copyright&quot;:&quot;&quot;,&quot;focal_length&quot;:&quot;0&quot;,&quot;iso&quot;:&quot;0&quot;,&quot;shutter_speed&quot;:&quot;0&quot;,&quot;title&quot;:&quot;&quot;,&quot;orientation&quot;:&quot;0&quot;}\" data-image-title=\"pexels-julia-m-cameron-4145347\" data-image-description=\"\" data-image-caption=\"\" data-large-file=\"https:\/\/i0.wp.com\/alliasbl.lu\/wp-content\/uploads\/2023\/11\/pexels-julia-m-cameron-4145347-edited.jpg?fit=1024%2C576&amp;ssl=1\" src=\"https:\/\/i0.wp.com\/alliasbl.lu\/wp-content\/uploads\/2023\/11\/pexels-julia-m-cameron-4145347-edited.jpg?resize=4903%2C2758&#038;ssl=1\" alt=\"\" class=\"wp-image-196\" style=\"border-style:none;border-width:0px\"\/><\/figure>\n\n\n\n<div style=\"height:56px\" aria-hidden=\"true\" class=\"wp-block-spacer\"><\/div>\n<\/div>\n\n\n\n<div class=\"wp-block-group alignfull has-base-color has-contrast-background-color has-text-color has-background has-global-padding is-layout-constrained wp-container-core-group-is-layout-248f7c56 wp-block-group-is-layout-constrained\" style=\"margin-top:0;margin-bottom:0;padding-top:var(--wp--preset--spacing--60);padding-right:var(--wp--preset--spacing--60);padding-bottom:var(--wp--preset--spacing--60);padding-left:var(--wp--preset--spacing--60)\">\n<div class=\"wp-block-group has-global-padding is-layout-constrained wp-block-group-is-layout-constrained\">\n<p class=\"has-text-align-center has-base-color has-text-color has-heading-font-family has-x-large-font-size wp-block-paragraph\" style=\"line-height:1.2\"> <em>\u201c<strong>Chaque famille, chaque jeune individu est un cas particulier !<\/strong>&nbsp;\u201d<\/em> <\/p>\n\n\n\n<div style=\"height:var(--wp--preset--spacing--10)\" aria-hidden=\"true\" class=\"wp-block-spacer\"><\/div>\n\n\n\n<pre class=\"wp-block-preformatted\"><\/pre>\n<\/div>\n<\/div>\n\n\n<ol class=\"wp-block-footnotes\"><li id=\"65ec0a29-6e8d-4e71-8fb3-4561cc2cf1c7\">Avis du Conseil d\u2019\u00c9tat (18.3.2008) N\u00b0 57585 Chambre des D\u00e9put\u00e9s Session ordinaire 2007-2008 &#8211; Projet de loi relative \u00e0 l\u2019obligation scolaire. <a href=\"#65ec0a29-6e8d-4e71-8fb3-4561cc2cf1c7-link\" aria-label=\"Aller \u00e0 la note de bas de page 1\">\u21a9\ufe0e<\/a><\/li><li id=\"8c0457df-c8f5-48eb-b8a4-38475eca5e93\">Avis du Conseil d\u2019\u00c9tat (23.12.2022) Chambre des D\u00e9put\u00e9s Session ordinaire 2022-2023 &#8211; Projet de loi relative \u00e0 l\u2019obligation scolaire n\u00b0 7977. <a href=\"#8c0457df-c8f5-48eb-b8a4-38475eca5e93-link\" aria-label=\"Aller \u00e0 la note de bas de page 2\">\u21a9\ufe0e<\/a><\/li><li id=\"66843c4d-6b37-4c37-a0e0-cec46c6eb899\"><a href=\"https:\/\/www.banquedesterritoires.fr\/le-senat-adopte-une-proposition-de-loi-dautonomisation-des-ecoles\">https:\/\/www.banquedesterritoires.fr\/le-senat-adopte-une-proposition-de-loi-dautonomisation-des-ecoles<\/a> <a href=\"#66843c4d-6b37-4c37-a0e0-cec46c6eb899-link\" aria-label=\"Aller \u00e0 la note de bas de page 3\">\u21a9\ufe0e<\/a><\/li><li id=\"a28a48cb-cc57-415b-96d4-a0f417fc4479\"><a href=\"http:\/\/www.fhree.org\/4-10-dys-sde\/\" rel=\"nofollow\">http:\/\/www.fhree.org\/4-10-dys-sde\/<\/a> <a href=\"#a28a48cb-cc57-415b-96d4-a0f417fc4479-link\" aria-label=\"Aller \u00e0 la note de bas de page 4\">\u21a9\ufe0e<\/a><\/li><li id=\"722601f1-1cfb-4c9d-8dac-792efb6a103b\">Au Royaume-Uni, ce site est tr\u00e8s bien document\u00e9 sur le sujet <a href=\"https:\/\/www.morethanascore.org.uk\/\" rel=\"nofollow\">https:\/\/www.morethanascore.org.uk\/<\/a> <a href=\"#722601f1-1cfb-4c9d-8dac-792efb6a103b-link\" aria-label=\"Aller \u00e0 la note de bas de page 5\">\u21a9\ufe0e<\/a><\/li><li id=\"38ce9288-dc54-4438-8fef-97489840c0c1\"><a href=\"https:\/\/www.hks.harvard.edu\/centers\/taubman\/programs-research\/pepg\/events\/emerging-school-models\" rel=\"nofollow\">https:\/\/www.hks.harvard.edu\/centers\/taubman\/programs-research\/pepg\/events\/emerging-school-models<\/a> <a href=\"#38ce9288-dc54-4438-8fef-97489840c0c1-link\" aria-label=\"Aller \u00e0 la note de bas de page 6\">\u21a9\ufe0e<\/a><\/li><li id=\"56e1bf16-0ac9-45b5-ad95-53c182af1e38\">Exemple ce r\u00e8glement grand-ducal en 2022\u00a0: <a href=\"https:\/\/legilux.public.lu\/eli\/etat\/leg\/rgd\/2022\/07\/08\/a353\/jo\" rel=\"nofollow\">https:\/\/legilux.public.lu\/eli\/etat\/leg\/rgd\/2022\/07\/08\/a353\/jo<\/a> <a href=\"#56e1bf16-0ac9-45b5-ad95-53c182af1e38-link\" aria-label=\"Aller \u00e0 la note de bas de page 7\">\u21a9\ufe0e<\/a><\/li><li id=\"6c93c546-01bd-49da-9e56-ff8f195a1541\">Ce qui est possible gratuitement sur la plateforme <a href=\"http:\/\/www.llo.lu\" rel=\"nofollow\">http:\/\/www.llo.lu<\/a> <a href=\"#6c93c546-01bd-49da-9e56-ff8f195a1541-link\" aria-label=\"Aller \u00e0 la note de bas de page 8\">\u21a9\ufe0e<\/a><\/li><li id=\"2b953240-3cb8-43a8-b1d7-40faf3a807a2\"><a href=\"https:\/\/guichet.public.lu\/fr\/entreprises\/sectoriel\/justice\/recours-administratifs.html\" rel=\"nofollow\">https:\/\/guichet.public.lu\/fr\/entreprises\/sectoriel\/justice\/recours-administratifs.html<\/a> <a href=\"#2b953240-3cb8-43a8-b1d7-40faf3a807a2-link\" aria-label=\"Aller \u00e0 la note de bas de page 9\">\u21a9\ufe0e<\/a><\/li><li id=\"34180f1e-42de-4656-b2e9-a21e56625e0d\"><a href=\"https:\/\/guichet.public.lu\/fr\/citoyens\/citoyennete\/voies-recours-reglement-litiges\/frais-avocat\/demander-assistance-judiciaire.html\">https:\/\/guichet.public.lu\/fr\/citoyens\/citoyennete\/voies-recours-reglement-litiges\/frais-avocat\/demander-assistance-judiciaire.html<\/a> si vous n\u2019\u00eates pas \u00e9ligible, pensez \u00e0 souscrire une assurance juridique aupr\u00e8s de votre assureur. <a href=\"#34180f1e-42de-4656-b2e9-a21e56625e0d-link\" aria-label=\"Aller \u00e0 la note de bas de page 10\">\u21a9\ufe0e<\/a><\/li><li id=\"ccf6b672-6f07-4c9e-966f-a02ba82e71a8\">Intervention de 5 minutes par le juge fran\u00e7ais Edouard Durand sur l&rsquo;int\u00e9r\u00eat sup\u00e9rieur de l&rsquo;enfant <a href=\"https:\/\/www.facebook.com\/ALLIasbl\/videos\/7069815169735929\">https:\/\/www.facebook.com\/ALLIasbl\/videos\/7069815169735929<\/a> <a href=\"#ccf6b672-6f07-4c9e-966f-a02ba82e71a8-link\" aria-label=\"Aller \u00e0 la note de bas de page 11\">\u21a9\ufe0e<\/a><\/li><\/ol>","protected":false},"excerpt":{"rendered":"<p>Les droits de l&rsquo;homme ont \u00e9t\u00e9 cr\u00e9\u00e9s pour prot\u00e9ger les individus de l&rsquo;arbitraire des gouvernements. Notons dans un tel contexte la d\u00e9claration suivante, tr\u00e8s \u00e0 propos, d\u2019autant plus que la [&hellip;]<\/p>\n","protected":false},"author":56883116,"featured_media":0,"parent":78,"menu_order":4,"comment_status":"closed","ping_status":"closed","template":"","meta":{"_coblocks_attr":"","_coblocks_dimensions":"","_coblocks_responsive_height":"","_coblocks_accordion_ie_support":"","_crdt_document":"","advanced_seo_description":"","jetpack_seo_html_title":"","jetpack_seo_noindex":false,"_price":"","_stock":"","_tribe_ticket_header":"","_tribe_default_ticket_provider":"","_tribe_ticket_capacity":"0","_ticket_start_date":"","_ticket_end_date":"","_tribe_ticket_show_description":"","_tribe_ticket_show_not_going":false,"_tribe_ticket_use_global_stock":"","_tribe_ticket_global_stock_level":"","_global_stock_mode":"","_global_stock_cap":"","_tribe_rsvp_for_event":"","_tribe_ticket_going_count":"","_tribe_ticket_not_going_count":"","_tribe_tickets_list":"[]","_tribe_ticket_has_attendee_info_fields":false,"_EventAllDay":false,"_EventTimezone":"","_EventStartDate":"","_EventEndDate":"","_EventStartDateUTC":"","_EventEndDateUTC":"","_EventShowMap":false,"_EventShowMapLink":false,"_EventURL":"","_EventCost":"","_EventCostDescription":"","_EventCurrencySymbol":"","_EventCurrencyCode":"","_EventCurrencyPosition":"","_EventDateTimeSeparator":"","_EventTimeRangeSeparator":"","_EventOrganizerID":[],"_EventVenueID":[],"_OrganizerEmail":"","_OrganizerPhone":"","_OrganizerWebsite":"","_VenueAddress":"","_VenueCity":"","_VenueCountry":"","_VenueProvince":"","_VenueState":"","_VenueZip":"","_VenuePhone":"","_VenueURL":"","_VenueStateProvince":"","_VenueLat":"","_VenueLng":"","_VenueShowMap":false,"_VenueShowMapLink":false,"footnotes":"[{\"id\":\"65ec0a29-6e8d-4e71-8fb3-4561cc2cf1c7\",\"content\":\"Avis du Conseil d\\u2019\\u00c9tat (18.3.2008) N\\u00b0 57585 Chambre des D\\u00e9put\\u00e9s Session ordinaire 2007-2008 - Projet de loi relative \\u00e0 l\\u2019obligation scolaire.\"},{\"id\":\"8c0457df-c8f5-48eb-b8a4-38475eca5e93\",\"content\":\"Avis du Conseil d\\u2019\\u00c9tat (23.12.2022) Chambre des D\\u00e9put\\u00e9s Session ordinaire 2022-2023 - Projet de loi relative \\u00e0 l\\u2019obligation scolaire n\\u00b0 7977.\"},{\"id\":\"66843c4d-6b37-4c37-a0e0-cec46c6eb899\",\"content\":\"<a href=\\\"https:\\\/\\\/www.banquedesterritoires.fr\\\/le-senat-adopte-une-proposition-de-loi-dautonomisation-des-ecoles\\\">https:\\\/\\\/www.banquedesterritoires.fr\\\/le-senat-adopte-une-proposition-de-loi-dautonomisation-des-ecoles<\\\/a>\"},{\"id\":\"a28a48cb-cc57-415b-96d4-a0f417fc4479\",\"content\":\"http:\\\/\\\/www.fhree.org\\\/4-10-dys-sde\\\/\"},{\"id\":\"722601f1-1cfb-4c9d-8dac-792efb6a103b\",\"content\":\"Au Royaume-Uni, ce site est tr\\u00e8s bien document\\u00e9 sur le sujet https:\\\/\\\/www.morethanascore.org.uk\\\/\"},{\"id\":\"38ce9288-dc54-4438-8fef-97489840c0c1\",\"content\":\"https:\\\/\\\/www.hks.harvard.edu\\\/centers\\\/taubman\\\/programs-research\\\/pepg\\\/events\\\/emerging-school-models\"},{\"id\":\"56e1bf16-0ac9-45b5-ad95-53c182af1e38\",\"content\":\"Exemple ce r\\u00e8glement grand-ducal en 2022\\u00a0: https:\\\/\\\/legilux.public.lu\\\/eli\\\/etat\\\/leg\\\/rgd\\\/2022\\\/07\\\/08\\\/a353\\\/jo\"},{\"id\":\"6c93c546-01bd-49da-9e56-ff8f195a1541\",\"content\":\"Ce qui est possible gratuitement sur la plateforme www.llo.lu\"},{\"id\":\"2b953240-3cb8-43a8-b1d7-40faf3a807a2\",\"content\":\"https:\\\/\\\/guichet.public.lu\\\/fr\\\/entreprises\\\/sectoriel\\\/justice\\\/recours-administratifs.html\"},{\"id\":\"34180f1e-42de-4656-b2e9-a21e56625e0d\",\"content\":\"<a href=\\\"https:\\\/\\\/guichet.public.lu\\\/fr\\\/citoyens\\\/citoyennete\\\/voies-recours-reglement-litiges\\\/frais-avocat\\\/demander-assistance-judiciaire.html\\\">https:\\\/\\\/guichet.public.lu\\\/fr\\\/citoyens\\\/citoyennete\\\/voies-recours-reglement-litiges\\\/frais-avocat\\\/demander-assistance-judiciaire.html<\\\/a> si vous n\\u2019\\u00eates pas \\u00e9ligible, pensez \\u00e0 souscrire une assurance juridique aupr\\u00e8s de votre assureur.\"},{\"id\":\"ccf6b672-6f07-4c9e-966f-a02ba82e71a8\",\"content\":\"Intervention de 5 minutes par le juge fran\\u00e7ais Edouard Durand sur l'int\\u00e9r\\u00eat sup\\u00e9rieur de l'enfant <a href=\\\"https:\\\/\\\/www.facebook.com\\\/ALLIasbl\\\/videos\\\/7069815169735929\\\">https:\\\/\\\/www.facebook.com\\\/ALLIasbl\\\/videos\\\/7069815169735929<\\\/a>\"}]","_tec_slr_enabled":"","_tec_slr_layout":""},"class_list":["post-212","page","type-page","status-publish","hentry"],"jetpack_likes_enabled":true,"jetpack_sharing_enabled":true,"jetpack_shortlink":"https:\/\/wp.me\/P9ETog-3q","jetpack-related-posts":[{"id":198,"url":"https:\/\/alliasbl.lu\/fr\/enseignement-a-domicile\/que-signifie-obligation-scolaire\/","url_meta":{"origin":212,"position":0},"title":"Que signifie \u00ab\u00a0obligation scolaire\u00a0\u00bb\u00a0?","author":"Ulysse Chabredier","date":"30 novembre, 2023","format":false,"excerpt":"Le terme \u00ab\u00a0obligation scolaire\u00a0\u00bb est apparu dans le contexte des d\u00e9bats men\u00e9s lors de la r\u00e9daction de la D\u00e9claration universelle des droits de l\u2019homme (DUDH), en r\u00e9action aux atrocit\u00e9s exerc\u00e9es durant la seconde guerre mondiale. En la signant en 1948, les \u00c9tats membres s\u2019engageaient \u00e0 promouvoir le respect universel et\u2026","rel":"","context":"Article similaire","block_context":{"text":"Article similaire","link":""},"img":{"alt_text":"","src":"https:\/\/i0.wp.com\/alliasbl.lu\/wp-content\/uploads\/2023\/11\/pexels-julia-m-cameron-4145347-edited.jpg?resize=350%2C200&ssl=1","width":350,"height":200,"srcset":"https:\/\/i0.wp.com\/alliasbl.lu\/wp-content\/uploads\/2023\/11\/pexels-julia-m-cameron-4145347-edited.jpg?resize=350%2C200&ssl=1 1x, https:\/\/i0.wp.com\/alliasbl.lu\/wp-content\/uploads\/2023\/11\/pexels-julia-m-cameron-4145347-edited.jpg?resize=525%2C300&ssl=1 1.5x, https:\/\/i0.wp.com\/alliasbl.lu\/wp-content\/uploads\/2023\/11\/pexels-julia-m-cameron-4145347-edited.jpg?resize=700%2C400&ssl=1 2x, https:\/\/i0.wp.com\/alliasbl.lu\/wp-content\/uploads\/2023\/11\/pexels-julia-m-cameron-4145347-edited.jpg?resize=1050%2C600&ssl=1 3x, https:\/\/i0.wp.com\/alliasbl.lu\/wp-content\/uploads\/2023\/11\/pexels-julia-m-cameron-4145347-edited.jpg?resize=1400%2C800&ssl=1 4x"},"classes":[]},{"id":1351,"url":"https:\/\/alliasbl.lu\/fr\/projet-2\/","url_meta":{"origin":212,"position":1},"title":"Projets","author":"alliasbl","date":"23 d\u00e9cembre, 2025","format":false,"excerpt":"FutureEd \u2013 Une \u00e9ducation centr\u00e9e sur les droits FutureEd est un projet Erasmus+ qui place les droits humains au c\u0153ur de l\u2019\u00e9ducation. Il accompagne \u00e9coles, jeunes et communaut\u00e9s d\u2019apprentissage pour promouvoir la dignit\u00e9, la participation et la responsabilit\u00e9, fondements de soci\u00e9t\u00e9s d\u00e9mocratiques et durables. Avec une approche collaborative, FutureEd cr\u00e9e\u2026","rel":"","context":"Article similaire","block_context":{"text":"Article similaire","link":""},"img":{"alt_text":"","src":"https:\/\/i0.wp.com\/alliasbl.lu\/wp-content\/uploads\/2025\/12\/Capture-decran-2025-10-24-a-21.52.37-1.png?resize=350%2C200&ssl=1","width":350,"height":200,"srcset":"https:\/\/i0.wp.com\/alliasbl.lu\/wp-content\/uploads\/2025\/12\/Capture-decran-2025-10-24-a-21.52.37-1.png?resize=350%2C200&ssl=1 1x, https:\/\/i0.wp.com\/alliasbl.lu\/wp-content\/uploads\/2025\/12\/Capture-decran-2025-10-24-a-21.52.37-1.png?resize=525%2C300&ssl=1 1.5x, https:\/\/i0.wp.com\/alliasbl.lu\/wp-content\/uploads\/2025\/12\/Capture-decran-2025-10-24-a-21.52.37-1.png?resize=700%2C400&ssl=1 2x"},"classes":[]},{"id":202,"url":"https:\/\/alliasbl.lu\/fr\/enseignement-a-domicile\/connaitre-vos-droits\/","url_meta":{"origin":212,"position":2},"title":"Conna\u00eetre vos droits","author":"Ulysse Chabredier","date":"30 novembre, 2023","format":false,"excerpt":"Actuellement, alors que les gouvernements nationaux sont cens\u00e9s assurer, sans d\u00e9lai l'enseignement gratuit et obligatoire pour tous, le droit des parents \u00e0 choisir le mode d\u2019instruction de leur enfant est selon l\u2019ONU \"viol\u00e9, \u00e0 un degr\u00e9 plus ou moins grand, dans tous les pays du monde\". Cette non reconnaissance de\u2026","rel":"","context":"Article similaire","block_context":{"text":"Article similaire","link":""},"img":{"alt_text":"","src":"https:\/\/i0.wp.com\/alliasbl.lu\/wp-content\/uploads\/2023\/12\/capture-decran-2023-12-30-a-10.36.56.png?resize=350%2C200&ssl=1","width":350,"height":200,"srcset":"https:\/\/i0.wp.com\/alliasbl.lu\/wp-content\/uploads\/2023\/12\/capture-decran-2023-12-30-a-10.36.56.png?resize=350%2C200&ssl=1 1x, https:\/\/i0.wp.com\/alliasbl.lu\/wp-content\/uploads\/2023\/12\/capture-decran-2023-12-30-a-10.36.56.png?resize=525%2C300&ssl=1 1.5x, https:\/\/i0.wp.com\/alliasbl.lu\/wp-content\/uploads\/2023\/12\/capture-decran-2023-12-30-a-10.36.56.png?resize=700%2C400&ssl=1 2x"},"classes":[]},{"id":168,"url":"https:\/\/alliasbl.lu\/fr\/enseignement-a-domicile\/faq\/","url_meta":{"origin":212,"position":3},"title":"FAQ","author":"Ulysse Chabredier","date":"30 novembre, 2023","format":false,"excerpt":"Foire aux questions Peut-on d\u00e9scolariser en cours d\u2019ann\u00e9e\u00a0? Comme le stipule la loi du 29.08.1953 approuvant la Convention de Paris du 20 mars 1952, l\u2019\u00c9tat, dans l\u2019exercice des fonctions qu\u2019il assumera dans le domaine de l\u2019\u00e9ducation et de l\u2019enseignement, respectera le droit des parents d\u2019assurer cette \u00e9ducation et cet enseignement\u2026","rel":"","context":"Article similaire","block_context":{"text":"Article similaire","link":""},"img":{"alt_text":"","src":"https:\/\/i0.wp.com\/alliasbl.lu\/wp-content\/uploads\/2023\/11\/formulaire-faq.png?resize=350%2C200&ssl=1","width":350,"height":200,"srcset":"https:\/\/i0.wp.com\/alliasbl.lu\/wp-content\/uploads\/2023\/11\/formulaire-faq.png?resize=350%2C200&ssl=1 1x, https:\/\/i0.wp.com\/alliasbl.lu\/wp-content\/uploads\/2023\/11\/formulaire-faq.png?resize=525%2C300&ssl=1 1.5x, https:\/\/i0.wp.com\/alliasbl.lu\/wp-content\/uploads\/2023\/11\/formulaire-faq.png?resize=700%2C400&ssl=1 2x, https:\/\/i0.wp.com\/alliasbl.lu\/wp-content\/uploads\/2023\/11\/formulaire-faq.png?resize=1050%2C600&ssl=1 3x"},"classes":[]},{"id":1053,"url":"https:\/\/alliasbl.lu\/fr\/publications\/","url_meta":{"origin":212,"position":4},"title":"Publications","author":"alliasbl","date":"26 mai, 2025","format":false,"excerpt":"Le contenu pr\u00e9sente une s\u00e9rie de contributions et d'avis li\u00e9s \u00e0 l'\u00e9ducation, la libert\u00e9 acad\u00e9mique et les droits de l'enfant, abordant des th\u00e8mes tels que la culture, l'auto-\u00e9ducation et les implications l\u00e9gales. Plusieurs documents et rapports annuels sont \u00e9galement mentionn\u00e9s, d\u00e9veloppant une r\u00e9flexion critique sur l'\u00e9ducation moderne.","rel":"","context":"Article similaire","block_context":{"text":"Article similaire","link":""},"img":{"alt_text":"","src":"https:\/\/i0.wp.com\/alliasbl.lu\/wp-content\/uploads\/2025\/05\/image-7.png?resize=350%2C200&ssl=1","width":350,"height":200,"srcset":"https:\/\/i0.wp.com\/alliasbl.lu\/wp-content\/uploads\/2025\/05\/image-7.png?resize=350%2C200&ssl=1 1x, https:\/\/i0.wp.com\/alliasbl.lu\/wp-content\/uploads\/2025\/05\/image-7.png?resize=525%2C300&ssl=1 1.5x"},"classes":[]},{"id":78,"url":"https:\/\/alliasbl.lu\/fr\/enseignement-a-domicile\/","url_meta":{"origin":212,"position":5},"title":"Enseignement \u00e0 domicile","author":"Ulysse Chabredier","date":"30 novembre, 2023","format":false,"excerpt":"Pourquoi apprendre hors \u00e9cole\u00a0? D\u00e9couvrir Que signifie \"obligation scolaire\" ? D\u00e9couvrir Connaitre vos droits D\u00e9couvrir En pratique \u2026 D\u00e9couvrir Foire Aux Questions D\u00e9couvrir","rel":"","context":"Article similaire","block_context":{"text":"Article similaire","link":""},"img":{"alt_text":"","src":"","width":0,"height":0},"classes":[]}],"ticketed":false,"_links":{"self":[{"href":"https:\/\/alliasbl.lu\/fr\/wp-json\/wp\/v2\/pages\/212","targetHints":{"allow":["GET"]}}],"collection":[{"href":"https:\/\/alliasbl.lu\/fr\/wp-json\/wp\/v2\/pages"}],"about":[{"href":"https:\/\/alliasbl.lu\/fr\/wp-json\/wp\/v2\/types\/page"}],"author":[{"embeddable":true,"href":"https:\/\/alliasbl.lu\/fr\/wp-json\/wp\/v2\/users\/56883116"}],"replies":[{"embeddable":true,"href":"https:\/\/alliasbl.lu\/fr\/wp-json\/wp\/v2\/comments?post=212"}],"version-history":[{"count":38,"href":"https:\/\/alliasbl.lu\/fr\/wp-json\/wp\/v2\/pages\/212\/revisions"}],"predecessor-version":[{"id":625,"href":"https:\/\/alliasbl.lu\/fr\/wp-json\/wp\/v2\/pages\/212\/revisions\/625"}],"up":[{"embeddable":true,"href":"https:\/\/alliasbl.lu\/fr\/wp-json\/wp\/v2\/pages\/78"}],"wp:attachment":[{"href":"https:\/\/alliasbl.lu\/fr\/wp-json\/wp\/v2\/media?parent=212"}],"curies":[{"name":"wp","href":"https:\/\/api.w.org\/{rel}","templated":true}]}}