{"id":168,"date":"2023-11-30T17:08:09","date_gmt":"2023-11-30T17:08:09","guid":{"rendered":"https:\/\/alliasbl.lu\/?page_id=168"},"modified":"2025-03-26T17:39:19","modified_gmt":"2025-03-26T17:39:19","slug":"faq","status":"publish","type":"page","link":"https:\/\/alliasbl.lu\/fr\/enseignement-a-domicile\/faq\/","title":{"rendered":"FAQ"},"content":{"rendered":"\n<div class=\"wp-block-group alignfull has-global-padding is-layout-constrained wp-container-core-group-is-layout-36f65c2d wp-block-group-is-layout-constrained\" style=\"margin-top:0;margin-bottom:0;padding-top:var(--wp--preset--spacing--50);padding-right:var(--wp--preset--spacing--50);padding-bottom:var(--wp--preset--spacing--50);padding-left:var(--wp--preset--spacing--50)\">\n<div class=\"wp-block-group alignwide has-base-2-background-color has-background is-layout-flow wp-block-group-is-layout-flow\" style=\"border-radius:16px;padding-top:var(--wp--preset--spacing--50);padding-right:var(--wp--preset--spacing--50);padding-bottom:var(--wp--preset--spacing--50);padding-left:var(--wp--preset--spacing--50)\">\n<p class=\"has-text-align-center wp-block-paragraph\"><\/p>\n\n\n\n<div style=\"height:var(--wp--preset--spacing--10)\" aria-hidden=\"true\" class=\"wp-block-spacer\"><\/div>\n\n\n\n<div class=\"wp-block-group alignwide is-content-justification-center is-layout-flex wp-container-core-group-is-layout-94904b0f wp-block-group-is-layout-flex\" style=\"padding-top:0;padding-right:0;padding-bottom:0;padding-left:0\">\n\n\n\n\n\n\n\n<\/div>\n<\/div>\n<\/div>\n\n\n\n<div class=\"wp-block-group alignfull has-base-color has-contrast-3-background-color has-text-color has-background has-link-color wp-elements-7dde6e58c567e0a83fabced6c4b38742 has-global-padding is-layout-constrained wp-container-core-group-is-layout-36f65c2d wp-block-group-is-layout-constrained\" style=\"margin-top:0;margin-bottom:0;padding-top:var(--wp--preset--spacing--50);padding-right:var(--wp--preset--spacing--50);padding-bottom:var(--wp--preset--spacing--50);padding-left:var(--wp--preset--spacing--50)\">\n<h2 class=\"wp-block-heading alignwide has-base-color has-text-color has-link-color wp-elements-563b84dfdd892c34514f89e122fc6f67\" style=\"font-size:clamp(2.545rem, 2.545rem + ((1vw - 0.2rem) * 3.758), 4.8rem);letter-spacing:-0.02em\">Foire aux questions<\/h2>\n\n\n\n<div class=\"wp-block-group alignwide is-layout-flow wp-block-group-is-layout-flow\">\n<hr class=\"wp-block-separator has-text-color has-base-color has-alpha-channel-opacity has-base-background-color has-background is-style-wide\"\/>\n\n\n\n<details class=\"wp-block-details is-style-arrow-icon-details has-medium-font-size is-layout-flow wp-block-details-is-layout-flow\" style=\"border-top-style:none;border-top-width:0px;border-right-style:none;border-right-width:0px;border-bottom-color:var(--wp--preset--color--base);border-bottom-style:solid;border-bottom-width:1px;border-left-style:none;border-left-width:0px;margin-top:0\"><summary>Peut-on d\u00e9scolariser en cours d\u2019ann\u00e9e&nbsp;?<\/summary>\n<p class=\"wp-block-paragraph\">Comme le stipule la loi du 29.08.1953 approuvant la Convention de Paris du 20 mars 1952, <em>l\u2019\u00c9tat, dans l\u2019exercice des fonctions qu\u2019il assumera dans le domaine de l\u2019\u00e9ducation et de l\u2019enseignement, respectera le droit des parents d\u2019assurer cette \u00e9ducation et cet enseignement conform\u00e9ment \u00e0 leurs convictions religieuses et philosophiques.<\/em><\/p>\n\n\n\n<p class=\"wp-block-paragraph\">La loi sus mentionn\u00e9e sous-entend que les enfants qui y sont soumis ne doivent pas forc\u00e9ment int\u00e9grer un \u00e9tablissement d\u2019instruction public. Nous n\u2019avons rien trouv\u00e9 dans la loi stipulant qu\u2019une d\u00e9scolarisation en cours d\u2019ann\u00e9e ne serait pas permise et ce serait en contradiction avec ce droit \u00e0 la d\u00e9scolarisation et les droits fondamentaux.<\/p>\n\n\n\n<p class=\"wp-block-paragraph\">Nous connaissons des familles ayant d\u00e9scolaris\u00e9 en cours d\u2019ann\u00e9e. En pratique toutefois, lorsque la demande est faite en cours d\u2019ann\u00e9e, il est arriv\u00e9 que certains directeurs aient parfois tard\u00e9 \u00e0 donner leur autorisation, donc si c\u2019est possible, il est pr\u00e9f\u00e9rable de s\u2019y prendre \u00e0 l\u2019avance, voire d\u2019insister pour que l\u2019autorisation soit donn\u00e9e dans les meilleurs d\u00e9lais.<br><br>* Le terme enfant est utilis\u00e9 ici au sens juridique de \u00ab\u00a0mineur\u00a0\u00bb<\/p>\n<\/details>\n\n\n\n<details class=\"wp-block-details is-style-arrow-icon-details has-medium-font-size is-layout-flow wp-block-details-is-layout-flow\" style=\"border-top-style:none;border-top-width:0px;border-right-style:none;border-right-width:0px;border-bottom-color:var(--wp--preset--color--base);border-bottom-style:solid;border-bottom-width:1px;border-left-style:none;border-left-width:0px;margin-top:0\"><summary>Un directeur peut-il refuser de donner l\u2019autorisation&nbsp;?<\/summary>\n<p class=\"wp-block-paragraph\">Un directeur ne peut, arbitrairement, refuser de donner son autorisation. Il doit avoir un s\u00e9rieux motif pour le faire, par exemple que ce ne soit pas dans l\u2019int\u00e9r\u00eat sup\u00e9rieur de&nbsp;l\u2019enfant, que l\u2019environnement p\u00e9dagogique propos\u00e9 par les parents soit d\u00e9faillant ou n\u00e9gligeant. Le cas \u00e9ch\u00e9ant, il y aurait des recours possibles.<\/p>\n\n\n\n<p class=\"wp-block-paragraph\">Comme \u00e9voqu\u00e9 au chapitre 4, cela arrive rarement et lorsque c\u2019est le cas, c\u2019est un v\u00e9ritable parcours du combattant sur la dur\u00e9e qui demande \u00e9norm\u00e9ment de r\u00e9silience. Il vaut mieux \u00e9viter autant que possible d\u2019arriver \u00e0 ce genre de situation. Il arrive qu\u2019un directorat refuse de renouveler une autorisation, lorsqu\u2019il estime que les socles du plan d\u2019\u00e9tudes n\u2019ont pas \u00e9t\u00e9 atteints (voir nos commentaires aux points c, d et e \u00e0 ce sujet).<br><br>* Le terme enfant est utilis\u00e9 ici au sens juridique de \u00ab\u00a0mineur\u00a0\u00bb<\/p>\n<\/details>\n\n\n\n<details class=\"wp-block-details is-style-arrow-icon-details has-medium-font-size is-layout-flow wp-block-details-is-layout-flow\" style=\"border-top-style:none;border-top-width:0px;border-right-style:none;border-right-width:0px;border-bottom-color:var(--wp--preset--color--base);border-bottom-style:solid;border-bottom-width:1px;border-left-style:none;border-left-width:0px;margin-top:0\"><summary>O\u00f9 trouve-t-on le plan d\u2019\u00e9tudes&nbsp;au fondamental&nbsp;?<\/summary>\n<p class=\"wp-block-paragraph\">Le Luxembourg a ratifi\u00e9 le Pacte international relatif aux droits \u00e9conomiques, sociaux et culturels (PIDESC). Il traite du droit \u00e0 l\u2019\u00e9ducation dans son article 13<a href=\"#_ftn1\" id=\"_ftnref1\">[1]<\/a>. L\u2019enseignement primaire doit \u00eatre universel et tenir compte de la culture et des besoins de la communaut\u00e9.<\/p>\n\n\n\n<p class=\"wp-block-paragraph\">Un r\u00e8glement grand-ducal du 11 ao\u00fbt 2011 fixe le plan d\u2019\u00e9tudes pour les quatre cycles de l\u2019enseignement fondamental. Le plan d\u2019\u00e9tudes au fondamental est consultable \u00e0 partir du lien suivant en fran\u00e7ais&nbsp;:<br><br><a href=\"https:\/\/men.public.lu\/dam-assets\/catalogue-publications\/courriers-de-leducation-nationale\/numeros-speciaux\/plan-etudes-ecoles-fondamentale.pdf\">https:\/\/men.public.lu\/dam-assets\/catalogue-publications\/courriers-de-leducation-nationale\/numeros-speciaux\/plan-etudes-ecoles-fondamentale.pdf<\/a><br><br>Il existait une version allemande, anglaise et portugaise qui sont peut-\u00eatre encore disponibles sur demande au minist\u00e8re de l\u2019\u00e9ducation ou aupr\u00e8s des directorats.<a href=\"#_ftn2\" id=\"_ftnref2\">[2]<\/a><br><br><\/p>\n\n\n\n<p class=\"wp-block-paragraph\">Le plan d\u2019\u00e9tudes est un r\u00e9f\u00e9rentiel visant \u00e0 enseigner des \u00ab&nbsp;besoins \u00e9ducatifs fondamentaux&nbsp;\u00bb pour vivre dans notre soci\u00e9t\u00e9, notamment lire, \u00e9crire, calculer, l\u2019apprentissage des langues et une culture g\u00e9n\u00e9rale de base. Le plan d\u2019\u00e9tudes luxembourgeois actuel n\u2019est plus adapt\u00e9 aux besoins de la soci\u00e9t\u00e9 et va \u00eatre modifi\u00e9.<\/p>\n\n\n\n<p class=\"wp-block-paragraph\">Un nouveau plan d\u2019\u00e9tudes<a href=\"#_ftn3\" id=\"_ftnref3\">[3]<\/a> pour l\u2019enseignement fondamental est en cours d\u2019\u00e9laboration et reposera sur quatre piliers th\u00e9matiques&nbsp;:<\/p>\n\n\n\n<ul class=\"wp-block-list\">\n<li>le bien-\u00eatre des \u00e9l\u00e8ves (alimentation, mouvement, motricit\u00e9, \u00e9ducation affective et sexuelle, r\u00e9silience, consommation num\u00e9rique)&nbsp;;<\/li>\n\n\n\n<li>la participation (responsabilit\u00e9, engagement, donner une voix aux \u00e9l\u00e8ves, contribuer \u00e0 la transformation de la soci\u00e9t\u00e9 dans une perspective de durabilit\u00e9)&nbsp;;<\/li>\n\n\n\n<li>le multilinguisme (alphab\u00e9tisation en allemand ou en fran\u00e7ais, clarification du r\u00f4le des langues v\u00e9hiculaires) et<\/li>\n\n\n\n<li>la digitalit\u00e9 (\u00e9ducation aux et par les m\u00e9dias, comp\u00e9tences informationnelles et communicatives, pens\u00e9e critique, cr\u00e9ativit\u00e9 et r\u00e9solution de probl\u00e8mes (par exemple coding), protection des donn\u00e9es et cybers\u00e9curit\u00e9 dans le monde num\u00e9rique).<\/li>\n<\/ul>\n\n\n\n<p class=\"wp-block-paragraph\">L\u2019article 2 \u00a718 de la loi du 6 f\u00e9vrier 2009 stipule que la ma\u00eetrise des socles de comp\u00e9tences repris dans le r\u00e9f\u00e9rentiel du plan d\u2019\u00e9tudes au fondamental est attendue \u00e0 la fin de chaque cycle. Cette exigence de ma\u00eetrise ne s\u2019applique pas aux \u00e9l\u00e8ves \u00e0 besoins sp\u00e9cifiques (Art. 2 \u00a716).<\/p>\n\n\n\n<p class=\"wp-block-paragraph\">L\u2019article 6 de cette m\u00eame loi stipule que l&rsquo;enseignement fondamental vise \u00e0 d\u00e9velopper progressivement aupr\u00e8s des \u00e9l\u00e8ves les comp\u00e9tences du socle.<\/p>\n\n\n\n<p class=\"wp-block-paragraph\">Les dispositions de cet article s&rsquo;appliquent \u00e9galement \u00e0 l&rsquo;enseignement \u00e0 domicile et \u00e0 l&rsquo;enseignement priv\u00e9.<\/p>\n\n\n\n<p class=\"wp-block-paragraph\">L\u2019\u00c9tat se d\u00e9charge ainsi d\u2019une obligation de r\u00e9sultat relatif aux acquisitions de comp\u00e9tences, qu\u2019il est du reste illusoire de vouloir garantir et donc il serait discriminatoire d\u2019exiger une obligation de r\u00e9sultat de la part des familles instruisant hors \u00e9cole. Le cas \u00e9ch\u00e9ant, il y aurait discrimination en violation de l\u2019article 14 de la D\u00e9claration universelle des droits de l\u2019homme.<\/p>\n\n\n\n<p class=\"wp-block-paragraph\">Dans son rapport global de 2006<a href=\"#_ftn4\" id=\"_ftnref4\">[4]<\/a> la Rapporteuse sp\u00e9ciale de l\u2019ONU <a href=\"http:\/\/katarinatomasevski.com\/\" target=\"_blank\" rel=\"noreferrer noopener\">Katarina Toma\u0161evski<\/a>, soulignait que les gouvernements ont des comptes \u00e0 rendre sur les violations des droits de l&rsquo;homme. Elle constatait que les pays riches d\u00e9finissent les crit\u00e8res et \u00e9valuent les performances des pauvres, mais s&rsquo;exemptent de tout suivi de leurs propres performances.<\/p>\n\n\n\n<p class=\"wp-block-paragraph\"><strong>Le saviez-vous<\/strong><strong>&nbsp;<\/strong><strong>?<\/strong>&nbsp;: \u00ab&nbsp;91,3 % voire 98,7% des jeunes de 15 ans ayant \u00e9t\u00e9 scolaris\u00e9s dans les pays de l\u2019OCDE ne sont pas capables de lire des textes courts et simples avec un peu de sens critique\u00bb. C\u2019est ce que nous r\u00e9v\u00e8le l\u2019\u00e9tude PISA. Et il n\u2019est question ici que de lire, pas d\u2019\u00e9crire. De fait, environ 2\/3 des \u00e9l\u00e8ves ma\u00eetrisent le niveau 2 de lecture du test Pisa et sont d\u00e9j\u00e0 d\u00e9pass\u00e9s par l\u2019intelligence artificielle&nbsp;!<\/p>\n\n\n\n<p class=\"wp-block-paragraph\">Or les \u00c9tats ayant adh\u00e9r\u00e9 au PIDESC comme le Luxembourg qui l\u2019a ratifi\u00e9, sont dans l\u2019obligation de mettre en place et de maintenir un syst\u00e8me transparent et <strong>efficace<\/strong> pour s\u2019assurer que l\u2019\u00e9ducation puisse contribuer au plein \u00e9panouissement de la personnalit\u00e9 humaine<em>.<\/em><\/p>\n\n\n\n<p class=\"wp-block-paragraph\">L\u2019obligation de respecter le droit \u00e0 l\u2019\u00e9ducation requiert des \u00c9tats parties qu\u2019ils \u00e9vitent de prendre des mesures susceptibles d\u2019en entraver ou d\u2019en emp\u00eacher l\u2019exercice, notamment en cherchant \u00e0 imposer des m\u00e9thodes didactiques n\u2019ayant pas fait leurs preuves et en ne soutenant pas les voies alternatives. Les gouvernements ne respectant pas les droits humains sont de mauvais \u00e9ducateurs. L\u2019\u00e9ducation doit nous apprendre que la r\u00e9bellion contre toute forme d\u2019oppression est un droit inn\u00e9.<\/p>\n\n\n\n<hr class=\"wp-block-separator has-alpha-channel-opacity\"\/>\n\n\n\n<p class=\"wp-block-paragraph\"><a href=\"#_ftnref1\" id=\"_ftn1\">[1]<\/a> L\u2019\u00e9ducation est un droit fondamental et une des clefs n\u00e9cessaires \u00e0 l\u2019exercice des droits inh\u00e9rents \u00e0 la personne humaine. C\u2019est le principal outil permettant \u00e0 des adultes et \u00e0 des jeune<em>s<\/em> \u00e9conomiquement et socialement marginalis\u00e9s de sortir de la pauvret\u00e9 et de se procurer les moyens de participer pleinement \u00e0 la vie de leur communaut\u00e9.<\/p>\n\n\n\n<p class=\"wp-block-paragraph\"><a href=\"#_ftnref2\" id=\"_ftn2\">[2]<\/a> Sur ce lien vous trouverez \u00e0 titre d\u2019exemple \u00e9galement le plan d\u2019\u00e9tudes de l\u2019\u00e9cole europ\u00e9enne en plusieurs langues:<br><a href=\"https:\/\/www.eursc.eu\/fr\/European-Schools\/studies\/syllabuses2023\">https:\/\/www.eursc.eu\/fr\/European-Schools\/studies\/syllabuses2023<\/a><\/p>\n\n\n\n<p class=\"wp-block-paragraph\"><a href=\"#_ftnref3\" id=\"_ftn3\">[3]<\/a> Source&nbsp;: <a href=\"https:\/\/men.public.lu\/fr\/actualites\/communiques-conference-presse\/2023\/10\/04-plan-etudes-ef.html\">https:\/\/men.public.lu\/fr\/actualites\/communiques-conference-presse\/2023\/10\/04-plan-etudes-ef.html<\/a><\/p>\n\n\n\n<p class=\"wp-block-paragraph\"><a href=\"#_ftnref4\" id=\"_ftn4\">[4]<\/a> <a href=\"http:\/\/katarinatomasevski.com\/images\/Global_Report.pdf\">http:\/\/katarinatomasevski.com\/images\/Global_Report.pdf<\/a> Introduction p. XXV<\/p>\n<\/details>\n\n\n\n<details class=\"wp-block-details is-style-arrow-icon-details has-medium-font-size is-layout-flow wp-block-details-is-layout-flow\" style=\"border-top-style:none;border-top-width:0px;border-right-style:none;border-right-width:0px;border-bottom-color:var(--wp--preset--color--base);border-bottom-style:solid;border-bottom-width:1px;border-left-style:none;border-left-width:0px;margin-top:0\"><summary>Que faire quand une \u00e9valuation est jug\u00e9e insuffisante&nbsp;?<\/summary>\n<p class=\"wp-block-paragraph\">Les apprentissages ne sont pas lin\u00e9aires et les agents de l\u2019\u00c9tat n\u2019ont pas pour mission de v\u00e9rifier que les apprentissages sont acquis, mais de veiller \u00e0 ce que l\u2019environnement \u00e9ducatif n\u2019entrave pas les acquisitions de ces apprentissages.<\/p>\n\n\n\n<p class=\"wp-block-paragraph\">En ratifiant le Pacte international relatif aux droits \u00e9conomiques, sociaux et culturels (PIDESC), l\u2019\u00c9tat luxembourgeois est tenu de garantir le libre choix de l\u2019\u00e9ducation, sans ing\u00e9rence de l\u2019\u00c9tat ou de tiers, sous r\u00e9serve qu\u2019elle soit conforme aux \u00ab normes minimales qui peuvent \u00eatre prescrites ou approuv\u00e9es par l\u2019 \u00c9tat en mati\u00e8re d\u2019\u00e9ducation \u00bb (art. 13, par. 3 et 4). Or, l\u2019efficacit\u00e9 de ces normes n\u2019est jamais v\u00e9ritablement remise en question.<\/p>\n\n\n\n<p class=\"wp-block-paragraph\">La plupart du temps les \u00e9valuations et tests sont r\u00e9alis\u00e9s sur des crit\u00e8res dogmatiques purement scolaires et donc \u00e0 ce titre contestables. En effet, ils ne sont pas forc\u00e9ment adapt\u00e9s \u00e0 l\u2019approche p\u00e9dagogique des familles et omettent souvent de valoriser l\u2019acquisition de comp\u00e9tences non r\u00e9f\u00e9renc\u00e9es dans le plan d\u2019\u00e9tudes et pourtant conforme aux objectifs de l\u2019\u00e9ducation.<\/p>\n\n\n\n<p class=\"wp-block-paragraph\">Les familles doivent apprendre \u00e0 valoriser les progr\u00e8s r\u00e9alis\u00e9s et pr\u00e9senter leurs pratiques de mani\u00e8re \u00e0 rassurer les directorats les plus conservateurs.<\/p>\n\n\n\n<p class=\"wp-block-paragraph\">Malgr\u00e9 cela, les agents de l\u2019\u00c9tat restent \u00e0 la fois juges et partis et les familles se retrouvent parfois face \u00e0 ce qu\u2019Edgar Morin pourrait appeler le totalitarisme d\u2019un parti unique.<\/p>\n\n\n\n<p class=\"wp-block-paragraph\">Ainsi, bien que les choix \u00e9ducatifs des parents soient prioritaires sur ceux de l&rsquo;\u00c9tat, ils sont parfois balay\u00e9s d&rsquo;un revers de la main dans la banalit\u00e9 d\u2019un arbitraire qui fr\u00f4le l\u2019obscurantisme. \u00c0 des questions pr\u00e9cises sur la justesse des m\u00e9thodes d\u2019\u00e9valuation pratiqu\u00e9es, le minist\u00e8re de l\u2019\u00e9ducation ne r\u00e9pond que de mani\u00e8re \u00e9vasive, autrement dit, \u00e0 d\u00e9faut de v\u00e9ritablement r\u00e9pondre, il se contente de sa posture arbitraire.<\/p>\n\n\n\n<p class=\"wp-block-paragraph\">Les familles, les jeunes sont pris en otage par un \u00c9tat qui n\u2019a qu\u2019une obligation de moyen et non de r\u00e9sultat, et abuse sans vergogne de son pouvoir, en toute impunit\u00e9. En effet, nous l\u2019avons \u00e9voqu\u00e9 au point 4, la justiciabilit\u00e9 du droit \u00e0 l\u2019instruction n\u2019est aucunement garantie dans <em>l\u2019\u00c9tat de droit <\/em>luxembourgeois. Pourtant ce ne sont pas les arguments juridiques qui manquent.<\/p>\n\n\n\n<p class=\"wp-block-paragraph\">Il est temps de faire l\u2019effort citoyen et responsable de porter ces outrages devant les plus hautes juridictions, car au dessus de toute loi, il est question de notre humanit\u00e9 en tant que communaut\u00e9. Le droit \u00e0 l\u2019\u00e9ducation ne peut \u00eatre exerc\u00e9 que s\u2019il s\u2019accompagne des <strong>libert\u00e9s acad\u00e9miques<\/strong> tant pour les enseignants que pour les \u00e9tudiants, que ce soit en milieu institutionnel ou en milieu non institutionnel, tel que le milieu familial.<\/p>\n<\/details>\n\n\n\n<details class=\"wp-block-details is-style-arrow-icon-details has-medium-font-size is-layout-flow wp-block-details-is-layout-flow\" style=\"border-top-style:none;border-top-width:0px;border-right-style:none;border-right-width:0px;border-bottom-color:var(--wp--preset--color--base);border-bottom-style:solid;border-bottom-width:1px;border-left-style:none;border-left-width:0px;margin-top:0\"><summary>Plan d\u2019\u00e9tudes au secondaire&nbsp;?<\/summary>\n<p class=\"wp-block-paragraph\">Le Pacte international relatif aux droits \u00e9conomiques, sociaux et culturels (PIDESC) affirme que l\u2019enseignement secondaire doit \u00e9galement r\u00e9pondre aux crit\u00e8res des dotations, de l\u2019accessibilit\u00e9, de l\u2019acceptabilit\u00e9 et de l\u2019adaptabilit\u00e9 comme pour l\u2019enseignement primaire.<\/p>\n\n\n\n<p class=\"wp-block-paragraph\">Il est destin\u00e9 \u00e0 compl\u00e9ter l\u2019\u00e9ducation \u00e9l\u00e9mentaire et \u00e0 affermir la base d\u2019une \u00e9ducation permanente et de l\u2019\u00e9panouissement de la personnalit\u00e9. Il pr\u00e9pare les \u00e9l\u00e8ves \u00e0 l\u2019enseignement professionnel et sup\u00e9rieur. Pour ces raisons, il requiert des programmes d\u2019\u00e9tudes souples et des syst\u00e8mes de formation vari\u00e9s<em>.<\/em><\/p>\n\n\n\n<p class=\"wp-block-paragraph\">Ainsi il existe un plan d\u2019\u00e9tudes officiel au secondaire pour diff\u00e9rentes sections et&nbsp; branches. Ce qui int\u00e9resse les autorit\u00e9s, conform\u00e9ment \u00e0 la loi, c\u2019est&nbsp;que&nbsp;:<\/p>\n\n\n\n<p class=\"wp-block-paragraph\">L\u2019enseignement pratiqu\u00e9 permette aux \u00e9l\u00e8ves d\u2019acqu\u00e9rir une culture g\u00e9n\u00e9rale et les pr\u00e9pare aux \u00e9tudes ult\u00e9rieures et \u00e0 l\u2019apprentissage tout au long de la vie, \u00e0 la <strong>construction de leur propre vie et de la vie en soci\u00e9t\u00e9<\/strong>, \u00e0 la <strong>vie professionnelle et sociale<\/strong> et \u00e0 <strong>l\u2019exercice de leurs droits<\/strong> <strong>et de leurs responsabilit\u00e9s de citoyen dans une soci\u00e9t\u00e9 d\u00e9mocratique libre\u2026<\/strong><\/p>\n\n\n\n<p class=\"wp-block-paragraph\">Or, il existe une multitude de chemins pour atteindre cet objectif.<\/p>\n<\/details>\n\n\n\n<details class=\"wp-block-details is-style-arrow-icon-details has-medium-font-size is-layout-flow wp-block-details-is-layout-flow\" style=\"border-top-style:none;border-top-width:0px;border-right-style:none;border-right-width:0px;border-bottom-color:var(--wp--preset--color--base);border-bottom-style:solid;border-bottom-width:1px;border-left-style:none;border-left-width:0px;margin-top:0\"><summary>Faut-il signer tel ou tel formulaire ?<\/summary>\n<p class=\"wp-block-paragraph\"><strong><u>Au fondamental<\/u><\/strong><strong>&nbsp;<\/strong><strong>:<br><\/strong><br>L\u2019article 5 (3) de la nouvelle loi du 20 juillet 2023 sur l\u2019obligation scolaire (abrogeant l\u2019article 10 de la loi pr\u00e9c\u00e9dente du 6 f\u00e9vrier 2009) stipule que&nbsp;:<\/p>\n\n\n\n<p class=\"wp-block-paragraph\">\u00ab&nbsp;Le mineur \u00e0 besoins \u00e9ducatifs sp\u00e9cifiques satisfait \u00e0 l\u2019obligation scolaire en recevant un enseignement adapt\u00e9 \u00e0 ses besoins constat\u00e9s par la commission nationale d\u2019inclusion ou par une commission d\u2019inclusion.&nbsp;\u00bb\u2028<\/p>\n\n\n\n<p class=\"wp-block-paragraph\">Toutefois, la loi du 6 f\u00e9vrier 2009 portant organisation de l\u2019enseignement fondamental est toujours en vigueur et l\u2019article suivant pr\u00e9cise que les parents doivent \u00eatre consult\u00e9s et marquer leur accord pour une prise en charge:<strong><br><br><\/strong><strong><\/strong><\/p>\n\n\n\n<p class=\"wp-block-paragraph\"><strong>Art. 29<\/strong><\/p>\n\n\n\n<p class=\"wp-block-paragraph\">Il est cr\u00e9\u00e9 dans chaque arrondissement au moins une <strong>commission d\u2019inclusion scolaire <\/strong>qui a pour mission de d\u00e9finir, soit \u00e0 la demande des parents, soit \u00e0 la demande de l\u2019instituteur et <strong>pour autant que les parents aient marqu\u00e9 leur accord<\/strong>, la prise en charge des \u00e9l\u00e8ves en question.<\/p>\n\n\n\n<p class=\"wp-block-paragraph\">Autrement dit, personne ne peut vous forcer \u00e0 signer une prise en charge par la commission d\u2019inclusion scolaire. Si vous l\u2019avez sign\u00e9e et le regrettez, en vertu des droits humains, il doit \u00eatre possible de revenir sur sa d\u00e9cision en la contestant, mais nous n\u2019avons pas de retour d\u2019exp\u00e9riences en ce sens \u00e0 partager.<strong><br><br><\/strong><strong><u><\/u><\/strong><\/p>\n\n\n\n<p class=\"wp-block-paragraph\"><strong><u>Au secondaire<\/u><\/strong><strong>&nbsp;<\/strong><strong>:<br><\/strong><br>Les agents du minist\u00e8re pour l\u2019enseignement \u00e0 domicile au secondaire ont r\u00e9cemment demand\u00e9 \u00e0 des familles de signer le formulaire ci-dessous&nbsp;:<\/p>\n\n\n\n<figure class=\"wp-block-image size-large\"><img data-recalc-dims=\"1\" decoding=\"async\" width=\"1348\" height=\"1098\" data-attachment-id=\"177\" data-permalink=\"https:\/\/alliasbl.lu\/fr\/enseignement-a-domicile\/faq\/formulaire-faq\/\" data-orig-file=\"https:\/\/i0.wp.com\/alliasbl.lu\/wp-content\/uploads\/2023\/11\/formulaire-faq.png?fit=1348%2C1098&amp;ssl=1\" data-orig-size=\"1348,1098\" data-comments-opened=\"0\" data-image-meta=\"{&quot;aperture&quot;:&quot;0&quot;,&quot;credit&quot;:&quot;&quot;,&quot;camera&quot;:&quot;&quot;,&quot;caption&quot;:&quot;&quot;,&quot;created_timestamp&quot;:&quot;0&quot;,&quot;copyright&quot;:&quot;&quot;,&quot;focal_length&quot;:&quot;0&quot;,&quot;iso&quot;:&quot;0&quot;,&quot;shutter_speed&quot;:&quot;0&quot;,&quot;title&quot;:&quot;&quot;,&quot;orientation&quot;:&quot;0&quot;}\" data-image-title=\"formulaire-faq\" data-image-description=\"\" data-image-caption=\"\" data-large-file=\"https:\/\/i0.wp.com\/alliasbl.lu\/wp-content\/uploads\/2023\/11\/formulaire-faq.png?fit=1024%2C834&amp;ssl=1\" fetchpriority=\"low\" src=\"https:\/\/i0.wp.com\/alliasbl.lu\/wp-content\/uploads\/2023\/11\/formulaire-faq.png?resize=1348%2C1098&#038;ssl=1\" alt=\"\" class=\"wp-image-177\"\/><\/figure>\n\n\n\n<p class=\"wp-block-paragraph\"><br><br>Ce formulaire refl\u00e8te une approche tr\u00e8s scolaire de l\u2019enseignement et est discutable. En m\u00eame temps, il fait preuve d\u2019une certaine souplesse avec la possibilit\u00e9 d\u2019\u00e9laborer un portfolio en cochant la deuxi\u00e8me case.<\/p>\n\n\n\n<p class=\"wp-block-paragraph\">Dans l\u2019esprit des droits humains, de l\u2019\u00e9quilibre des pouvoirs, et de la r\u00e9ciprocit\u00e9, les repr\u00e9sentants de l\u2019\u00c9tat ne devraient-ils pas \u00e9galement signer qu\u2019ils s\u2019engagent \u00e0 respecter la loi et sinon de quel droit vous obligerait-il \u00e0 signer un tel formulaire&nbsp;?<\/p>\n<\/details>\n\n\n\n<details class=\"wp-block-details is-style-arrow-icon-details has-medium-font-size is-layout-flow wp-block-details-is-layout-flow\" style=\"border-top-style:none;border-top-width:0px;border-right-style:none;border-right-width:0px;border-bottom-color:var(--wp--preset--color--base);border-bottom-style:solid;border-bottom-width:1px;border-left-style:none;border-left-width:0px;margin-top:0\"><summary>Faut-il suivre le plan d\u2019\u00e9tudes luxembourgeois&nbsp;?<\/summary>\n<p class=\"wp-block-paragraph\">Selon l\u2019art. 21 de la loi du 6 f\u00e9vrier 2009 portant organisation de l\u2019enseignement fondamental:<em><\/em><\/p>\n\n\n\n<p class=\"wp-block-paragraph\">\u00ab&nbsp;\u2026 L\u2019enseignement \u00e0 domicile doit viser l\u2019acquisition des socles de comp\u00e9tences d\u00e9finis par le plan d\u2019\u00e9tudes. Dans des circonstances d\u00fbment justifi\u00e9es, notamment \u2013&nbsp;c\u2019est \u00e0 dire par exemple&nbsp;\u2013 si les parents entendent faire donner \u00e0 leur <em>enfant<\/em> un enseignement \u00e0 distance, le directeur d\u2019arrondissement peut accorder une dispense d\u2019enseignement de l\u2019une ou de l\u2019autre mati\u00e8re pr\u00e9vue \u00e0 l\u2019article 7 de la loi scolaire.&nbsp;\u00bb<\/p>\n\n\n\n<p class=\"wp-block-paragraph\">Il est donc possible de suivre un autre curriculum que le plan d\u2019\u00e9tudes luxembourgeois au fondamental sous r\u00e9serve de l\u2019accord du directeur.<\/p>\n\n\n\n<p class=\"wp-block-paragraph\">Notons aussi que \u00ab&nbsp;viser l\u2019acquisition des socles de comp\u00e9tences d\u00e9finies dans le plan d\u2019\u00e9tudes&nbsp;\u00bb ne signifie pas qu\u2019il est obligatoire de les atteindre, mais qu\u2019il faut donner la possibilit\u00e9 \u00e0&nbsp;l\u2019enfant&nbsp;de les atteindre, car il a droit \u00e0 l\u2019instruction, or on ne peut forcer personne \u00e0 apprendre. Tous les \u00e9l\u00e8ves des \u00e9coles n\u2019atteignent d\u2019ailleurs pas ces socles. Le plan d\u2019\u00e9tudes est toutefois relativement souple par rapport aux diff\u00e9rents rythmes des \u00e9l\u00e8ves en pr\u00e9voyant un niveau bas , moyen et \u00e9lev\u00e9. Il repr\u00e9sente une sorte de r\u00e9f\u00e9rentiel sur les comp\u00e9tences.<\/p>\n\n\n\n<p class=\"wp-block-paragraph\">Par ailleurs, il existe de s\u00e9rieux arguments empiriques et scientifiques par rapport \u00e0 l\u2019exigence de forcer certains apprentissages ou d\u2019exiger l\u2019acquisition de certaines comp\u00e9tences \u00e0 un \u00e2ge donn\u00e9. Ainsi, par exemple, si un individu ne sait pas lire \u00e0 10 ou 14 ans, cela ne pr\u00e9sage en rien de ses comp\u00e9tences de lecture futures. Il ne serait pas admissible, cependant, de ne pas lui permettre de d\u00e9velopper cette comp\u00e9tence.<\/p>\n\n\n\n<p class=\"wp-block-paragraph\">Toutefois, les adeptes des apprentissages autonomes doivent parfois argumenter et \u00eatre bien au fait de la loi en vigueur pour d\u00e9fendre leur position p\u00e9dagogique face aux autorit\u00e9s.<br><br>* Le terme enfant est utilis\u00e9 ici au sens juridique de \u00ab\u00a0mineur\u00a0\u00bb<\/p>\n<\/details>\n\n\n\n<details class=\"wp-block-details is-style-arrow-icon-details has-medium-font-size is-layout-flow wp-block-details-is-layout-flow\" style=\"border-top-style:none;border-top-width:0px;border-right-style:none;border-right-width:0px;border-bottom-color:var(--wp--preset--color--base);border-bottom-style:solid;border-bottom-width:1px;border-left-style:none;border-left-width:0px;margin-top:0\"><summary>Comment se passe l\u2019instruction en famille&nbsp;?<\/summary>\n<p class=\"wp-block-paragraph\">En pratique chaque famille instruit selon ses propres convictions et comp\u00e9tences.<\/p>\n\n\n\n<p class=\"wp-block-paragraph\">En g\u00e9n\u00e9ral, les parents assurent eux-m\u00eames l\u2019instruction de leur&nbsp;<em>enfant<\/em>&nbsp;en s\u2019adaptant \u00e0 la personnalit\u00e9 de leur prog\u00e9niture, que normalement, ils connaissent bien. Ils suivent des m\u00e9thodes p\u00e9dagogiques alternatives ou enseignent en s\u2019inspirant des \u00e9v\u00e9nements quotidiens.<\/p>\n\n\n\n<p class=\"wp-block-paragraph\">Bien souvent, mais pas n\u00e9cessairement, les parents commencent par faire <em>l\u2019\u00e9cole \u00e0 la maison<\/em> de mani\u00e8re assez formelle et finissent par privil\u00e9gier des apprentissages plus informels qui s\u2019av\u00e8rent plus satisfaisants, selon les circonstances, ou bien ils trouvent un juste milieu entre les deux, en s\u2019adaptant au jeune, \u00e0 ses particularit\u00e9s et int\u00e9r\u00eats.Tout d\u00e9pend de leur regard sur&nbsp;<em>l\u2019enfant<\/em>, de leur capacit\u00e9 \u00e0 l\u00e2cher prise par rapport \u00e0 des attentes normatives et de leur philosophie de vie ou convictions.<\/p>\n\n\n\n<p class=\"wp-block-paragraph\">Certaines familles d\u00e9l\u00e8guent l\u2019instruction en partie ou compl\u00e8tement (plus rare) \u00e0 des professeurs externes, selon leurs revenus, disponibilit\u00e9 et comp\u00e9tences.<\/p>\n\n\n\n<p class=\"wp-block-paragraph\">De nombreux parents optent pour des cours par correspondance.<br>Selon la loi du 6 f\u00e9vrier 2009 portant organisation de l\u2019enseignement fondamental, et la loi du 20 juillet 2023 sur l\u2019obligation scolaire, les cours par correspondance ne sont toutefois pas une obligation.<\/p>\n\n\n\n<p class=\"wp-block-paragraph\">L\u2019enseignement \u00ab&nbsp;\u00e0 domicile&nbsp;\u00bb au fondamental est soumis au contr\u00f4le du directeur de r\u00e9gion. S\u2019il est constat\u00e9 que l\u2019enseignement dispens\u00e9 ne r\u00e9pond pas aux crit\u00e8res d\u00e9finis par la loi, l\u2019\u00e9l\u00e8ve est inscrit d\u2019office \u00e0 l\u2019\u00e9cole de sa commune de r\u00e9sidence. Il en sera de m\u00eame en cas de refus oppos\u00e9 au directeur de proc\u00e9der au contr\u00f4le.<\/p>\n\n\n\n<p class=\"wp-block-paragraph\">Au final, tout va d\u00e9pendre de l\u2019appr\u00e9ciation du directeur, mais tout est discutable, notamment d\u2019un point de vue juridique et p\u00e9dagogique et id\u00e9alement, il faut pouvoir \u00e9tablir une bonne collaboration.<\/p>\n\n\n\n<p class=\"wp-block-paragraph\">En g\u00e9n\u00e9ral, les inspections se passent bien quand chacun y met du sien.<\/p>\n<\/details>\n\n\n\n<details class=\"wp-block-details is-style-arrow-icon-details has-medium-font-size is-layout-flow wp-block-details-is-layout-flow\" style=\"border-top-style:none;border-top-width:0px;border-right-style:none;border-right-width:0px;border-bottom-color:var(--wp--preset--color--base);border-bottom-style:solid;border-bottom-width:1px;border-left-style:none;border-left-width:0px;margin-top:0\"><summary>Quels cours par correspondance et supports p\u00e9dagogiques choisir&nbsp;?<\/summary>\n<p class=\"wp-block-paragraph\">\u00c0 la lecture de l\u2019article 21, nous comprenons donc que le suivi de cours par correspondance en fran\u00e7ais ou allemand est possible, dans la mesure o\u00f9 la plupart des mati\u00e8res de l\u2019article 7 sur les comp\u00e9tences \u00e0 d\u00e9velopper, sont reprises.<\/p>\n\n\n\n<p class=\"wp-block-paragraph\">Pour les anglophones, il est possible que certains cours anglais soient accept\u00e9s, selon la situation particuli\u00e8re de la famille et selon le directeur.<br><a href=\"http:\/\/www.legilux.public.lu\/leg\/textescoordonnes\/compilation\/code_education_nationale\/\"><strong>Texte de loi<\/strong><\/a>&nbsp;(Art. 7 page 86)<\/p>\n\n\n\n<p class=\"wp-block-paragraph\">En cas de refus d\u2019un choix de cours par correspondance ou de supports p\u00e9dagogiques par le directeur, dans la mesure o\u00f9 ces cours respectent les crit\u00e8res de la loi et notamment la finalit\u00e9 du droit \u00e0 l\u2019instruction, ce sera discutable.<\/p>\n\n\n\n<p class=\"wp-block-paragraph\">En effet, la mission de l\u2019\u00e9cole est de pr\u00e9parer l\u2019<em>enfant<\/em> \u00e0 sa vie d\u2019adulte et \u00e0 certaines valeurs sociales. C\u2019est dans ce cadre que le choix du curriculum doit \u00eatre \u00e9valu\u00e9.<\/p>\n\n\n\n<p class=\"wp-block-paragraph\">Ci-dessous quelques r\u00e9f\u00e9rences de cours par correspondance \u00e0 titre d\u2019exemple&nbsp;:<\/p>\n\n\n\n<p class=\"wp-block-paragraph\"><strong><br><\/strong><strong><u>En fran\u00e7ais<\/u><\/strong> :<br>CNED, Hattemer, Legendre, Valin, EAD (Belgique), Sainte-Anne, PI, Cours Acad\u00e9miques, KerLann, Clonlara en version francophone\u2026<br><strong><br><\/strong><strong><u>En allemand<\/u><\/strong> :<br>Clonlara Schule ,&nbsp;<a href=\"https:\/\/webmail.pt.lu\/webmail\/redirect?u=https%3A%2F%2Fl.facebook.com%2Fl.php%3Fu%3Dhttp%253A%252F%252Fwww.flex-fernschule.de%252F%26h%3DATP-EsYxNnXRQOOkFJ4OTWH7SW1WcaPf_B0WdiV_CPyzmMIE2jqgSxaWqrYtJSAn3gk-ru9Jk1mcRH_pRaH2xYNhcbMwtCZj-Fs9mIJheWDbeKDqg9is01oXDziHQ3CABPZdLt6fODnpIgWw2g\" target=\"_blank\" rel=\"noreferrer noopener\">www.flex-fernschule.de<\/a>,&nbsp;<a href=\"https:\/\/webmail.pt.lu\/webmail\/redirect?u=https%3A%2F%2Fl.facebook.com%2Fl.php%3Fu%3Dhttp%253A%252F%252Fwww.kern-bildung.de%252F%26h%3DATNzq5GUCCvVt5r4buMaFf4qKRxlQivLenIIuLNCHyVFMt5spc6nmf9TZfrYP9gReAGl6lzvzsb-7fzPhXKbyhXoZGnZJTZqHzTWkgTyTHzcul7lHdhfWHrdYDw_TN7HmqLROwsTvkrQdvuULA\" target=\"_blank\" rel=\"noreferrer noopener\">www.kern-bildung.de<\/a>,<br>&nbsp;<a href=\"http:\/\/www.web-individualschule.de\/\" target=\"_blank\" rel=\"noreferrer noopener\">www.web-individualschule.de<\/a>&nbsp;,&nbsp;<a href=\"https:\/\/webmail.pt.lu\/webmail\/redirect?u=https%3A%2F%2Fl.facebook.com%2Fl.php%3Fu%3Dhttp%253A%252F%252Fwww.vhs.de%252F%26h%3DATNzqnPPthoJzpS_PHo1d1JKLZhleTbRtgJz0i_Y3sHtqtKj7mh-YoJxuwiNOdInUQ1_huCHkUOU9J-Wwvha3SodvqMYvYfwwpGwSUY-LtrXMkhVN1oMpujLD5DdjjQTpiI22XVi7sF6Fm31ow\" target=\"_blank\" rel=\"noreferrer noopener\">www.vhs.de<\/a>,&nbsp;<a href=\"http:\/\/www.methodos-ev.org\">www.methodos-ev.org<br><\/a><br><strong><u>En anglais<\/u><\/strong> <strong>:<\/strong><br>Clonlara, West River Academy, \u2026 \u00e9tant donn\u00e9 que l\u2019enseignement \u00e0 domicile est tr\u00e8s r\u00e9pandu aux \u00c9tats-Unis, il existe de nombreuses offres de cours en ligne.<br><br>Au Luxembourg des possibilit\u00e9s de e-learning au secondaire sont mises en place, voir sur le site<strong>&nbsp;<\/strong><a href=\"http:\/\/www.ecampus.lu\/\" target=\"_blank\" rel=\"noreferrer noopener\">www.ecampus.lu<\/a><\/p>\n\n\n\n<p class=\"wp-block-paragraph\">Il existe \u00e9galement pl\u00e9thore de possibilit\u00e9s permettant de s\u2019instruire voire de s\u2019\u00e9valuer sur toutes sortes de sujets, payantes ou gratuites&nbsp;: des tutoriaux, vid\u00e9os, jeux et applications en ligne (Khan Academy, MOOCs, Duo lingo, Udemy\u2026).<br>Des outils issus de l\u2019intelligence artificielle comme la version payante de chat GPT ou Code Interpreter bouleversent aussi de plus en plus le paysage \u00e9ducatif.<\/p>\n\n\n\n<p class=\"wp-block-paragraph\">Les cours par correspondance sont souvent on\u00e9reux, except\u00e9 l\u2019EAD belge, mais celui-ci ne d\u00e9livre pas de certificat de scolarit\u00e9. Le baccalaur\u00e9at et autres dipl\u00f4mes de fin d\u2019\u00e9tude similaires, peuvent \u00eatre pass\u00e9 en candidat libre.<\/p>\n\n\n\n<p class=\"wp-block-paragraph\">Etant donn\u00e9 que l\u2019obligation scolaire prolong\u00e9e jusqu\u2019\u00e0 18 ans sera effective \u00e0 l\u2019horizon 2026, l\u2019\u00c9tat devra d\u00e9sormais fournir des validations permettant aux jeunes de s\u2019inscrire dans des \u00e9tablissements d\u2019enseignement sup\u00e9rieur et y obtenir des dipl\u00f4mes professionnels.<\/p>\n<\/details>\n\n\n\n<details class=\"wp-block-details is-style-arrow-icon-details has-medium-font-size is-layout-flow wp-block-details-is-layout-flow\" style=\"border-top-style:none;border-top-width:0px;border-right-style:none;border-right-width:0px;border-bottom-color:var(--wp--preset--color--base);border-bottom-style:solid;border-bottom-width:1px;border-left-style:none;border-left-width:0px;margin-top:0\"><summary>Peut-on re-scolariser apr\u00e8s une d\u00e9scolarisation&nbsp;?<\/summary>\n<p class=\"wp-block-paragraph\">Beaucoup d\u2019<em>enfants<\/em> n\u2019ayant jamais \u00e9t\u00e9 scolaris\u00e9s veulent un jour ou l\u2019autre faire cette exp\u00e9rience, ou bien pour d\u2019autres raisons y sont contraints.<br>Nous ne connaissons pas d\u2019<em>enfant<\/em> pour qui cela ait pos\u00e9 un probl\u00e8me, tant en terme d\u2019adaptation au rythme scolaire, que du point de vue des comp\u00e9tences de <em>l\u2019enfant<\/em>, voire de l\u2019adolescent.<\/p>\n\n\n\n<p class=\"wp-block-paragraph\">Etant donn\u00e9 que l\u2019obligation scolaire a \u00e9t\u00e9 prolong\u00e9e \u00e0 18 ans d\u2019ici 2026, l\u2019\u00c9tat a d\u00e9sormais l\u2019obligation de laisser les jeunes, jusqu\u2019\u00e0 leurs 18 ans, int\u00e9grer un \u00e9tablissement d\u2019enseignement public. Si toutefois on vous sugg\u00e9rait de placer les <em>enfants<\/em> dans une classe inf\u00e9rieure \u00e0 leur \u00e2ge et \u00e0 leur niveau, sachez qu\u2019il est possible de contester en vertu de l\u2019article 23 de la loi du 6 f\u00e9vrier 2009 portant organisation de l\u2019enseignement fondamental.<\/p>\n\n\n\n<p class=\"wp-block-paragraph\"><a><strong>Art. 23<\/strong><\/a><\/p>\n\n\n\n<p class=\"wp-block-paragraph\">Sur d\u00e9cision de l\u2019\u00e9quipe p\u00e9dagogique, un \u00e9l\u00e8ve qui, apr\u00e8s une ann\u00e9e d\u2019enseignement, ma\u00eetrise les objectifs d\u00e9finis pour la fin du cycle peut \u00eatre admis au cycle suivant.<\/p>\n\n\n\n<p class=\"wp-block-paragraph\">Sur d\u00e9cision de l\u2019\u00e9quipe p\u00e9dagogique prise au cours du cycle, un \u00e9l\u00e8ve peut passer une ann\u00e9e suppl\u00e9mentaire au sein du cycle afin de lui permettre d\u2019atteindre les objectifs d\u00e9finis pour la fin du cycle.<\/p>\n\n\n\n<p class=\"wp-block-paragraph\">En cas de d\u00e9saccord avec la d\u00e9cision de l\u2019\u00e9quipe p\u00e9dagogique<strong>, les parents ont la possibilit\u00e9 d\u2019introduire un recours<\/strong> aupr\u00e8s de l\u2019inspecteur d\u2019arrondissement qui statue dans le d\u00e9lai d\u2019un mois.<\/p>\n\n\n\n<p class=\"wp-block-paragraph\"><strong>L\u2019\u00e9l\u00e8ve qui suit une ann\u00e9e suppl\u00e9mentaire au sein du cycle re\u00e7oit un enseignement qui \u00e9vite la r\u00e9p\u00e9tition des activit\u00e9s d\u00e9j\u00e0 bien ma\u00eetris\u00e9es<\/strong> et qui est sp\u00e9cialement adapt\u00e9 \u00e0 ses besoins d\u2019apprentissage.<\/p>\n\n\n\n<p class=\"wp-block-paragraph\">D\u00e8s que l\u2019\u00e9quipe p\u00e9dagogique constate qu\u2019un \u00e9l\u00e8ve ne peut atteindre les objectifs de fin de cycle dans le temps maximal imparti, il b\u00e9n\u00e9ficie des mesures pr\u00e9vues dans la section 4 du pr\u00e9sent chapitre (<em>\u00e0 savoir Art. 22 (4) des mesures d\u2019accompagnement d\u00e9cid\u00e9es en fin de cycle pour \u00eatre mises en \u0153uvre au cycle suivant selon les besoins de l\u2019\u00e9l\u00e8ve<\/em>).La dur\u00e9e totale du s\u00e9jour d\u2019un \u00e9l\u00e8ve dans les trois cycles qui correspondent \u00e0 l\u2019enseignement primaire ne peut pas exc\u00e9der huit ann\u00e9es.<a href=\"#_ftn1\" id=\"_ftnref1\">[1]<\/a><\/p>\n\n\n\n<p class=\"wp-block-paragraph\">En ce qui concerne le secondaire, cela ne semble pas r\u00e9glement\u00e9 par la loi et il s\u2019agit de trouver un accord avec le directeur d\u2019\u00e9tablissement concern\u00e9. Nous n\u2019avons pas \u00e9t\u00e9 inform\u00e9s de probl\u00e8mes particuliers \u00e0 cet \u00e9gard.<\/p>\n\n\n\n<p class=\"wp-block-paragraph\">Le Pacte international relatif aux droits \u00e9conomiques, sociaux et culturels (PIDESC) et la Convention Internationale des Droits de l\u2019Enfant (CIDE) ratifi\u00e9s par le Luxembourg sugg\u00e8re que le jeune re\u00e7oive un enseignement adapt\u00e9 \u00e0 ses capacit\u00e9s, si ce n\u2019\u00e9tait pas le cas, ce serait donc discutable, en tout cas d\u2019un point de vue juridique.<\/p>\n\n\n\n<hr class=\"wp-block-separator has-alpha-channel-opacity\"\/>\n\n\n\n<p class=\"wp-block-paragraph\"><a href=\"#_ftnref1\" id=\"_ftn1\">[1]<\/a> <a href=\"https:\/\/data.legilux.public.lu\/filestore\/eli\/etat\/leg\/trep\/2014\/09\/04\/n2\/jo\/fr\/html\/eli-etat-leg-trep-2014-09-04-n2-jo-fr-html.html#1-1-4-3-3-\" target=\"_blank\" rel=\"noreferrer noopener\">https:\/\/data.legilux.public.lu\/filestore\/eli\/etat\/leg\/trep\/2014\/09\/04\/n2\/jo\/fr\/html\/eli-etat-leg-trep-2014-09-04-n2-jo-fr-html.html#1-1-4-3-3-<\/a><\/p>\n<\/details>\n\n\n\n<details class=\"wp-block-details is-style-arrow-icon-details has-medium-font-size is-layout-flow wp-block-details-is-layout-flow\" style=\"border-top-style:none;border-top-width:0px;border-right-style:none;border-right-width:0px;border-bottom-color:var(--wp--preset--color--base);border-bottom-style:solid;border-bottom-width:1px;border-left-style:none;border-left-width:0px;margin-top:0\"><summary>Comment se passe la reconnaissance des ann\u00e9es d\u2019instruction voire l\u2019obtention de dipl\u00f4mes&nbsp;?<\/summary>\n<p class=\"wp-block-paragraph\">Bien qu\u2019il y ait toujours des solutions pour rattraper un cursus, elles peuvent \u00eatre plus fastidieuses. Ainsi c\u2019est un point important qui peut \u00eatre discut\u00e9 avec le minist\u00e8re si n\u00e9cessaire.<\/p>\n\n\n\n<p class=\"wp-block-paragraph\"><br>En France, par exemple, il est possible de passer le bac en candidat libre.<br>Souvent certains jeunes passent le baccalaur\u00e9at en r\u00e9int\u00e9grant un lyc\u00e9e l\u2019ann\u00e9e du dipl\u00f4me ou plus t\u00f4t pour se constituer un dossier scolaire n\u00e9cessaire \u00e0 l\u2019int\u00e9gration de certains \u00e9tablissements d\u2019enseignement sup\u00e9rieur.<\/p>\n\n\n\n<p class=\"wp-block-paragraph\">En cas de suivi de cours par correspondance d\u00e9livrant un certificat de scolarit\u00e9, le probl\u00e8me de la validation des comp\u00e9tences sera \u00e9vit\u00e9. Certains adolescents rejoignent donc le lyc\u00e9e pour avoir un dossier scolaire demand\u00e9 dans certaines \u00e9coles apr\u00e8s le baccalaur\u00e9at, en France notamment, mais gardons \u00e0 l\u2019esprit qu\u2019au final, ce qui compte vraiment ce ne sont pas tant les dipl\u00f4mes que les comp\u00e9tences.<\/p>\n\n\n\n<p class=\"wp-block-paragraph\">Certains organismes payants comme Clonlara.org ou Kern-Bildung.de aident les <em>enfants<\/em> ayant \u00e9t\u00e9 instruits de mani\u00e8re informelle \u00e0 se conformer aux exigences scolaires ou \u00e0 pr\u00e9parer le baccalaur\u00e9at par exemple.<\/p>\n\n\n\n<p class=\"wp-block-paragraph\">Au Luxembourg, nous pouvons citer juste \u00e0 titre d\u2019exemple la plateforme de<\/p>\n\n\n\n<p class=\"wp-block-paragraph\">e-learning <strong>&nbsp;<\/strong><a href=\"http:\/\/www.ecampus.lu\/\" target=\"_blank\" rel=\"noreferrer noopener\"><strong>www.ecampus.lu<\/strong><\/a>&nbsp;pour le secondaire et l\u2019organisme suivant s\u2019adresse aussi aux <em>enfants<\/em> instruits \u00e0 domicile, mais nous n\u2019avons pas de retour d\u2019exp\u00e9rience&nbsp;\u00e0 son sujet :<strong><u> <\/u><\/strong><a href=\"http:\/\/www.reussitschool.lu\"><strong>www.reussitschool.lu<\/strong><\/a><strong><u><\/u><\/strong><\/p>\n\n\n\n<p class=\"wp-block-paragraph\">Il est aussi possible d\u2019apprendre le luxembourgeois gratuitement en ligne sur ce site <a href=\"http:\/\/www.llo.lu\"><strong>www.llo.lu<\/strong><\/a> et bien d\u2019autres choses ici <a href=\"https:\/\/www.lifelong-learning.lu\"><strong>www.lifelong-learning.lu<\/strong><\/a><br><br>Ces quelques sites ne constituent pas une liste exhaustive. \u00c0 chacun de faire ses recherches et de trouver le support qui lui convient, quel que soit son \u00e2ge.<br>Nous pouvons nous attendre \u00e0 ce que de plus en plus d\u2019outils similaires se d\u00e9veloppent pour permettre de s\u2019instruire.<\/p>\n<\/details>\n\n\n\n<details class=\"wp-block-details is-style-arrow-icon-details has-medium-font-size is-layout-flow wp-block-details-is-layout-flow\" style=\"border-top-style:none;border-top-width:0px;border-right-style:none;border-right-width:0px;border-bottom-color:var(--wp--preset--color--base);border-bottom-style:solid;border-bottom-width:1px;border-left-style:none;border-left-width:0px;margin-top:0\"><summary>Pr\u00e9pare-t-on nos jeunes \u00e0 un avenir meilleur en d\u00e9scolarisant&nbsp;?<\/summary>\n<p class=\"wp-block-paragraph\">Chaque parent souhaite en g\u00e9n\u00e9ral le meilleur pour l\u2019avenir de son&nbsp;enfant&nbsp;et la question qui se pose souvent est si l\u2019enfant&nbsp;sera plus performant acad\u00e9miquement en \u00e9tant instruit en famille.<\/p>\n\n\n\n<p class=\"wp-block-paragraph\">Il y a un dogme important \u00e0 d\u00e9construire, celui de croire qu\u2019un enseignement individuel sera plus efficace qu\u2019un enseignement collectif. Le chercheur Alan Thomas de l\u2019Institute of Education de l\u2019Universit\u00e9 de Londres, a commenc\u00e9 ses recherches sur l\u2019enseignement en famille pour \u00e9tudier l\u2019efficacit\u00e9 de l\u2019enseignement individuel et il a d\u00e9couvert toute la richesse de l\u2019enseignement informel (ce qui n\u2019emp\u00eache pas d\u2019avoir recours \u00e0 des outils formels qui peuvent \u00eatre tr\u00e8s utiles).<\/p>\n\n\n\n<p class=\"wp-block-paragraph\">Il est faux de croire aussi que l\u2019un ou l\u2019autre syst\u00e8me sera meilleur, tout d\u00e9pend de ce que l\u2019on y vit et de comment on le vit. Il est en effet essentiel de mettre en garde contre les maltraitances, que ce soit en milieu scolaire ou non scolaire.<\/p>\n\n\n\n<p class=\"wp-block-paragraph\">Au Luxembourg, l\u2019enseignement \u00e0 domicile est contr\u00f4l\u00e9 et il existe des recours en cas de non respect des lois fondamentales par les autorit\u00e9s.<\/p>\n\n\n\n<p class=\"wp-block-paragraph\">Ainsi, il faut \u00eatre bien inform\u00e9 sur ses droits et les recours possibles, que l\u2019individu soit instruit en famille ou en institution, car m\u00eame un gouvernement bien intentionn\u00e9 ne peut garantir que tous ses agents publics se comportent de mani\u00e8re exemplaire et conform\u00e9ment aux valeurs \u00e9thiques de la loi.<\/p>\n\n\n\n<p class=\"wp-block-paragraph\">Le d\u00e9bat \u00e9cole ou pas \u00e9cole, \u00e9cole libre ou \u00e9cole traditionnelle ne sera jamais clos, car c\u2019est \u00e0 chaque individu de d\u00e9cider s\u2019il pr\u00e9f\u00e8re plus de formel ou d\u2019informel, plus de libert\u00e9 ou d\u2019obligation et de choisir la fa\u00e7on dont il veut s\u2019instruire en fonction de ses besoins.<\/p>\n\n\n\n<p class=\"wp-block-paragraph\">Mais il est important de faire en sorte que l\u2019enseignement, qu\u2019il se d\u00e9roule \u00e0 domicile ou en \u00e9tablissement scolaire, n\u2019emp\u00eache pas les individus de d\u00e9velopper leurs potentialit\u00e9s, que ce soit sous forme acad\u00e9mique ou autre, ce qui ne signifie nullement qu\u2019il faut essayer d\u2019en faire des petits g\u00e9nies. L\u2019\u00e9ducation a pour objectif l\u2019\u00e9panouissement et le d\u00e9veloppement et cela repr\u00e9sente bien plus qu\u2019une performance acad\u00e9mique.<\/p>\n<\/details>\n\n\n\n<details class=\"wp-block-details is-style-arrow-icon-details has-medium-font-size is-layout-flow wp-block-details-is-layout-flow\" style=\"border-top-style:none;border-top-width:0px;border-right-style:none;border-right-width:0px;border-bottom-color:var(--wp--preset--color--base);border-bottom-style:solid;border-bottom-width:1px;border-left-style:none;border-left-width:0px;margin-top:0\"><summary>Faut-il scolariser pour \u00e9viter l\u2019\u00e9mergence de soci\u00e9t\u00e9s parall\u00e8les&nbsp;?<\/summary>\n<p class=\"wp-block-paragraph\">En Allemagne, le \u00ab&nbsp;Schulzwang&nbsp;\u00bb h\u00e9rit\u00e9 des jeunesses hitl\u00e9riennes est toujours en vigueur, sous pr\u00e9texte d\u2019\u00e9viter l\u2019\u00e9mergence de soci\u00e9t\u00e9s parall\u00e8les, l\u2019Allemagne et d\u2019autres pays remettent en question la libert\u00e9 d\u2019instruction pour combattre le radicalisme. Toutefois ces positions sont discutables.<\/p>\n\n\n\n<p class=\"wp-block-paragraph\">Il est utopique de penser que l\u2019on puisse \u00e9duquer \u00e0 la tol\u00e9rance et aux valeurs d\u00e9mocratiques dans un syst\u00e8me autoritaire ne permettant pas une v\u00e9ritable participation des jeunes \u00e0 toutes les d\u00e9cisions qui les concernent.<\/p>\n\n\n\n<p class=\"wp-block-paragraph\">Comme le souligne le p\u00e9diatre suisse Remo H. Largo dans un article en allemand intitul\u00e9 \u00ab&nbsp;Nous avons maintenant d\u00e9j\u00e0 des <em>enfants<\/em> en burn-out&nbsp;\u00bb<a href=\"#_ftn1\" id=\"_ftnref1\">[1]<\/a>, on commence \u00e0 voir d\u2019apr\u00e8s la biographie de terroristes que c\u2019est le manque de s\u00e9curit\u00e9, de statut social \u00e9tabli, le fait de se sentir exclus et le manque d\u2019autod\u00e9termination qui les a men\u00e9 \u00e0 s\u2019engager dans l\u2019IS o\u00f9 ils se sentent enfin exister.<\/p>\n\n\n\n<p class=\"wp-block-paragraph\"><em>\u00ab<\/em><em>&nbsp;<\/em><em>\u2026Vous pouvez le voir dans les biographies de terroristes qui sont de plus en plus connues. Ils n\u2019ont pas connu la s\u00e9curit\u00e9 et une reconnaissance sociale suffisante, ils n\u2019ont pas de statut social fixe et se sentent marginalis\u00e9s. Ils se sentent compl\u00e8tement d\u00e9termin\u00e9s par d\u2019autres. Quand ils vont \u00e0 l\u2019I.S., ils sont enfin quelqu\u2019un. Il ne s\u2019agit m\u00eame pas d\u2019un ph\u00e9nom\u00e8ne nouveau, on l\u2019avait d\u00e9j\u00e0 observ\u00e9 au XVIIe si\u00e8cle pendant la guerre de Trente Ans. Les gens \u00e9taient totalement<\/em><em> <\/em><em>perdus<\/em><em> <\/em><em>existentiellement, ils n\u2019avaient pas de position sociale permanente dans la communaut\u00e9 et \u00e9taient \u00e9galement affam\u00e9s et malades. Ils sont donc partis \u00e0 la guerre.\u00bb<\/em><em><\/em><\/p>\n\n\n\n<p class=\"wp-block-paragraph\">D\u2019ailleurs y-a-t-il davantage de soci\u00e9t\u00e9s parall\u00e8les et de radicalisme en Angleterre qu\u2019en Allemagne, alors que dans ce pays non seulement la scolarisation n\u2019est pas obligatoire, mais aucun plan d\u2019\u00e9tudes n\u2019est impos\u00e9&nbsp;? Finalement, qu\u2019est-ce qui prouve que l\u2019institution scolaire telle qu\u2019elle existe, emp\u00eache l\u2019\u00e9mergence de soci\u00e9t\u00e9s parall\u00e8les et de la radicalisation&nbsp;?<\/p>\n\n\n\n<hr class=\"wp-block-separator has-alpha-channel-opacity\"\/>\n\n\n\n<p class=\"wp-block-paragraph\"><a href=\"#_ftnref1\" id=\"_ftn1\">[1]<\/a> <a href=\"https:\/\/www.tagesanzeiger.ch\/wir-haben-jetzt-schon-kinder-mit-burn-out-336732491644\" rel=\"nofollow\">https:\/\/www.tagesanzeiger.ch\/wir-haben-jetzt-schon-kinder-mit-burn-out-336732491644<\/a><\/p>\n<\/details>\n\n\n\n<details class=\"wp-block-details is-style-arrow-icon-details has-medium-font-size is-layout-flow wp-block-details-is-layout-flow\" style=\"border-top-style:none;border-top-width:0px;border-right-style:none;border-right-width:0px;border-bottom-color:var(--wp--preset--color--base);border-bottom-style:solid;border-bottom-width:1px;border-left-style:none;border-left-width:0px;margin-top:0\"><summary>Faut-il scolariser les familles allophones&nbsp;pour les int\u00e9grer&nbsp;?<\/summary>\n<p class=\"wp-block-paragraph\">Cette question s\u2019est pos\u00e9e, car certaines familles allophones \u2013 c\u2019est \u00e0 dire ne parlant aucune des langues officielles du Grand-Duch\u00e9 \u2013 n\u2019ont pas obtenu l\u2019autorisation de ne pas scolariser, car ils ne pouvaient transmettre la langue luxembourgeoise \u00e0 leur&nbsp;<em>enfant<\/em>&nbsp;encore petit. Par rapport \u00e0 la loi scolaire actuelle c\u2019est difficilement d\u00e9fendable, car la d\u00e9rogation est accord\u00e9e par le directeur donnant l\u2019autorisation, \u00e0 moins que l\u2019on puisse prouver que ce n\u2019est pas dans l\u2019int\u00e9r\u00eat sup\u00e9rieur de <em>l\u2019enfant<\/em> (<em>enfant<\/em> traumatis\u00e9 \u00e0 l\u2019\u00e9cole).<\/p>\n\n\n\n<p class=\"wp-block-paragraph\">En effet, est-ce que \u00e7a vaut vraiment la peine de se lancer dans une bataille juridique pour faire valoir les droits de l\u2019homme&nbsp;? De fait, revendiquer son droit de parent dans un tribunal est pratiquement peine perdue dans ce contexte et quel avocat serait pr\u00eat \u00e0 d\u00e9fendre un&nbsp;enfant&nbsp;en tant que sujet par rapport aux droits de l\u2019homme&nbsp;? Quel juge serait suffisamment ouvert pour reconna\u00eetre cette libert\u00e9 de choix ? Dans notre soci\u00e9t\u00e9, il est rare que l\u2019avis des&nbsp;<em>enfants<\/em>&nbsp;en tant que sujet soit s\u00e9rieusement pris en compte, encore moins lorsqu\u2019ils sont tr\u00e8s jeunes.<\/p>\n\n\n\n<p class=\"wp-block-paragraph\">Personne ne peut prouver non plus que ce n\u2019est pas dans l\u2019int\u00e9r\u00eat de ces&nbsp;enfants&nbsp;pour leur int\u00e9gration sociale de fr\u00e9quenter l\u2019\u00e9cole pour pouvoir facilement apprendre le luxembourgeois, lorsque cela n\u2019est pas possible en famille ou ailleurs. Cependant, ces refus et ce qu\u2019ils ont impliqu\u00e9, ont \u00e9t\u00e9 pour certaines familles plut\u00f4t mal v\u00e9cus et au final les auront surtout incit\u00e9es \u00e0 fuir.<\/p>\n\n\n\n<p class=\"wp-block-paragraph\">La proportion d\u2019\u00e9trangers vivant au Luxembourg s\u2019\u00e9l\u00e8ve \u00e0 47,4% au 1er janvier 2023. En 1961, la proportion d\u2019\u00e9trangers \u00e9tait de 13,2% seulement. Environ 180 nationalit\u00e9s \u00e9taient repr\u00e9sent\u00e9es au 8 novembre 2021. Rien d\u2019\u00e9tonnant \u00e0 ce que l\u2019enseignement des langues occupe une place centrale dans le syst\u00e8me \u00e9ducatif luxembourgeois. C\u2019est pourquoi l\u2019offre scolaire s\u2019est adapt\u00e9e et propose aussi des cursus non luxembourgeois, la tendance va \u00e9galement vers plus de souplesse, aussi pour les luxembourgophones.<\/p>\n\n\n\n<p class=\"wp-block-paragraph\">Force est de constater que les&nbsp;enfants&nbsp;\u00e9trangers vivant dans le pays peuvent, malgr\u00e9 tout, apprendre naturellement les langues usuelles de ce pays, \u00e0 condition d\u2019\u00eatre suffisamment en contact avec ces langues. La meilleure des inclusions passe par la cr\u00e9ation d\u2019espaces de vie dans un environnement bienveillant montrant l\u2019exemple \u00e0 suivre plut\u00f4t que sur base d\u2019injonctions comme \u00ab&nbsp;Faites ce que je dis, pas ce que je fais&nbsp;!&nbsp;\u00bb.<br><br>* Le terme enfant est utilis\u00e9 ici au sens juridique de \u00ab\u00a0mineur\u00a0\u00bb<\/p>\n<\/details>\n\n\n\n<details class=\"wp-block-details is-style-arrow-icon-details has-medium-font-size is-layout-flow wp-block-details-is-layout-flow\" style=\"border-top-style:none;border-top-width:0px;border-right-style:none;border-right-width:0px;border-bottom-color:var(--wp--preset--color--base);border-bottom-style:solid;border-bottom-width:1px;border-left-style:none;border-left-width:0px;margin-top:0\"><summary>Combien de jeunes sont d\u00e9scolaris\u00e9s au Luxembourg&nbsp;?<\/summary>\n<p class=\"wp-block-paragraph\">Selon une Question minist\u00e9rielle de 2011, il y en avait alors une vingtaine, 18 plus pr\u00e9cis\u00e9ment en 2011\/2012 selon un article du quotidien Wort du 16.11.2016 et 70 en 2016\/2017 contre 50 en janvier 2016, soit environ 1 enfant pour mille en enseignement fondamental.<br><br><\/p>\n\n\n\n<p class=\"wp-block-paragraph\">Ci-dessous les derniers chiffres partag\u00e9s par le minist\u00e8re&nbsp;de l\u2019\u00e9ducation le 25.07.2024 lors d&rsquo;une session \u00e0 la chambre des d\u00e9put\u00e9s:<\/p>\n\n\n\n<figure class=\"wp-block-table\"><table><tbody><tr><td>Ann\u00e9e scolaire<\/td><td>Nombre d\u2019\u00e9l\u00e8ves en homeschooling (fondamental)<\/td><td>Nombre d\u2019<em>enfants<\/em> en homeschooling (secondaire)<\/td><td>remarques<\/td><\/tr><tr><td><strong>2023\/2024<\/strong><\/td><td><strong>145<\/strong><\/td><td><strong>63<\/strong><\/td><td><strong>Chiffres au 25.07.2024<\/strong><\/td><\/tr><tr><td><strong>2022\/2023<\/strong><\/td><td><strong>133<\/strong><\/td><td><strong>50<\/strong><\/td><td><\/td><\/tr><tr><td>2021\/2022<\/td><td>150<\/td><td>60<\/td><td>&nbsp;<\/td><\/tr><tr><td>2020\/2021<\/td><td>153<\/td><td>40<\/td><td>&nbsp;<\/td><\/tr><tr><td>2019\/2020<\/td><td>118<\/td><td>29<\/td><td>&nbsp;<\/td><\/tr><tr><td>2018\/2019<\/td><td>113<\/td><td>39<\/td><td>&nbsp;<\/td><\/tr><tr><td>2017\/2018<\/td><td>110<\/td><td>11<\/td><td>&nbsp;<\/td><\/tr><\/tbody><\/table><\/figure>\n\n\n\n<p class=\"wp-block-paragraph\">A titre de comparaison, aux USA, dans le pays o\u00f9 il y a le plus de \u00ab&nbsp;non-scos&nbsp;\u00bb, ce nombre atteint environ 2 millions de personnes, soit plus de 3 % de la population scolaire am\u00e9ricaine.<\/p>\n\n\n\n<p class=\"wp-block-paragraph\">Au Luxembourg, comme dans les autres pays, la tendance est \u00e0 la croissance mais ce choix reste tr\u00e8s marginal. Peu de parents veulent ou se sentent capables de prendre la responsabilit\u00e9 de l\u2019instruction de leur&nbsp;enfant.<\/p>\n\n\n\n<p class=\"wp-block-paragraph\">En tant qu\u2019association pour la libert\u00e9 d\u2019instruction, nous ne cherchons pas \u00e0 faire du pros\u00e9lytisme pour l\u2019enseignement \u00e0 domicile. Ce qui nous importe c\u2019est que chaque parent puisse offrir un acc\u00e8s \u00e0 une \u00e9ducation respectueuse des valeurs \u00e9thiques des droits fondamentaux \u00e0 son enfant.<\/p>\n\n\n\n<p class=\"wp-block-paragraph\">Le Grand-Duch\u00e9 n\u2019est-il &nbsp;pas capable de r\u00e9former un syst\u00e8me scolaire \u00ab&nbsp;trop vertical, trop uniforme et trop rigide&nbsp;\u00bb&nbsp;? Il ne s\u2019agit pas de d\u00e9penser plus, mais de tout repenser. L\u2019\u00e9cole devrait \u00eatre un havre de paix o\u00f9 il fait bon vivre, ensemble.<\/p>\n\n\n\n<p class=\"wp-block-paragraph\">* Le terme enfant est utilis\u00e9 ici au sens juridique de \u00ab\u00a0mineur\u00a0\u00bb<\/p>\n<\/details>\n\n\n\n<details class=\"wp-block-details is-style-arrow-icon-details has-medium-font-size is-layout-flow wp-block-details-is-layout-flow\" style=\"border-top-style:none;border-top-width:0px;border-right-style:none;border-right-width:0px;border-bottom-color:var(--wp--preset--color--base);border-bottom-style:solid;border-bottom-width:1px;border-left-style:none;border-left-width:0px;margin-top:0\"><summary>Socialisation des jeunes&nbsp;non scolaris\u00e9s<\/summary>\n<p class=\"wp-block-paragraph\">L\u2019essentiel est dit dans cet<strong>&nbsp;<\/strong><a href=\"http:\/\/fr.wikipedia.org\/wiki\/Instruction_%C3%A0_domicile#Socialisation\" target=\"_blank\" rel=\"noreferrer noopener\"><strong>article de Wikipedia<\/strong><strong>&nbsp;<\/strong><\/a><\/p>\n\n\n\n<p class=\"wp-block-paragraph\"><em>Une crainte fr\u00e9quente \u2013 crainte plus fr\u00e9quente au sein du grand public que chez les parents qui pratiquent l\u2019\u00e9ducation \u00e0 la maison \u2013 serait l\u2019isolement potentiel subi par les enfants priv\u00e9s des contacts avec d\u2019autres enfants scolaris\u00e9s. Les associations de promotion de l\u2019\u00e9cole \u00e0 la maison \u00e9voquent toutes le sujet sur leurs sites Web. Beaucoup de parents fuient pr\u00e9cis\u00e9ment cette<\/em><em>&nbsp;<\/em><em>\u00ab socialisation \u00bb faite de conformisme, de pression sociale exerc\u00e9e par les autres enfants scolaris\u00e9s, de brimades et de <\/em><em>&nbsp;<\/em><em>mauvaises influences.<\/em><\/p>\n\n\n\n<p class=\"wp-block-paragraph\"><em>Pour la plupart des partisans de l\u2019\u00e9cole \u00e0 la maison, leur choix am\u00e9liore en fait le d\u00e9veloppement social de leurs enfants. En effet, pour ceux-ci, les ann\u00e9es pass\u00e9es dans un \u00e9tablissement sont les seules durant lesquelles les \u00e9coliers seront s\u00e9par\u00e9s artificiellement en groupes cloisonn\u00e9s de m\u00eame \u00e2ge (par efficacit\u00e9 \u00e9conomique et non souci de qualit\u00e9). Ces partisans affirment que les enfants \u00e9duqu\u00e9s \u00e0 la maison vivent une socialisation plus saine et plus naturelle, car ils interagissent plus avec des personnes de tout \u00e2ge. Ceci conduit \u00e0 une influence accrue des adultes et une moindre de la part des autres enfants, ce qui produit de jeunes citoyens plus m\u00fbrs.<\/em><\/p>\n\n\n\n<p class=\"wp-block-paragraph\"><em>Aux \u00c9tats-Unis et au Royaume-Uni, un certain nombre d\u2019\u00e9tudes, souvent financ\u00e9es par des organisations de promotion de l\u2019\u00e9cole \u00e0 la maison, tentent d\u2019\u00e9valuer les cons\u00e9quences de la scolarisation \u00e0 la maison sur la \u00ab sociabilit\u00e9 \u00bb des enfants. Les r\u00e9sultats sont en g\u00e9n\u00e9ral extr\u00eamement positifs (\u00e9tudes de Larry Shynes &amp; alt.).<\/em><\/p>\n\n\n\n<p class=\"wp-block-paragraph\"><em>Certains auteurs, comme Robert Epstein, ex-r\u00e9dacteur en chef de Psychology Today, consid\u00e8rent que le prolongement de la scolarisation obligatoire et le fait de \u00ab parquer \u00bb les adolescents entre eux les infantilisent, alors que l\u2019enseignement personnalis\u00e9 en contact plus rapproch\u00e9 avec des adultes, comme l\u2019instruction \u00e0 la maison, permet une maturation plus rapide et d\u2019\u00e9viter la crise de l\u2019adolescence. Crise qui est en grande partie une cons\u00e9quence de cette longue scolarit\u00e9 obligatoire pendant laquelle les adolescents sont trait\u00e9s comme des enfants et n\u2019ont comme mod\u00e8les et compagnons que d\u2019autres adolescents.<\/em><\/p>\n\n\n\n<p class=\"wp-block-paragraph\">Dans son livre r\u00e9cent paru chez Broch\u00e9 \u00ab L\u2019\u00e9cole \u00e0 la maison au Qu\u00e9bec : Un projet familial, social et d\u00e9mocratique \u00bb, la chercheuse Christine Brabant fait \u00e9galement le point sur de nombreuses \u00e9tudes \u00e0 ce sujet avec impartialit\u00e9.<\/p>\n\n\n\n<p class=\"wp-block-paragraph\">\u00c0 en croire&nbsp;<a href=\"http:\/\/www.luxhomeschooler.com\/pdf\/Kunzman_Gaither_2013.pdf\" target=\"_blank\" rel=\"noreferrer noopener\"><strong>l\u2019\u00e9tude ind\u00e9pendante de Robert Kunzmann, de l\u2019Universit\u00e9 d\u2019Indiana et de Milton Gaither<\/strong><\/a>&nbsp;, du Messiah College, de 2013, et r\u00e9actualis\u00e9 en 2020<a href=\"#_ftn1\" id=\"_ftnref1\">[1]<\/a>, la socialisation que ses d\u00e9tracteurs consid\u00e8rent comme l\u2019un de ses points faibles, n\u2019est pas av\u00e9r\u00e9e.<\/p>\n\n\n\n<hr class=\"wp-block-separator has-alpha-channel-opacity\"\/>\n\n\n\n<p class=\"wp-block-paragraph\"><a href=\"#_ftnref1\" id=\"_ftn1\">[1]<\/a> <a href=\"https:\/\/icher.org\/files\/Kunzman_and_Gaither_An%20Updated_Comprehensive_Survey.pdf\" rel=\"nofollow\">https:\/\/icher.org\/files\/Kunzman_and_Gaither_An%20Updated_Comprehensive_Survey.pdf<\/a><\/p>\n<\/details>\n\n\n\n<details class=\"wp-block-details is-style-arrow-icon-details has-medium-font-size is-layout-flow wp-block-details-is-layout-flow\" style=\"border-top-style:none;border-top-width:0px;border-right-style:none;border-right-width:0px;border-bottom-color:var(--wp--preset--color--base);border-bottom-style:solid;border-bottom-width:1px;border-left-style:none;border-left-width:0px;margin-top:0\"><summary>Se rencontrer et \u00e9changer&nbsp;?<\/summary>\n<p class=\"wp-block-paragraph\">Des activit\u00e9s r\u00e9guli\u00e8res ont lieu entre familles non scolarisantes.<br>Vous \u00eates les bienvenus pour aller \u00e0 leur rencontre et \u00e9changer avec elles afin de vous aider \u00e0 faire le choix de d\u00e9scolariser ou pas, et pour faire de nouvelles connaissances.<\/p>\n\n\n\n<p class=\"wp-block-paragraph\">Envoyer un mail \u00e0 <a href=\"mailto:alli.connect@outlook.com\">alli.connect@outlook.com<\/a> pour entrer en contact.<br><br><\/p>\n\n\n\n<p class=\"wp-block-paragraph\">Un groupe signal pour les <strong>ados<\/strong> existe \u00e9galement et la personne de contact est <a href=\"mailto:janicehammersmith@gmail.com\">janicehammersmith@gmail.com<\/a>.<\/p>\n\n\n\n<p class=\"wp-block-paragraph\">Vous pouvez \u00e9galement poser des questions et \u00e9changer par messages priv\u00e9s sur notre groupe <strong>Facebook \u00ab<\/strong><strong>&nbsp;<\/strong><strong>Home Education in Luxembourg<\/strong><strong>&nbsp;<\/strong><strong>\u00bb<\/strong><br><a href=\"https:\/\/www.facebook.com\/groups\/248275408672476\">https:\/\/www.facebook.com\/groups\/248275408672476<\/a>.<\/p>\n\n\n\n<p class=\"wp-block-paragraph\">Le contact g\u00e9n\u00e9ral de l\u2019association est <a href=\"mailto:alliasbl@gmail.com\">alliasbl@gmail.com<\/a>.<\/p>\n<\/details>\n\n\n\n<div style=\"margin-top:var(--wp--preset--spacing--10);margin-bottom:0;height:var(--wp--preset--spacing--10)\" aria-hidden=\"true\" class=\"wp-block-spacer\"><\/div>\n<\/div>\n<\/div>\n","protected":false},"excerpt":{"rendered":"<p>Foire aux questions<\/p>\n","protected":false},"author":56883116,"featured_media":0,"parent":78,"menu_order":5,"comment_status":"closed","ping_status":"closed","template":"","meta":{"_coblocks_attr":"","_coblocks_dimensions":"","_coblocks_responsive_height":"","_coblocks_accordion_ie_support":"","_crdt_document":"","advanced_seo_description":"","jetpack_seo_html_title":"","jetpack_seo_noindex":false,"_price":"","_stock":"","_tribe_ticket_header":"","_tribe_default_ticket_provider":"","_tribe_ticket_capacity":"0","_ticket_start_date":"","_ticket_end_date":"","_tribe_ticket_show_description":"","_tribe_ticket_show_not_going":false,"_tribe_ticket_use_global_stock":"","_tribe_ticket_global_stock_level":"","_global_stock_mode":"","_global_stock_cap":"","_tribe_rsvp_for_event":"","_tribe_ticket_going_count":"","_tribe_ticket_not_going_count":"","_tribe_tickets_list":"[]","_tribe_ticket_has_attendee_info_fields":false,"_EventAllDay":false,"_EventTimezone":"","_EventStartDate":"","_EventEndDate":"","_EventStartDateUTC":"","_EventEndDateUTC":"","_EventShowMap":false,"_EventShowMapLink":false,"_EventURL":"","_EventCost":"","_EventCostDescription":"","_EventCurrencySymbol":"","_EventCurrencyCode":"","_EventCurrencyPosition":"","_EventDateTimeSeparator":"","_EventTimeRangeSeparator":"","_EventOrganizerID":[],"_EventVenueID":[],"_OrganizerEmail":"","_OrganizerPhone":"","_OrganizerWebsite":"","_VenueAddress":"","_VenueCity":"","_VenueCountry":"","_VenueProvince":"","_VenueState":"","_VenueZip":"","_VenuePhone":"","_VenueURL":"","_VenueStateProvince":"","_VenueLat":"","_VenueLng":"","_VenueShowMap":false,"_VenueShowMapLink":false,"footnotes":"","_tec_slr_enabled":"","_tec_slr_layout":""},"class_list":["post-168","page","type-page","status-publish","hentry"],"jetpack_likes_enabled":true,"jetpack_sharing_enabled":true,"jetpack_shortlink":"https:\/\/wp.me\/P9ETog-2I","jetpack-related-posts":[{"id":212,"url":"https:\/\/alliasbl.lu\/fr\/enseignement-a-domicile\/en-pratique\/","url_meta":{"origin":168,"position":0},"title":"En pratique\u2026","author":"Ulysse Chabredier","date":"30 novembre, 2023","format":false,"excerpt":"Les droits de l'homme ont \u00e9t\u00e9 cr\u00e9\u00e9s pour prot\u00e9ger les individus de l'arbitraire des gouvernements. Notons dans un tel contexte la d\u00e9claration suivante, tr\u00e8s \u00e0 propos, d\u2019autant plus que la libert\u00e9 de l\u2019enseignement doit s\u2019exercer dans\u00a0le respect\u00a0des valeurs d\u2019une soci\u00e9t\u00e9 d\u00e9mocratique fond\u00e9e sur les droits fondamentaux et les libert\u00e9s publiques\u2026","rel":"","context":"Article similaire","block_context":{"text":"Article similaire","link":""},"img":{"alt_text":"","src":"https:\/\/i0.wp.com\/alliasbl.lu\/wp-content\/uploads\/2023\/11\/pexels-julia-m-cameron-4145347-edited.jpg?resize=350%2C200&ssl=1","width":350,"height":200,"srcset":"https:\/\/i0.wp.com\/alliasbl.lu\/wp-content\/uploads\/2023\/11\/pexels-julia-m-cameron-4145347-edited.jpg?resize=350%2C200&ssl=1 1x, https:\/\/i0.wp.com\/alliasbl.lu\/wp-content\/uploads\/2023\/11\/pexels-julia-m-cameron-4145347-edited.jpg?resize=525%2C300&ssl=1 1.5x, https:\/\/i0.wp.com\/alliasbl.lu\/wp-content\/uploads\/2023\/11\/pexels-julia-m-cameron-4145347-edited.jpg?resize=700%2C400&ssl=1 2x, https:\/\/i0.wp.com\/alliasbl.lu\/wp-content\/uploads\/2023\/11\/pexels-julia-m-cameron-4145347-edited.jpg?resize=1050%2C600&ssl=1 3x, https:\/\/i0.wp.com\/alliasbl.lu\/wp-content\/uploads\/2023\/11\/pexels-julia-m-cameron-4145347-edited.jpg?resize=1400%2C800&ssl=1 4x"},"classes":[]},{"id":202,"url":"https:\/\/alliasbl.lu\/fr\/enseignement-a-domicile\/connaitre-vos-droits\/","url_meta":{"origin":168,"position":1},"title":"Conna\u00eetre vos droits","author":"Ulysse Chabredier","date":"30 novembre, 2023","format":false,"excerpt":"Actuellement, alors que les gouvernements nationaux sont cens\u00e9s assurer, sans d\u00e9lai l'enseignement gratuit et obligatoire pour tous, le droit des parents \u00e0 choisir le mode d\u2019instruction de leur enfant est selon l\u2019ONU \"viol\u00e9, \u00e0 un degr\u00e9 plus ou moins grand, dans tous les pays du monde\". Cette non reconnaissance de\u2026","rel":"","context":"Article similaire","block_context":{"text":"Article similaire","link":""},"img":{"alt_text":"","src":"https:\/\/i0.wp.com\/alliasbl.lu\/wp-content\/uploads\/2023\/12\/capture-decran-2023-12-30-a-10.36.56.png?resize=350%2C200&ssl=1","width":350,"height":200,"srcset":"https:\/\/i0.wp.com\/alliasbl.lu\/wp-content\/uploads\/2023\/12\/capture-decran-2023-12-30-a-10.36.56.png?resize=350%2C200&ssl=1 1x, https:\/\/i0.wp.com\/alliasbl.lu\/wp-content\/uploads\/2023\/12\/capture-decran-2023-12-30-a-10.36.56.png?resize=525%2C300&ssl=1 1.5x, https:\/\/i0.wp.com\/alliasbl.lu\/wp-content\/uploads\/2023\/12\/capture-decran-2023-12-30-a-10.36.56.png?resize=700%2C400&ssl=1 2x"},"classes":[]}],"ticketed":false,"_links":{"self":[{"href":"https:\/\/alliasbl.lu\/fr\/wp-json\/wp\/v2\/pages\/168","targetHints":{"allow":["GET"]}}],"collection":[{"href":"https:\/\/alliasbl.lu\/fr\/wp-json\/wp\/v2\/pages"}],"about":[{"href":"https:\/\/alliasbl.lu\/fr\/wp-json\/wp\/v2\/types\/page"}],"author":[{"embeddable":true,"href":"https:\/\/alliasbl.lu\/fr\/wp-json\/wp\/v2\/users\/56883116"}],"replies":[{"embeddable":true,"href":"https:\/\/alliasbl.lu\/fr\/wp-json\/wp\/v2\/comments?post=168"}],"version-history":[{"count":22,"href":"https:\/\/alliasbl.lu\/fr\/wp-json\/wp\/v2\/pages\/168\/revisions"}],"predecessor-version":[{"id":956,"href":"https:\/\/alliasbl.lu\/fr\/wp-json\/wp\/v2\/pages\/168\/revisions\/956"}],"up":[{"embeddable":true,"href":"https:\/\/alliasbl.lu\/fr\/wp-json\/wp\/v2\/pages\/78"}],"wp:attachment":[{"href":"https:\/\/alliasbl.lu\/fr\/wp-json\/wp\/v2\/media?parent=168"}],"curies":[{"name":"wp","href":"https:\/\/api.w.org\/{rel}","templated":true}]}}