{"id":108,"date":"2024-02-04T15:56:24","date_gmt":"2024-02-04T15:56:24","guid":{"rendered":"https:\/\/alliasbl.lu\/?page_id=108"},"modified":"2026-02-12T16:36:47","modified_gmt":"2026-02-12T15:36:47","slug":"actualites","status":"publish","type":"page","link":"https:\/\/alliasbl.lu\/fr\/actualites\/","title":{"rendered":"Blog"},"content":{"rendered":"<ul class=\"wp-block-latest-posts__list wp-block-latest-posts\"><li><a class=\"wp-block-latest-posts__post-title\" href=\"https:\/\/alliasbl.lu\/fr\/2026\/04\/24\/%f0%9f%93%a2-workshop-17-june-2026\/\">\ud83d\udce2 Workshop \u2013 17 June 2026<\/a><\/li>\n<li><a class=\"wp-block-latest-posts__post-title\" href=\"https:\/\/alliasbl.lu\/fr\/2026\/03\/31\/futureed-leducation-a-lepreuve-des-droits\/\">FutureEd : l&rsquo;\u00e9ducation \u00e0 l&rsquo;\u00e9preuve des droits<\/a><\/li>\n<li><a class=\"wp-block-latest-posts__post-title\" href=\"https:\/\/alliasbl.lu\/fr\/2026\/03\/20\/podcasthon-2026\/\">Podcasthon 2026<\/a><\/li>\n<li><a class=\"wp-block-latest-posts__post-title\" href=\"https:\/\/alliasbl.lu\/fr\/2026\/02\/13\/assemblee-generale-15-mars-2026\/\">Assembl\u00e9e g\u00e9n\u00e9rale 15 mars 2026<\/a><\/li>\n<li><a class=\"wp-block-latest-posts__post-title\" href=\"https:\/\/alliasbl.lu\/fr\/2025\/12\/10\/%f0%9f%8c%8d-futureed-learning-planet-festival-janvier-2026\/\">\ud83c\udf0d FutureEd @ Learning Planet Festival \u2013 Janvier 2026<\/a><\/li>\n<\/ul>\n\n\n<div style=\"margin-top:0;margin-bottom:0;height:0px;width:0px\" aria-hidden=\"true\" class=\"wp-block-spacer\"><\/div>\n\n\n\n<div class=\"wp-block-columns alignwide is-layout-flex wp-container-core-columns-is-layout-32aa975b wp-block-columns-is-layout-flex\">\n<div class=\"wp-block-column is-layout-flow wp-block-column-is-layout-flow\" style=\"flex-basis:60%\">\n<div class=\"wp-block-query is-layout-flow wp-block-query-is-layout-flow\">\n<div class=\"wp-block-columns is-layout-flex wp-container-core-columns-is-layout-3a88641f wp-block-columns-is-layout-flex\">\n<div class=\"wp-block-column is-layout-flow wp-block-column-is-layout-flow\">\t<div\n\t\tclass=\"wp-block-newspack-blocks-homepage-articles  wpnbha show-image image-aligntop ts-4 is-3 is-uncropped  has-text-align-left\"\n\t\tstyle=\"\"\n\t\t>\n\t\t\t\t\t<style id=\"newspack-blocks-inline-css\" type=\"text\/css\">\t\t.wp-block-newspack-blocks-homepage-articles article .entry-title {\n\t\t\tfont-size: 1.2em;\n\t\t}\n\t\t.wp-block-newspack-blocks-homepage-articles .entry-meta {\n\t\t\tdisplay: flex;\n\t\t\tflex-wrap: wrap;\n\t\t\talign-items: center;\n\t\t\tmargin-top: 0.5em;\n\t\t}\n\t\t.wp-block-newspack-blocks-homepage-articles article .entry-meta {\n\t\t\tfont-size: 0.8em;\n\t\t}\n\t\t.wp-block-newspack-blocks-homepage-articles article .avatar {\n\t\t\theight: 25px;\n\t\t\twidth: 25px;\n\t\t}\n\t\t.wp-block-newspack-blocks-homepage-articles .post-thumbnail{\n\t\t\tmargin: 0;\n\t\t\tmargin-bottom: 0.25em;\n\t\t}\n\t\t.wp-block-newspack-blocks-homepage-articles .post-thumbnail img {\n\t\t\theight: auto;\n\t\t\twidth: 100%;\n\t\t}\n\t\t.wp-block-newspack-blocks-homepage-articles .post-thumbnail figcaption {\n\t\t\tmargin-bottom: 0.5em;\n\t\t}\n\t\t.wp-block-newspack-blocks-homepage-articles p {\n\t\t\tmargin: 0.5em 0;\n\t\t}\n\n\t\t\t<\/style>\n\t\t\t\t<div data-posts data-current-post-id=\"108\">\n\t\t\t\t\t\t\n\t<article data-post-id=\"1595\"\n\t\tclass=\"category-event type-post\"\n\t\t\t\t>\n\t\t\t\t\n\t\t<div class=\"entry-wrapper\">\n\t\t\t<h2 class=\"entry-title\"><a href=\"https:\/\/alliasbl.lu\/fr\/2026\/04\/24\/%f0%9f%93%a2-workshop-17-june-2026\/\" rel=\"bookmark\">\ud83d\udce2 Workshop \u2013 17 June 2026<\/a><\/h2>\t\t\t\t\t\t<p>What if students didn\u2019t just learn about rights\u2014but actually lived them every day at school? This certified training \u2014 \u201cFC-10D-115 \u00b7 From Rights to Action: Human Rights, Democratic Education, and Digital Citizenship\u201d \u2014 featured in the catalogue of the Institut de formation de l&rsquo;\u00c9ducation nationale (IFEN), invites you to explore practical ways to bring participation,\u2026<\/p>\n\t\t\t\t<div class=\"entry-meta\">\n\t\t\t\t\t<a href=\"https:\/\/alliasbl.lu\/fr\/author\/alliasbl\/\"><img alt='' src='https:\/\/secure.gravatar.com\/avatar\/f73a78f8c75844cc55edd8e9bd1c8d03c97749628d01acbdc30d66e14874ed49?s=48&#038;d=identicon&#038;r=g' srcset='https:\/\/secure.gravatar.com\/avatar\/f73a78f8c75844cc55edd8e9bd1c8d03c97749628d01acbdc30d66e14874ed49?s=96&#038;d=identicon&#038;r=g 2x' class='avatar avatar-48 photo' height='48' width='48' \/><\/a>\t\t\t\t\t\t<span class=\"byline\">\n\t\t\t\t\t\t\t<span class=\"author-prefix\">par<\/span> <span class=\"author vcard\"><a class=\"url fn n\" href=\"https:\/\/alliasbl.lu\/fr\/author\/alliasbl\/\">alliasbl<\/a><\/span>\t\t\t\t\t\t<\/span><!-- .author-name -->\n\t\t\t\t\t\t<time class=\"entry-date published updated\" datetime=\"2026-04-24T08:04:06+02:00\">24 avril, 2026<\/time>\t\t\t\t<\/div><!-- .entry-meta -->\n\t\t\t\t\t<\/div><!-- .entry-wrapper -->\n\t<\/article>\n\n\t\t\n\t<article data-post-id=\"1490\"\n\t\tclass=\"category-uncategorized type-post\"\n\t\t\t\t>\n\t\t\t\t\n\t\t<div class=\"entry-wrapper\">\n\t\t\t<h2 class=\"entry-title\"><a href=\"https:\/\/alliasbl.lu\/fr\/2026\/03\/31\/futureed-leducation-a-lepreuve-des-droits\/\" rel=\"bookmark\">FutureEd : l&rsquo;\u00e9ducation \u00e0 l&rsquo;\u00e9preuve des droits<\/a><\/h2>\t\t\t\t\t\t<p>FutureEd : et si vous participiez \u00e0 construire l\u2019\u00e9ducation de demain ? Ce guide,\u00a0\u00ab FutureEd : Construire ensemble une \u00e9ducation ax\u00e9e sur les droits pour un avenir durable \u00bb, constitue la premi\u00e8re \u00e9tape d\u2019un travail plus vaste, qui sera enrichi par des retours de terrain et des pratiques concr\u00e8tes. Son ambition ? Faire \u00e9voluer les\u2026<\/p>\n\t\t\t\t<div class=\"entry-meta\">\n\t\t\t\t\t<a href=\"https:\/\/alliasbl.lu\/fr\/author\/alliasbl\/\"><img alt='' src='https:\/\/secure.gravatar.com\/avatar\/f73a78f8c75844cc55edd8e9bd1c8d03c97749628d01acbdc30d66e14874ed49?s=48&#038;d=identicon&#038;r=g' srcset='https:\/\/secure.gravatar.com\/avatar\/f73a78f8c75844cc55edd8e9bd1c8d03c97749628d01acbdc30d66e14874ed49?s=96&#038;d=identicon&#038;r=g 2x' class='avatar avatar-48 photo' height='48' width='48' \/><\/a>\t\t\t\t\t\t<span class=\"byline\">\n\t\t\t\t\t\t\t<span class=\"author-prefix\">par<\/span> <span class=\"author vcard\"><a class=\"url fn n\" href=\"https:\/\/alliasbl.lu\/fr\/author\/alliasbl\/\">alliasbl<\/a><\/span>\t\t\t\t\t\t<\/span><!-- .author-name -->\n\t\t\t\t\t\t<time class=\"entry-date published\" datetime=\"2026-03-31T16:41:56+02:00\">31 mars, 2026<\/time><time class=\"updated\" datetime=\"2026-04-09T13:11:43+02:00\">9 avril, 2026<\/time>\t\t\t\t<\/div><!-- .entry-meta -->\n\t\t\t\t\t<\/div><!-- .entry-wrapper -->\n\t<\/article>\n\n\t\t\n\t<article data-post-id=\"1470\"\n\t\tclass=\"category-uncategorized type-post\"\n\t\t\t\t>\n\t\t\t\t\n\t\t<div class=\"entry-wrapper\">\n\t\t\t<h2 class=\"entry-title\"><a href=\"https:\/\/alliasbl.lu\/fr\/2026\/03\/20\/podcasthon-2026\/\" rel=\"bookmark\">Podcasthon 2026<\/a><\/h2>\t\t\t\t\t\t<p>Autour du t\u00e9moignage de Denis Sandrine, enseignante \u00e0 l&rsquo;\u00c9cole Europ\u00e9enne Mamer II, la podcasteuse Anne-Claire Delval a r\u00e9uni deux invit\u00e9es: Katy Zago, repr\u00e9sentant ALLI asbl &#8211; Association Luxembourgeoise pour la Libert\u00e9 d&rsquo;Instruction- et Sophie Le Dorner, porteuse du IDG (Inner Development Goals) Hub \u00ab\u00a0Learning in the Flow of Life\u00a0\u00bb.\u00a0 Il a \u00e9t\u00e9 question de: -\u2026<\/p>\n\t\t\t\t<div class=\"entry-meta\">\n\t\t\t\t\t<a href=\"https:\/\/alliasbl.lu\/fr\/author\/alliasbl\/\"><img alt='' src='https:\/\/secure.gravatar.com\/avatar\/f73a78f8c75844cc55edd8e9bd1c8d03c97749628d01acbdc30d66e14874ed49?s=48&#038;d=identicon&#038;r=g' srcset='https:\/\/secure.gravatar.com\/avatar\/f73a78f8c75844cc55edd8e9bd1c8d03c97749628d01acbdc30d66e14874ed49?s=96&#038;d=identicon&#038;r=g 2x' class='avatar avatar-48 photo' height='48' width='48' \/><\/a>\t\t\t\t\t\t<span class=\"byline\">\n\t\t\t\t\t\t\t<span class=\"author-prefix\">par<\/span> <span class=\"author vcard\"><a class=\"url fn n\" href=\"https:\/\/alliasbl.lu\/fr\/author\/alliasbl\/\">alliasbl<\/a><\/span>\t\t\t\t\t\t<\/span><!-- .author-name -->\n\t\t\t\t\t\t<time class=\"entry-date published\" datetime=\"2026-03-20T13:42:25+01:00\">20 mars, 2026<\/time><time class=\"updated\" datetime=\"2026-03-31T16:52:25+02:00\">31 mars, 2026<\/time>\t\t\t\t<\/div><!-- .entry-meta -->\n\t\t\t\t\t<\/div><!-- .entry-wrapper -->\n\t<\/article>\n\n\t\t\t\t<\/div>\n\t\t\n\t<\/div>\n\t<\/div>\n<\/div>\n<\/div>\n<\/div>\n<\/div>\n\n\n\n<div class=\"wp-block-group alignfull has-accent-3-background-color has-background is-vertical is-content-justification-center is-layout-flex wp-container-core-group-is-layout-87d67ad7 wp-block-group-is-layout-flex\" style=\"min-height:100vh;margin-top:0;margin-bottom:0;padding-top:var(--wp--preset--spacing--60);padding-right:var(--wp--preset--spacing--50);padding-bottom:var(--wp--preset--spacing--60);padding-left:var(--wp--preset--spacing--50)\">\n<div class=\"wp-block-group has-global-padding is-layout-constrained wp-block-group-is-layout-constrained\">\n<figure class=\"wp-block-image aligncenter size-full is-resized\"><img data-recalc-dims=\"1\" decoding=\"async\" src=\"https:\/\/i0.wp.com\/s0.wp.com\/wp-content\/themes\/pub\/twentytwentyfour\/assets\/images\/icon-message.webp?ssl=1\" alt=\"\" style=\"object-fit:cover;width:45px;height:49px\"\/><\/figure>\n\n\n\n<div style=\"height:var(--wp--preset--spacing--10)\" aria-hidden=\"true\" class=\"wp-block-spacer\"><\/div>\n\n\n\n<p class=\"has-text-align-center has-large-font-size wp-block-paragraph\">Si vous souhaitez \u00eatre inform\u00e9(e) de nos actions et des \u00e9v\u00e9nements que nous organisons, vous pouvez-vous abonner \u00e0 notre newsletter ici.<\/p>\n\n\n\n<div style=\"height:16px\" aria-hidden=\"true\" class=\"wp-block-spacer\"><\/div>\n\n\n\n<div class=\"wp-block-buttons is-content-justification-center is-layout-flex wp-container-core-buttons-is-layout-0aa01211 wp-block-buttons-is-layout-flex\">\n<div class=\"wp-block-button\"><a class=\"wp-block-button__link wp-element-button\">S&rsquo;abonner<\/a><\/div>\n<\/div>\n\n\n\n<div style=\"height:16px\" aria-hidden=\"true\" class=\"wp-block-spacer\"><\/div>\n\n\n\n<p class=\"has-text-align-center has-medium-font-size wp-block-paragraph\">Nous en publions entre 1 et 5 par an maximum. <br>Vous pouvez vous d\u00e9sinscrire de notre liste de diffusion \u00e0 tout moment <br>en nous envoyant un courriel intitul\u00e9 \u00ab&nbsp;d\u00e9sabonner&nbsp;\u00bb.<\/p>\n<\/div>\n<\/div>\n","protected":false},"excerpt":{"rendered":"<p>Si vous souhaitez \u00eatre inform\u00e9(e) de nos actions et des \u00e9v\u00e9nements que nous organisons, vous pouvez-vous abonner \u00e0 notre newsletter ici.<\/p>\n","protected":false},"author":56883116,"featured_media":0,"parent":0,"menu_order":0,"comment_status":"closed","ping_status":"closed","template":"","meta":{"_coblocks_attr":"","_coblocks_dimensions":"","_coblocks_responsive_height":"","_coblocks_accordion_ie_support":"","_crdt_document":"","advanced_seo_description":"","jetpack_seo_html_title":"","jetpack_seo_noindex":false,"_price":"","_stock":"","_tribe_ticket_header":"","_tribe_default_ticket_provider":"","_tribe_ticket_capacity":"0","_ticket_start_date":"","_ticket_end_date":"","_tribe_ticket_show_description":"","_tribe_ticket_show_not_going":false,"_tribe_ticket_use_global_stock":"","_tribe_ticket_global_stock_level":"","_global_stock_mode":"","_global_stock_cap":"","_tribe_rsvp_for_event":"","_tribe_ticket_going_count":"","_tribe_ticket_not_going_count":"","_tribe_tickets_list":"[]","_tribe_ticket_has_attendee_info_fields":false,"_EventAllDay":false,"_EventTimezone":"","_EventStartDate":"","_EventEndDate":"","_EventStartDateUTC":"","_EventEndDateUTC":"","_EventShowMap":false,"_EventShowMapLink":false,"_EventURL":"","_EventCost":"","_EventCostDescription":"","_EventCurrencySymbol":"","_EventCurrencyCode":"","_EventCurrencyPosition":"","_EventDateTimeSeparator":"","_EventTimeRangeSeparator":"","_EventOrganizerID":[],"_EventVenueID":[],"_OrganizerEmail":"","_OrganizerPhone":"","_OrganizerWebsite":"","_VenueAddress":"","_VenueCity":"","_VenueCountry":"","_VenueProvince":"","_VenueState":"","_VenueZip":"","_VenuePhone":"","_VenueURL":"","_VenueStateProvince":"","_VenueLat":"","_VenueLng":"","_VenueShowMap":false,"_VenueShowMapLink":false,"footnotes":"","_tec_slr_enabled":"","_tec_slr_layout":""},"class_list":["post-108","page","type-page","status-publish","hentry"],"jetpack_likes_enabled":true,"jetpack_sharing_enabled":true,"jetpack_shortlink":"https:\/\/wp.me\/P9ETog-1K","jetpack-related-posts":[{"id":81,"url":"https:\/\/alliasbl.lu\/fr\/devenir-membre-ou-faire-un-don\/","url_meta":{"origin":108,"position":0},"title":"Devenir membre ou faire un don","author":"Ulysse Chabredier","date":"29 novembre, 2023","format":false,"excerpt":"Toutes les actions men\u00e9es par ALLI asbl sont purement b\u00e9n\u00e9voles. Votre soutien est essentiel pour nous permettre d\u2019exister.","rel":"","context":"Article similaire","block_context":{"text":"Article similaire","link":""},"img":{"alt_text":"","src":"https:\/\/i0.wp.com\/alliasbl.lu\/wp-content\/uploads\/2023\/12\/qr_code_alli_asbl_membership.png?resize=350%2C200&ssl=1","width":350,"height":200,"srcset":"https:\/\/i0.wp.com\/alliasbl.lu\/wp-content\/uploads\/2023\/12\/qr_code_alli_asbl_membership.png?resize=350%2C200&ssl=1 1x, https:\/\/i0.wp.com\/alliasbl.lu\/wp-content\/uploads\/2023\/12\/qr_code_alli_asbl_membership.png?resize=525%2C300&ssl=1 1.5x, https:\/\/i0.wp.com\/alliasbl.lu\/wp-content\/uploads\/2023\/12\/qr_code_alli_asbl_membership.png?resize=700%2C400&ssl=1 2x, https:\/\/i0.wp.com\/alliasbl.lu\/wp-content\/uploads\/2023\/12\/qr_code_alli_asbl_membership.png?resize=1050%2C600&ssl=1 3x, https:\/\/i0.wp.com\/alliasbl.lu\/wp-content\/uploads\/2023\/12\/qr_code_alli_asbl_membership.png?resize=1400%2C800&ssl=1 4x"},"classes":[]},{"id":168,"url":"https:\/\/alliasbl.lu\/fr\/enseignement-a-domicile\/faq\/","url_meta":{"origin":108,"position":1},"title":"FAQ","author":"Ulysse Chabredier","date":"30 novembre, 2023","format":false,"excerpt":"Foire aux questions Peut-on d\u00e9scolariser en cours d\u2019ann\u00e9e\u00a0? Comme le stipule la loi du 29.08.1953 approuvant la Convention de Paris du 20 mars 1952, l\u2019\u00c9tat, dans l\u2019exercice des fonctions qu\u2019il assumera dans le domaine de l\u2019\u00e9ducation et de l\u2019enseignement, respectera le droit des parents d\u2019assurer cette \u00e9ducation et cet enseignement\u2026","rel":"","context":"Article similaire","block_context":{"text":"Article similaire","link":""},"img":{"alt_text":"","src":"https:\/\/i0.wp.com\/alliasbl.lu\/wp-content\/uploads\/2023\/11\/formulaire-faq.png?resize=350%2C200&ssl=1","width":350,"height":200,"srcset":"https:\/\/i0.wp.com\/alliasbl.lu\/wp-content\/uploads\/2023\/11\/formulaire-faq.png?resize=350%2C200&ssl=1 1x, https:\/\/i0.wp.com\/alliasbl.lu\/wp-content\/uploads\/2023\/11\/formulaire-faq.png?resize=525%2C300&ssl=1 1.5x, https:\/\/i0.wp.com\/alliasbl.lu\/wp-content\/uploads\/2023\/11\/formulaire-faq.png?resize=700%2C400&ssl=1 2x, https:\/\/i0.wp.com\/alliasbl.lu\/wp-content\/uploads\/2023\/11\/formulaire-faq.png?resize=1050%2C600&ssl=1 3x"},"classes":[]},{"id":95,"url":"https:\/\/alliasbl.lu\/fr\/notre-association\/","url_meta":{"origin":108,"position":2},"title":"Notre association","author":"Ulysse Chabredier","date":"29 novembre, 2023","format":false,"excerpt":"ALLI asbl fonctionne de mani\u00e8re sociocratique pour favoriser l\u2019autonomie et la motivation intrins\u00e8que des membres participants.","rel":"","context":"Article similaire","block_context":{"text":"Article similaire","link":""},"img":{"alt_text":"","src":"https:\/\/i0.wp.com\/alliasbl.lu\/wp-content\/uploads\/2025\/03\/annual-report-2024-freedom-of-education.png?resize=350%2C200&ssl=1","width":350,"height":200,"srcset":"https:\/\/i0.wp.com\/alliasbl.lu\/wp-content\/uploads\/2025\/03\/annual-report-2024-freedom-of-education.png?resize=350%2C200&ssl=1 1x, https:\/\/i0.wp.com\/alliasbl.lu\/wp-content\/uploads\/2025\/03\/annual-report-2024-freedom-of-education.png?resize=525%2C300&ssl=1 1.5x, https:\/\/i0.wp.com\/alliasbl.lu\/wp-content\/uploads\/2025\/03\/annual-report-2024-freedom-of-education.png?resize=700%2C400&ssl=1 2x"},"classes":[]},{"id":71,"url":"https:\/\/alliasbl.lu\/fr\/se-connecter\/","url_meta":{"origin":108,"position":3},"title":"Contact","author":"Ulysse Chabredier","date":"29 novembre, 2023","format":false,"excerpt":"Des activit\u00e9s r\u00e9guli\u00e8res ont lieu entre familles non scolarisantes. Vous \u00eates les bienvenus pour aller \u00e0 leur rencontre et \u00e9changer avec elles, afin de vous aider \u00e0 faire le choix de d\u00e9scolariser ou pas, et pour faire de nouvelles connaissances.","rel":"","context":"Article similaire","block_context":{"text":"Article similaire","link":""},"img":{"alt_text":"","src":"https:\/\/i0.wp.com\/alliasbl.lu\/wp-content\/uploads\/2023\/11\/pexels-cottonbro-studio-4659806.jpg?resize=350%2C200&ssl=1","width":350,"height":200,"srcset":"https:\/\/i0.wp.com\/alliasbl.lu\/wp-content\/uploads\/2023\/11\/pexels-cottonbro-studio-4659806.jpg?resize=350%2C200&ssl=1 1x, https:\/\/i0.wp.com\/alliasbl.lu\/wp-content\/uploads\/2023\/11\/pexels-cottonbro-studio-4659806.jpg?resize=525%2C300&ssl=1 1.5x, https:\/\/i0.wp.com\/alliasbl.lu\/wp-content\/uploads\/2023\/11\/pexels-cottonbro-studio-4659806.jpg?resize=700%2C400&ssl=1 2x, https:\/\/i0.wp.com\/alliasbl.lu\/wp-content\/uploads\/2023\/11\/pexels-cottonbro-studio-4659806.jpg?resize=1050%2C600&ssl=1 3x, https:\/\/i0.wp.com\/alliasbl.lu\/wp-content\/uploads\/2023\/11\/pexels-cottonbro-studio-4659806.jpg?resize=1400%2C800&ssl=1 4x"},"classes":[]},{"id":1351,"url":"https:\/\/alliasbl.lu\/fr\/projet-2\/","url_meta":{"origin":108,"position":4},"title":"Projets","author":"alliasbl","date":"23 d\u00e9cembre, 2025","format":false,"excerpt":"FutureEd \u2013 Une \u00e9ducation centr\u00e9e sur les droits FutureEd est un projet Erasmus+ qui place les droits humains au c\u0153ur de l\u2019\u00e9ducation. Il accompagne \u00e9coles, jeunes et communaut\u00e9s d\u2019apprentissage pour promouvoir la dignit\u00e9, la participation et la responsabilit\u00e9, fondements de soci\u00e9t\u00e9s d\u00e9mocratiques et durables. Avec une approche collaborative, FutureEd cr\u00e9e\u2026","rel":"","context":"Article similaire","block_context":{"text":"Article similaire","link":""},"img":{"alt_text":"","src":"https:\/\/i0.wp.com\/alliasbl.lu\/wp-content\/uploads\/2025\/12\/Capture-decran-2025-10-24-a-21.52.37-1.png?resize=350%2C200&ssl=1","width":350,"height":200,"srcset":"https:\/\/i0.wp.com\/alliasbl.lu\/wp-content\/uploads\/2025\/12\/Capture-decran-2025-10-24-a-21.52.37-1.png?resize=350%2C200&ssl=1 1x, https:\/\/i0.wp.com\/alliasbl.lu\/wp-content\/uploads\/2025\/12\/Capture-decran-2025-10-24-a-21.52.37-1.png?resize=525%2C300&ssl=1 1.5x, https:\/\/i0.wp.com\/alliasbl.lu\/wp-content\/uploads\/2025\/12\/Capture-decran-2025-10-24-a-21.52.37-1.png?resize=700%2C400&ssl=1 2x"},"classes":[]},{"id":212,"url":"https:\/\/alliasbl.lu\/fr\/enseignement-a-domicile\/en-pratique\/","url_meta":{"origin":108,"position":5},"title":"En pratique\u2026","author":"Ulysse Chabredier","date":"30 novembre, 2023","format":false,"excerpt":"Les droits de l'homme ont \u00e9t\u00e9 cr\u00e9\u00e9s pour prot\u00e9ger les individus de l'arbitraire des gouvernements. Notons dans un tel contexte la d\u00e9claration suivante, tr\u00e8s \u00e0 propos, d\u2019autant plus que la libert\u00e9 de l\u2019enseignement doit s\u2019exercer dans\u00a0le respect\u00a0des valeurs d\u2019une soci\u00e9t\u00e9 d\u00e9mocratique fond\u00e9e sur les droits fondamentaux et les libert\u00e9s publiques\u2026","rel":"","context":"Article similaire","block_context":{"text":"Article similaire","link":""},"img":{"alt_text":"","src":"https:\/\/i0.wp.com\/alliasbl.lu\/wp-content\/uploads\/2023\/11\/pexels-julia-m-cameron-4145347-edited.jpg?resize=350%2C200&ssl=1","width":350,"height":200,"srcset":"https:\/\/i0.wp.com\/alliasbl.lu\/wp-content\/uploads\/2023\/11\/pexels-julia-m-cameron-4145347-edited.jpg?resize=350%2C200&ssl=1 1x, https:\/\/i0.wp.com\/alliasbl.lu\/wp-content\/uploads\/2023\/11\/pexels-julia-m-cameron-4145347-edited.jpg?resize=525%2C300&ssl=1 1.5x, https:\/\/i0.wp.com\/alliasbl.lu\/wp-content\/uploads\/2023\/11\/pexels-julia-m-cameron-4145347-edited.jpg?resize=700%2C400&ssl=1 2x, https:\/\/i0.wp.com\/alliasbl.lu\/wp-content\/uploads\/2023\/11\/pexels-julia-m-cameron-4145347-edited.jpg?resize=1050%2C600&ssl=1 3x, https:\/\/i0.wp.com\/alliasbl.lu\/wp-content\/uploads\/2023\/11\/pexels-julia-m-cameron-4145347-edited.jpg?resize=1400%2C800&ssl=1 4x"},"classes":[]}],"ticketed":false,"_links":{"self":[{"href":"https:\/\/alliasbl.lu\/fr\/wp-json\/wp\/v2\/pages\/108","targetHints":{"allow":["GET"]}}],"collection":[{"href":"https:\/\/alliasbl.lu\/fr\/wp-json\/wp\/v2\/pages"}],"about":[{"href":"https:\/\/alliasbl.lu\/fr\/wp-json\/wp\/v2\/types\/page"}],"author":[{"embeddable":true,"href":"https:\/\/alliasbl.lu\/fr\/wp-json\/wp\/v2\/users\/56883116"}],"replies":[{"embeddable":true,"href":"https:\/\/alliasbl.lu\/fr\/wp-json\/wp\/v2\/comments?post=108"}],"version-history":[{"count":38,"href":"https:\/\/alliasbl.lu\/fr\/wp-json\/wp\/v2\/pages\/108\/revisions"}],"predecessor-version":[{"id":1426,"href":"https:\/\/alliasbl.lu\/fr\/wp-json\/wp\/v2\/pages\/108\/revisions\/1426"}],"wp:attachment":[{"href":"https:\/\/alliasbl.lu\/fr\/wp-json\/wp\/v2\/media?parent=108"}],"curies":[{"name":"wp","href":"https:\/\/api.w.org\/{rel}","templated":true}]}}