{"id":71,"date":"2023-11-29T11:19:54","date_gmt":"2023-11-29T11:19:54","guid":{"rendered":"https:\/\/alliasbl.lu\/?page_id=71"},"modified":"2025-11-01T08:13:52","modified_gmt":"2025-11-01T07:13:52","slug":"sign-in","status":"publish","type":"page","link":"https:\/\/alliasbl.lu\/en\/se-connecter\/","title":{"rendered":"Contact"},"content":{"rendered":"<div class=\"wp-block-group alignfull has-accent-background-color has-background has-global-padding is-layout-constrained wp-container-core-group-is-layout-73128380 wp-block-group-is-layout-constrained\" style=\"margin-top:0;margin-bottom:0;padding-top:var(--wp--preset--spacing--50);padding-right:var(--wp--preset--spacing--50);padding-bottom:var(--wp--preset--spacing--50);padding-left:var(--wp--preset--spacing--50)\">\n<div class=\"wp-block-columns alignwide is-layout-flex wp-container-core-columns-is-layout-a0d91a25 wp-block-columns-is-layout-flex\">\n<div class=\"wp-block-column is-vertically-aligned-stretch is-layout-flow wp-block-column-is-layout-flow\" style=\"flex-basis:50%\">\n<div class=\"wp-block-group is-vertical is-content-justification-stretch is-layout-flex wp-container-core-group-is-layout-c042bc37 wp-block-group-is-layout-flex\" style=\"min-height:100%\">\n<p class=\"has-text-align-center wp-block-paragraph\">The general contact for the association is <a href=\"mailto:alliasbl@gmail.com\">alliasbl@gmail.com<\/a>.<br><br><strong>Every 3rd Sunday of the month<\/strong>, a <strong>virtual information meeting<\/strong> is organized in the morning to help answer your questions about home schooling in Luxembourg. Register by e-mail at <a href=\"mailto:alliasbl@gmail.com\">alliasbl@gmail.com<\/a><\/p>\n\n\n\n<p class=\"has-text-align-center wp-block-paragraph\">Regular activities take place between families who do not attend school. You are welcome to meet and talk with them, to help you decide whether or not to drop out.<\/p>\n\n\n\n<p class=\"has-text-align-center wp-block-paragraph\">Send an email to <a href=\"mailto:alli.connect@outlook.com\">alli.connect@outlook.com<\/a> to get in touch and find out about <strong>meetings<\/strong>.<\/p>\n\n\n\n<p class=\"has-text-align-center wp-block-paragraph\">A signal group for <strong>teenagers<\/strong> also exists, and the contact person is <a href=\"mailto:janicehammersmith@gmail.com\">janicehammersmith@gmail.com<\/a>.<\/p>\n\n\n\n<p class=\"has-text-align-center wp-block-paragraph\">You can also ask questions and send private messages to our group <strong>Facebook \"<\/strong><strong>&nbsp;<\/strong><strong>Home Education in Luxembourg<\/strong><strong>&nbsp;<\/strong><strong>\"<\/strong><br><a href=\"https:\/\/www.facebook.com\/groups\/248275408672476\">https:\/\/www.facebook.com\/groups\/248275408672476<\/a>.<\/p>\n\n\n\n<p class=\"has-text-align-center wp-block-paragraph\"><\/p>\n\n\n\n<p class=\"has-text-align-center wp-block-paragraph\"><\/p>\n<\/div>\n<\/div>\n\n\n\n<div class=\"wp-block-column is-vertically-aligned-center is-layout-flow wp-block-column-is-layout-flow\" style=\"flex-basis:50%\">\n<figure class=\"wp-block-image aligncenter size-large is-resized is-style-rounded is-style-rounded--1\"><img data-recalc-dims=\"1\" fetchpriority=\"high\" decoding=\"async\" width=\"4000\" height=\"6000\" data-attachment-id=\"76\" data-permalink=\"https:\/\/alliasbl.lu\/en\/se-connecter\/pexels-cottonbro-studio-4659806\/\" data-orig-file=\"https:\/\/i0.wp.com\/alliasbl.lu\/wp-content\/uploads\/2023\/11\/pexels-cottonbro-studio-4659806.jpg?fit=4000%2C6000&amp;ssl=1\" data-orig-size=\"4000,6000\" data-comments-opened=\"1\" data-image-meta=\"{&quot;aperture&quot;:&quot;0&quot;,&quot;credit&quot;:&quot;&quot;,&quot;camera&quot;:&quot;&quot;,&quot;caption&quot;:&quot;&quot;,&quot;created_timestamp&quot;:&quot;0&quot;,&quot;copyright&quot;:&quot;&quot;,&quot;focal_length&quot;:&quot;0&quot;,&quot;iso&quot;:&quot;0&quot;,&quot;shutter_speed&quot;:&quot;0&quot;,&quot;title&quot;:&quot;&quot;,&quot;orientation&quot;:&quot;0&quot;}\" data-image-title=\"pexels-cottonbro-studio-4659806\" data-image-description=\"\" data-image-caption=\"\" data-large-file=\"https:\/\/i0.wp.com\/alliasbl.lu\/wp-content\/uploads\/2023\/11\/pexels-cottonbro-studio-4659806.jpg?fit=683%2C1024&amp;ssl=1\" src=\"https:\/\/i0.wp.com\/alliasbl.lu\/wp-content\/uploads\/2023\/11\/pexels-cottonbro-studio-4659806.jpg?resize=4000%2C6000&#038;ssl=1\" alt=\"\" class=\"wp-image-76\" style=\"aspect-ratio:0.75;object-fit:cover;width:478px;height:auto\"\/><\/figure>\n<\/div>\n<\/div>\n<\/div>\n\n\n\n<div class=\"wp-block-group alignfull has-global-padding is-layout-constrained wp-container-core-group-is-layout-36f65c2d wp-block-group-is-layout-constrained\" style=\"margin-top:0;margin-bottom:0;padding-top:var(--wp--preset--spacing--50);padding-right:var(--wp--preset--spacing--50);padding-bottom:var(--wp--preset--spacing--50);padding-left:var(--wp--preset--spacing--50)\">\n<div class=\"wp-block-group alignwide has-base-2-background-color has-background is-layout-flow wp-block-group-is-layout-flow\" style=\"border-radius:16px;padding-top:var(--wp--preset--spacing--50);padding-right:var(--wp--preset--spacing--50);padding-bottom:var(--wp--preset--spacing--50);padding-left:var(--wp--preset--spacing--50)\">\n<p class=\"has-text-align-center wp-block-paragraph\"><\/p>\n\n\n\n<div style=\"height:var(--wp--preset--spacing--10)\" aria-hidden=\"true\" class=\"wp-block-spacer\"><\/div>\n\n\n\n<div class=\"wp-block-group alignwide is-content-justification-center is-layout-flex wp-container-core-group-is-layout-94904b0f wp-block-group-is-layout-flex\" style=\"padding-top:0;padding-right:0;padding-bottom:0;padding-left:0\">\n\n\n\n\n\n\n\n<\/div>\n<\/div>\n<\/div>","protected":false},"excerpt":{"rendered":"<p>Regular activities take place between non-school-going families.<br \/>\nVous \u00eates les bienvenus pour aller \u00e0 leur rencontre et \u00e9changer avec elles, afin de vous aider \u00e0 faire le choix de d\u00e9scolariser ou pas, et pour faire de nouvelles connaissances.<\/p>","protected":false},"author":56883116,"featured_media":0,"parent":0,"menu_order":0,"comment_status":"closed","ping_status":"closed","template":"","meta":{"_coblocks_attr":"","_coblocks_dimensions":"","_coblocks_responsive_height":"","_coblocks_accordion_ie_support":"","_crdt_document":"","advanced_seo_description":"","jetpack_seo_html_title":"","jetpack_seo_noindex":false,"_price":"","_stock":"","_tribe_ticket_header":"","_tribe_default_ticket_provider":"","_tribe_ticket_capacity":"0","_ticket_start_date":"","_ticket_end_date":"","_tribe_ticket_show_description":"","_tribe_ticket_show_not_going":false,"_tribe_ticket_use_global_stock":"","_tribe_ticket_global_stock_level":"","_global_stock_mode":"","_global_stock_cap":"","_tribe_rsvp_for_event":"","_tribe_ticket_going_count":"","_tribe_ticket_not_going_count":"","_tribe_tickets_list":"[]","_tribe_ticket_has_attendee_info_fields":false,"_EventAllDay":false,"_EventTimezone":"","_EventStartDate":"","_EventEndDate":"","_EventStartDateUTC":"","_EventEndDateUTC":"","_EventShowMap":false,"_EventShowMapLink":false,"_EventURL":"","_EventCost":"","_EventCostDescription":"","_EventCurrencySymbol":"","_EventCurrencyCode":"","_EventCurrencyPosition":"","_EventDateTimeSeparator":"","_EventTimeRangeSeparator":"","_EventOrganizerID":[],"_EventVenueID":[],"_OrganizerEmail":"","_OrganizerPhone":"","_OrganizerWebsite":"","_VenueAddress":"","_VenueCity":"","_VenueCountry":"","_VenueProvince":"","_VenueState":"","_VenueZip":"","_VenuePhone":"","_VenueURL":"","_VenueStateProvince":"","_VenueLat":"","_VenueLng":"","_VenueShowMap":false,"_VenueShowMapLink":false,"footnotes":"","_tec_slr_enabled":"","_tec_slr_layout":""},"class_list":["post-71","page","type-page","status-publish","hentry"],"jetpack_likes_enabled":true,"jetpack_sharing_enabled":true,"jetpack_shortlink":"https:\/\/wp.me\/P9ETog-19","jetpack-related-posts":[{"id":81,"url":"https:\/\/alliasbl.lu\/en\/devenir-membre-ou-faire-un-don\/","url_meta":{"origin":71,"position":0},"title":"Become a member or make a donation","author":"Ulysse Chabredier","date":"29 November, 2023","format":false,"excerpt":"All the work carried out by ALLI asbl is purely voluntary. Your support is essential to enable us to exist.","rel":"","context":"Similar post","block_context":{"text":"Similar post","link":""},"img":{"alt_text":"","src":"https:\/\/i0.wp.com\/alliasbl.lu\/wp-content\/uploads\/2023\/12\/qr_code_alli_asbl_membership.png?resize=350%2C200&ssl=1","width":350,"height":200,"srcset":"https:\/\/i0.wp.com\/alliasbl.lu\/wp-content\/uploads\/2023\/12\/qr_code_alli_asbl_membership.png?resize=350%2C200&ssl=1 1x, https:\/\/i0.wp.com\/alliasbl.lu\/wp-content\/uploads\/2023\/12\/qr_code_alli_asbl_membership.png?resize=525%2C300&ssl=1 1.5x, https:\/\/i0.wp.com\/alliasbl.lu\/wp-content\/uploads\/2023\/12\/qr_code_alli_asbl_membership.png?resize=700%2C400&ssl=1 2x, https:\/\/i0.wp.com\/alliasbl.lu\/wp-content\/uploads\/2023\/12\/qr_code_alli_asbl_membership.png?resize=1050%2C600&ssl=1 3x, https:\/\/i0.wp.com\/alliasbl.lu\/wp-content\/uploads\/2023\/12\/qr_code_alli_asbl_membership.png?resize=1400%2C800&ssl=1 4x"},"classes":[]},{"id":212,"url":"https:\/\/alliasbl.lu\/en\/enseignement-a-domicile\/en-pratique\/","url_meta":{"origin":71,"position":1},"title":"In practice...","author":"Ulysse Chabredier","date":"30 November, 2023","format":false,"excerpt":"Human rights were created to protect individuals from the arbitrary actions of governments. In such a context, let us note the following very pertinent statement, all the more so as the freedom of teaching must be exercised with respect for the values of a democratic society founded on fundamental rights and public liberties\u2026","rel":"","context":"Similar post","block_context":{"text":"Similar post","link":""},"img":{"alt_text":"","src":"https:\/\/i0.wp.com\/alliasbl.lu\/wp-content\/uploads\/2023\/11\/pexels-julia-m-cameron-4145347-edited.jpg?resize=350%2C200&ssl=1","width":350,"height":200,"srcset":"https:\/\/i0.wp.com\/alliasbl.lu\/wp-content\/uploads\/2023\/11\/pexels-julia-m-cameron-4145347-edited.jpg?resize=350%2C200&ssl=1 1x, https:\/\/i0.wp.com\/alliasbl.lu\/wp-content\/uploads\/2023\/11\/pexels-julia-m-cameron-4145347-edited.jpg?resize=525%2C300&ssl=1 1.5x, https:\/\/i0.wp.com\/alliasbl.lu\/wp-content\/uploads\/2023\/11\/pexels-julia-m-cameron-4145347-edited.jpg?resize=700%2C400&ssl=1 2x, https:\/\/i0.wp.com\/alliasbl.lu\/wp-content\/uploads\/2023\/11\/pexels-julia-m-cameron-4145347-edited.jpg?resize=1050%2C600&ssl=1 3x, https:\/\/i0.wp.com\/alliasbl.lu\/wp-content\/uploads\/2023\/11\/pexels-julia-m-cameron-4145347-edited.jpg?resize=1400%2C800&ssl=1 4x"},"classes":[]},{"id":168,"url":"https:\/\/alliasbl.lu\/en\/enseignement-a-domicile\/faq\/","url_meta":{"origin":71,"position":2},"title":"FAQ","author":"Ulysse Chabredier","date":"30 November, 2023","format":false,"excerpt":"Frequently asked questions: Can you deregister a child during the school year? As stipulated by the law of 29.08.1953 approving the Paris Convention of 20 March 1952, the State, in exercising the functions it will assume in the field of education and teaching, shall respect the right of parents to provide this education and teaching\u2026","rel":"","context":"Similar post","block_context":{"text":"Similar post","link":""},"img":{"alt_text":"","src":"https:\/\/i0.wp.com\/alliasbl.lu\/wp-content\/uploads\/2023\/11\/formulaire-faq.png?resize=350%2C200&ssl=1","width":350,"height":200,"srcset":"https:\/\/i0.wp.com\/alliasbl.lu\/wp-content\/uploads\/2023\/11\/formulaire-faq.png?resize=350%2C200&ssl=1 1x, https:\/\/i0.wp.com\/alliasbl.lu\/wp-content\/uploads\/2023\/11\/formulaire-faq.png?resize=525%2C300&ssl=1 1.5x, https:\/\/i0.wp.com\/alliasbl.lu\/wp-content\/uploads\/2023\/11\/formulaire-faq.png?resize=700%2C400&ssl=1 2x, https:\/\/i0.wp.com\/alliasbl.lu\/wp-content\/uploads\/2023\/11\/formulaire-faq.png?resize=1050%2C600&ssl=1 3x"},"classes":[]},{"id":202,"url":"https:\/\/alliasbl.lu\/en\/enseignement-a-domicile\/connaitre-vos-droits\/","url_meta":{"origin":71,"position":3},"title":"Knowing your rights","author":"Ulysse Chabredier","date":"30 November, 2023","format":false,"excerpt":"Actuellement, alors que les gouvernements nationaux sont cens\u00e9s assurer, sans d\u00e9lai l'enseignement gratuit et obligatoire pour tous, le droit des parents \u00e0 choisir le mode d\u2019instruction de leur enfant est selon l\u2019ONU \"viol\u00e9, \u00e0 un degr\u00e9 plus ou moins grand, dans tous les pays du monde\". Cette non reconnaissance de\u2026","rel":"","context":"Similar post","block_context":{"text":"Similar post","link":""},"img":{"alt_text":"","src":"https:\/\/i0.wp.com\/alliasbl.lu\/wp-content\/uploads\/2023\/12\/capture-decran-2023-12-30-a-10.36.56.png?resize=350%2C200&ssl=1","width":350,"height":200,"srcset":"https:\/\/i0.wp.com\/alliasbl.lu\/wp-content\/uploads\/2023\/12\/capture-decran-2023-12-30-a-10.36.56.png?resize=350%2C200&ssl=1 1x, https:\/\/i0.wp.com\/alliasbl.lu\/wp-content\/uploads\/2023\/12\/capture-decran-2023-12-30-a-10.36.56.png?resize=525%2C300&ssl=1 1.5x, https:\/\/i0.wp.com\/alliasbl.lu\/wp-content\/uploads\/2023\/12\/capture-decran-2023-12-30-a-10.36.56.png?resize=700%2C400&ssl=1 2x"},"classes":[]},{"id":189,"url":"https:\/\/alliasbl.lu\/en\/enseignement-a-domicile\/pourquoi-apprendre-hors-ecole\/","url_meta":{"origin":71,"position":4},"title":"Why learn outside school?","author":"Ulysse Chabredier","date":"30 November, 2023","format":false,"excerpt":"Les raisons qui poussent certaines familles \u00e0 ne pas scolariser leur\u00a0enfant* sont diverses. On peut citer : la volont\u00e9 de respecter les rythmes et les motivations de l\u2019enfant la volont\u00e9 de ne pas placer\u00a0l\u2019enfant\u00a0dans une relation de dominant\/domin\u00e9 la volont\u00e9 de ne pas mettre\u00a0l\u2019enfant\u00a0en situation de comp\u00e9tition malsaine la volont\u00e9\u2026","rel":"","context":"Similar post","block_context":{"text":"Similar post","link":""},"img":{"alt_text":"","src":"https:\/\/i0.wp.com\/alliasbl.lu\/wp-content\/uploads\/2023\/11\/pexels-julia-m-cameron-4145347-edited.jpg?resize=350%2C200&ssl=1","width":350,"height":200,"srcset":"https:\/\/i0.wp.com\/alliasbl.lu\/wp-content\/uploads\/2023\/11\/pexels-julia-m-cameron-4145347-edited.jpg?resize=350%2C200&ssl=1 1x, https:\/\/i0.wp.com\/alliasbl.lu\/wp-content\/uploads\/2023\/11\/pexels-julia-m-cameron-4145347-edited.jpg?resize=525%2C300&ssl=1 1.5x, https:\/\/i0.wp.com\/alliasbl.lu\/wp-content\/uploads\/2023\/11\/pexels-julia-m-cameron-4145347-edited.jpg?resize=700%2C400&ssl=1 2x, https:\/\/i0.wp.com\/alliasbl.lu\/wp-content\/uploads\/2023\/11\/pexels-julia-m-cameron-4145347-edited.jpg?resize=1050%2C600&ssl=1 3x, https:\/\/i0.wp.com\/alliasbl.lu\/wp-content\/uploads\/2023\/11\/pexels-julia-m-cameron-4145347-edited.jpg?resize=1400%2C800&ssl=1 4x"},"classes":[]},{"id":198,"url":"https:\/\/alliasbl.lu\/en\/enseignement-a-domicile\/que-signifie-obligation-scolaire\/","url_meta":{"origin":71,"position":5},"title":"What does \"compulsory education\" mean?","author":"Ulysse Chabredier","date":"30 November, 2023","format":false,"excerpt":"The term \u00abschool obligation\u00bb emerged in the context of debates during the drafting of the Universal Declaration of Human Rights (UDHR), in reaction to the atrocities committed during the Second World War. By signing it in 1948, member states committed to promoting universal respect and...","rel":"","context":"Similar post","block_context":{"text":"Similar post","link":""},"img":{"alt_text":"","src":"https:\/\/i0.wp.com\/alliasbl.lu\/wp-content\/uploads\/2023\/11\/pexels-julia-m-cameron-4145347-edited.jpg?resize=350%2C200&ssl=1","width":350,"height":200,"srcset":"https:\/\/i0.wp.com\/alliasbl.lu\/wp-content\/uploads\/2023\/11\/pexels-julia-m-cameron-4145347-edited.jpg?resize=350%2C200&ssl=1 1x, https:\/\/i0.wp.com\/alliasbl.lu\/wp-content\/uploads\/2023\/11\/pexels-julia-m-cameron-4145347-edited.jpg?resize=525%2C300&ssl=1 1.5x, https:\/\/i0.wp.com\/alliasbl.lu\/wp-content\/uploads\/2023\/11\/pexels-julia-m-cameron-4145347-edited.jpg?resize=700%2C400&ssl=1 2x, https:\/\/i0.wp.com\/alliasbl.lu\/wp-content\/uploads\/2023\/11\/pexels-julia-m-cameron-4145347-edited.jpg?resize=1050%2C600&ssl=1 3x, https:\/\/i0.wp.com\/alliasbl.lu\/wp-content\/uploads\/2023\/11\/pexels-julia-m-cameron-4145347-edited.jpg?resize=1400%2C800&ssl=1 4x"},"classes":[]}],"ticketed":false,"_links":{"self":[{"href":"https:\/\/alliasbl.lu\/en\/wp-json\/wp\/v2\/pages\/71","targetHints":{"allow":["GET"]}}],"collection":[{"href":"https:\/\/alliasbl.lu\/en\/wp-json\/wp\/v2\/pages"}],"about":[{"href":"https:\/\/alliasbl.lu\/en\/wp-json\/wp\/v2\/types\/page"}],"author":[{"embeddable":true,"href":"https:\/\/alliasbl.lu\/en\/wp-json\/wp\/v2\/users\/56883116"}],"replies":[{"embeddable":true,"href":"https:\/\/alliasbl.lu\/en\/wp-json\/wp\/v2\/comments?post=71"}],"version-history":[{"count":12,"href":"https:\/\/alliasbl.lu\/en\/wp-json\/wp\/v2\/pages\/71\/revisions"}],"predecessor-version":[{"id":1275,"href":"https:\/\/alliasbl.lu\/en\/wp-json\/wp\/v2\/pages\/71\/revisions\/1275"}],"wp:attachment":[{"href":"https:\/\/alliasbl.lu\/en\/wp-json\/wp\/v2\/media?parent=71"}],"curies":[{"name":"wp","href":"https:\/\/api.w.org\/{rel}","templated":true}]}}