{"id":212,"date":"2023-11-30T18:23:14","date_gmt":"2023-11-30T18:23:14","guid":{"rendered":"https:\/\/alliasbl.lu\/?page_id=212"},"modified":"2024-08-11T07:58:53","modified_gmt":"2024-08-11T07:58:53","slug":"in-practice","status":"publish","type":"page","link":"https:\/\/alliasbl.lu\/en\/enseignement-a-domicile\/en-pratique\/","title":{"rendered":"In practice..."},"content":{"rendered":"<div class=\"wp-block-group alignfull has-global-padding is-layout-constrained wp-container-core-group-is-layout-8a2b1b76 wp-block-group-is-layout-constrained\" style=\"padding-top:var(--wp--preset--spacing--50);padding-right:var(--wp--preset--spacing--50);padding-bottom:var(--wp--preset--spacing--50);padding-left:var(--wp--preset--spacing--50)\">\n<div class=\"wp-block-group has-global-padding is-layout-constrained wp-container-core-group-is-layout-2bf980eb wp-block-group-is-layout-constrained\">\n<h1 class=\"wp-block-heading has-text-align-center has-large-font-size\">Human rights were created to protect individuals from arbitrary government action. In this context, it is worth noting the following statement, which is all the more appropriate given that freedom of education must be exercised with respect for the values of a democratic society founded on fundamental rights and public freedoms under the Luxembourg Constitution.<\/h1>\n\n\n\n<div style=\"height:25px\" aria-hidden=\"true\" class=\"wp-block-spacer\"><\/div>\n\n\n\n<hr class=\"wp-block-separator has-alpha-channel-opacity\"\/>\n\n\n\n<p class=\"wp-block-paragraph\"><\/p>\n<\/div>\n\n\n\n<p class=\"has-text-align-left wp-block-paragraph\"><em>If the highest ideals of truth can only be sought in a free society, it is extremely important that education, the official cradle of truth-seekers, reflects an awareness of the factors in our society that can impede the free flow of individual thought and action. Democracy implies the freedom to think, to disagree and to make lawful changes in the interests of all. It is a flexible and responsive form of government, difficult to describe in fixed terms. Democracy is not the result of imposed or structured political practices, but a dynamic and liberating force, fuelled by the people themselves. It can only thrive and flourish if its citizens are free to constantly seek out new ideas, new models and new theories to replace outdated knowledge, in an effort to serve an ever-growing population in the future.<\/em>. <br><br><em><strong>A true democracy is a free and responsible society, and one aspect cannot exist or make sense without the other.<\/strong><\/em><br><br>This statement comes from the committee set up in 1965 by the Ontario government to study the aims and objectives of education in the province. The authors begin a chapter entitled <strong>\"The search for truth in a democratic society\"<\/strong>.<br><br>In its opinion of 18 March 2008<sup data-fn=\"65ec0a29-6e8d-4e71-8fb3-4561cc2cf1c7\" class=\"fn\"><a href=\"#65ec0a29-6e8d-4e71-8fb3-4561cc2cf1c7\" id=\"65ec0a29-6e8d-4e71-8fb3-4561cc2cf1c7-link\">1<\/a><\/sup> the Conseil d'\u00c9tat noted the need to develop alternative methods and deplored fifteen years later \"that attractive alternative teaching methods are still not being introduced for all young people subject to compulsory schooling and, in particular, for those at risk of dropping out\".<sup data-fn=\"8c0457df-c8f5-48eb-b8a4-38475eca5e93\" class=\"fn\"><a href=\"#8c0457df-c8f5-48eb-b8a4-38475eca5e93\" id=\"8c0457df-c8f5-48eb-b8a4-38475eca5e93-link\">2<\/a><\/sup><\/p>\n\n\n\n<p class=\"wp-block-paragraph\">While all education should encourage <strong>self-fulfilment<\/strong> and <strong>autonomy<\/strong> of the individual, his creativity, confidence in his abilities, the development of his gifts and his mental and physical aptitudes, what we observe in practice is that teachers, whether in institutions or \"at home\", are all too often reduced to sacrificing teaching freedom on the altar of a diktat of bureaucratic and dogmatic standards.&nbsp;<br><strong><br>How can we teach autonomy without allowing autonomy?<\/strong> <sup data-fn=\"66843c4d-6b37-4c37-a0e0-cec46c6eb899\" class=\"fn\"><a href=\"#66843c4d-6b37-4c37-a0e0-cec46c6eb899\" id=\"66843c4d-6b37-4c37-a0e0-cec46c6eb899-link\">3<\/a><\/sup><\/p>\n\n\n\n<hr class=\"wp-block-separator has-alpha-channel-opacity\"\/>\n\n\n\n<p class=\"has-large-font-size wp-block-paragraph\"><br>Contents<\/p>\n\n\n\n<p class=\"has-medium-font-size wp-block-paragraph\"><strong><a href=\"#A.-Les cas-de-d\u00e9saccord\">A. The most frequent cases of disagreement<\/a><\/strong><br><br><a href=\"#a)Besoins-sp\u00e9cifiques\">a) Students with special needs<\/a><br><a href=\"#b)Pratiques-d-evaluation\">b) Assessment practices<\/a><br><a href=\"#c)Maitrise-plan-d'etudes\">c) Mastering the skills in the study plan<\/a><br><a href=\"#d)Plurilinguisme\">d) The issue of multilingualism<\/a><br><br><strong><a href=\"#B.Justiciabilit\u00e9\">B. The issue of justiciability<\/a><\/strong><\/p>\n\n\n\n<hr class=\"wp-block-separator has-alpha-channel-opacity\"\/>\n\n\n\n<p class=\"wp-block-paragraph\"><br>In Luxembourg, generally speaking, to our knowledge, there are very few refusals of authorisation and school enrolment orders are also rare.<br>Families often said they were very satisfied with their dealings with the people responsible for monitoring home schooling at primary level, but less so with certain head teachers. Opinions are more mixed regarding monitoring at secondary level.<br><br>In the event of disagreement, the family's stance and commitment will be decisive. Dialogue based on mutual respect and a spirit of cooperation is essential. Backed by their experience, families are generally able to defend their educational choices and values. Most of them will therefore be able to avoid having an educational approach imposed on them that they do not agree with and that they feel is harmful, while at the same time being able to listen to what might be relevant and beneficial to promote learning in each situation, in the best interests of the child.<\/p>\n\n\n\n<hr class=\"wp-block-separator has-alpha-channel-opacity\"\/>\n\n\n\n<div class=\"wp-block-group has-global-padding is-content-justification-left is-layout-constrained wp-container-core-group-is-layout-08068d2d wp-block-group-is-layout-constrained\">\n<div style=\"height:1.25rem\" aria-hidden=\"true\" class=\"wp-block-spacer\"><\/div>\n\n\n\n<h2 class=\"wp-block-heading has-text-align-left\"><br>A. <strong>The most frequent cases of disagreement :<\/strong><\/h2>\n\n\n\n<div style=\"height:47px\" aria-hidden=\"true\" class=\"wp-block-spacer\"><\/div>\n\n\n\n<h3 class=\"wp-block-heading has-text-align-left\" id=\"a)Besoins-sp\u00e9cifiques\">a) Students with special needs<\/h3>\n\n\n\n<div style=\"height:26px\" aria-hidden=\"true\" class=\"wp-block-spacer\"><\/div>\n\n\n\n<p class=\"wp-block-paragraph\">The directorate sometimes feels it has to impose schooling for young people with special needs because, in its view, its teams of experts are more competent than parents to deal with certain categories of special needs, particularly in the case of learning disabilities.<br><br>It is then up to parents to show that remedial action, if necessary, can also be taken outside school, or that a specific need can be better catered for thanks to their involvement, supplemented by external private help, or even managed in a very different and effective way, thanks to the particularities of the learning environment outside school.<br><br>To mark Dyslexia Day, our association interviewed a number of unusual educational players who shared their experience of supporting dyslexia and learning to read.<\/p>\n\n\n\n<p class=\"wp-block-paragraph\">These interviews can be viewed in French and English<sup data-fn=\"a28a48cb-cc57-415b-96d4-a0f417fc4479\" class=\"fn\"><a href=\"#a28a48cb-cc57-415b-96d4-a0f417fc4479\" id=\"a28a48cb-cc57-415b-96d4-a0f417fc4479-link\">4<\/a><\/sup> and Youtube's automatic translations are available in many languages.<br>We haven't had the opportunity to do this work for other specific needs, in non-standard contexts, but it would undoubtedly be enriching and any testimonies are welcome.<br><br>In a society that claims to be democratic, it is important to defend the right to be different and to allow families to explore other avenues, so as to inspire change in the interests of all.<\/p>\n\n\n\n<hr class=\"wp-block-separator has-alpha-channel-opacity\"\/>\n\n\n\n<div style=\"height:26px\" aria-hidden=\"true\" class=\"wp-block-spacer\"><\/div>\n\n\n\n<h3 class=\"wp-block-heading has-text-align-left\" id=\"b)Pratiques-d-evaluation\">b) Assessment practices<\/h3>\n\n\n\n<div style=\"height:26px\" aria-hidden=\"true\" class=\"wp-block-spacer\"><\/div>\n\n\n\n<p class=\"wp-block-paragraph\">Many families who do not attend school are highly critical of the way in which some headteachers carry out assessments and control tests.<br><br>It has been reported that:<br><\/p>\n\n\n\n<ul class=\"wp-block-list\">\n<li>a control interview was conducted solely in French, the secondary language, for a Luxembourgish-speaking learner in the first year of Cycle 4 (10-year-old child);<\/li>\n\n\n\n<li>tests carried out in the first year of nursery school were not adapted to the child's age or to the expectations of the curriculum. This led to an abusive schooling injunction being brought before the court in summary proceedings, which is still awaiting judgment;<\/li>\n\n\n\n<li>a maths test was carried out in French for a young Luxembourg secondary school pupil, despite a derogation for learning French as part of his home schooling.<br>This led to an abusive schooling injunction being brought before the court, which is still awaiting judgment;<\/li>\n\n\n\n<li>Some directorates carry out tests lasting several hours on young people in the second year of primary school, or even nursery school (spillschoul);<\/li>\n\n\n\n<li>checks are very often experienced as intrusive and authoritarian, stressful and distressing, especially for young people, and also questionable from the point of view of fulfilling the right to education.<\/li>\n<\/ul>\n\n\n\n<p class=\"wp-block-paragraph\"><br>The practice of standardised assessment is widely questioned in schools as a deleterious practice that can have a negative impact on self-esteem when imposed in an authoritarian manner<sup data-fn=\"722601f1-1cfb-4c9d-8dac-792efb6a103b\" class=\"fn\"><a href=\"#722601f1-1cfb-4c9d-8dac-792efb6a103b\" id=\"722601f1-1cfb-4c9d-8dac-792efb6a103b-link\">5<\/a><\/sup> and therefore undermine the right to education.<br>Self-assessment practices are quite possible but not systematically implemented according to the directorates, which do not necessarily make the effort to adapt to the situation as required by article 13 of the International Covenant on Economic, Social and Cultural Rights (ICESCR) ratified by Luxembourg.<br><br>At a recent conference<sup data-fn=\"38ce9288-dc54-4438-8fef-97489840c0c1\" class=\"fn\"><a href=\"#38ce9288-dc54-4438-8fef-97489840c0c1\" id=\"38ce9288-dc54-4438-8fef-97489840c0c1-link\">6<\/a><\/sup> &nbsp;organised by Harvard University in the USA, representatives of microschools and charter schools, which have proliferated in recent years as more agile alternatives to state schools, while being supported and controlled by public funds, say that what hampers their performance is clearly the incompatibility of assessment practices and the imposition of an overly rigid curriculum.<br><\/p>\n\n\n\n<p class=\"wp-block-paragraph\">Across the world, this observation is similar and deplorable.<br><\/p>\n\n\n\n<hr class=\"wp-block-separator has-alpha-channel-opacity\"\/>\n\n\n\n<div style=\"height:26px\" aria-hidden=\"true\" class=\"wp-block-spacer\"><\/div>\n\n\n\n<h3 class=\"wp-block-heading has-text-align-left\" id=\"c)Maitrise-plan-d'etudes\">c) Mastering the competences set out in the syllabus<\/h3>\n<\/div>\n\n\n\n<p class=\"wp-block-paragraph\">Although the Luxembourg basic education curriculum was made more flexible in 2011 and is currently being modernised (see <a href=\"https:\/\/alliasbl.lu\/en\/home-tuition\/faq\/\">FAQ<\/a>), it is still far from being sufficiently flexible in relation to what would be needed to better realise the right to education.<br><br>For example, the private study programme offered by the American organisation Clonlara can be adapted to suit the student, so that learning takes place at the right time, according to the student's interests, needs and objectives.<br><br>Some Ministry of Education officials are demanding that families undertake to \"respect the study plan\". Article 21 of the law of 6 February 2009 on the organisation of basic education states that : <br>\"Home schooling must <strong>aim for<\/strong> <strong>acquisition of core skills<\/strong> defined by the study plan\".<br><\/p>\n\n\n\n<p class=\"wp-block-paragraph\">In the context of home schooling in Luxembourg, what is meant by \"respecting the study plan\" is therefore at the mercy of the Ministry of Education staff's appreciation, their open-mindedness and their ability to overcome their own fears in order to let go and trust, so as to enable the path to autonomy.<br><\/p>\n\n\n\n<p class=\"wp-block-paragraph\">Although recognition of non-formal learning has gained ground, independent learning is still a cause for concern. Yet the slogan of Summerhill School, where independent learning has been practised for over 100 years, is explicit in this respect: \"Freedom not licence\".<br>Freedom does not mean that everything is allowed. In this school, everyone is free to behave as they wish, as long as their behaviour is not excessive and remains respectful of others. And because they have been given a sense of responsibility in this way, the pupils become autonomous and responsible adults.<\/p>\n\n\n\n<p class=\"wp-block-paragraph\">This stance is entirely consistent with the spirit of human rights. The important thing is not to prevent learning and to do what is necessary to enable it to take place, and not to impose what must supposedly be learned, under such conditions, at such time and in such order, while continuing to believe that it is effective, despite empirical evidence to the contrary.<br><br>Unfortunately, in Luxembourg, some families continue to pay the price for a rigid and bureaucratic application of the skills base expectations, left to the free will of a directorate supported by its ministry, which does not really try to make a distinction, even though this would be in everyone's interest.<\/p>\n\n\n\n<hr class=\"wp-block-separator has-alpha-channel-opacity\"\/>\n\n\n\n<h3 class=\"wp-block-heading has-text-align-left\" id=\"d)Plurilinguisme\">d) The issue of multilingualism<\/h3>\n\n\n\n<p class=\"wp-block-paragraph\">Article 4 \u00a71 of the Luxembourg Constitution states that <a>the language of the Grand Duchy of Luxembourg is L\u00ebtzebuerg\u00ebsch and that the law regulates the use of the L\u00ebtzebuerg\u00ebsch, French and German languages.<\/a><\/p>\n\n\n\n<p class=\"wp-block-paragraph\">In order to meet the needs of the population and society, the range of schooling options has diversified in terms of languages of instruction and continues to become more flexible.<sup data-fn=\"56e1bf16-0ac9-45b5-ad95-53c182af1e38\" class=\"fn\"><a href=\"#56e1bf16-0ac9-45b5-ad95-53c182af1e38\" id=\"56e1bf16-0ac9-45b5-ad95-53c182af1e38-link\">7<\/a><\/sup>. However, the development of multilingual skills remains on the agenda (Art. 3 \u00a72(1\u00b0) law of 20 July 2023) and makes sense from the point of view of social cohesion.<\/p>\n\n\n\n<p class=\"wp-block-paragraph\">In the past, allophones have been refused permission to leave school, and school enrolment orders have been issued on the grounds that a young person does not have a sufficient command of German or French, for example (except in the case of 'visiting' families).<br><br>Since basic education in state and public schools can also be provided in German, French or English, by analogy and fairness, this option should also be available to families outside schools.<br><br>However, the authorities encourage the learning of the Luxembourg language. Only those families who are genuinely committed to learning the language make the effort to do so.<sup data-fn=\"6c93c546-01bd-49da-9e56-ff8f195a1541\" class=\"fn\"><a href=\"#6c93c546-01bd-49da-9e56-ff8f195a1541\" id=\"6c93c546-01bd-49da-9e56-ff8f195a1541-link\">8<\/a><\/sup>&nbsp; and maintain multilingual social contacts, will ensure that their children have a real command of L\u00ebtzebuergesch, which will promote their social inclusion in Luxembourg society. So it's a question of choice and will.<br><br>But not everyone is equal when it comes to learning languages.<br>To add insult to injury, this imposed multilingualism leads some young people to fail at school, so the diversity of choice of languages of instruction is a real boon to individual development.<\/p>\n\n\n\n<hr class=\"wp-block-separator has-alpha-channel-opacity\"\/>\n\n\n\n<h2 class=\"wp-block-heading has-text-align-left\" id=\"B.Justiciabilit\u00e9\"><br>B. <strong>The issue of justiciability<\/strong><\/h2>\n\n\n\n<p class=\"wp-block-paragraph\">In particular:<br><br>- UN protocols are not really respected and young people are not heard impartially, nor in a context of ideological neutrality. They are insidiously influenced and manipulated in their choices, and when this results from state representatives, it is very problematic.<br><br>- In the event of a request for an appeal for clemency in the face of a refusal by a director, the Ministry is not impartial and takes the side of its officials. In response to precise questions adapted to each case, we receive evasive answers that make no attempt to distinguish between the best interests of the child.<br><br>- in the event of a dispute in summary proceedings<sup data-fn=\"2b953240-3cb8-43a8-b1d7-40faf3a807a2\" class=\"fn\"><a href=\"#2b953240-3cb8-43a8-b1d7-40faf3a807a2\" id=\"2b953240-3cb8-43a8-b1d7-40faf3a807a2-link\">9<\/a><\/sup>the legal process is long and costly<sup data-fn=\"34180f1e-42de-4656-b2e9-a21e56625e0d\" class=\"fn\"><a href=\"#34180f1e-42de-4656-b2e9-a21e56625e0d\" id=\"34180f1e-42de-4656-b2e9-a21e56625e0d-link\">1<\/a>0<\/sup> and in the meantime, the child has to go to school even though the case has not been tried, without any consideration for the rights of the child or the parents.<br><br>- The children's rights organisation, okaju, although responsive and fair, is virtually powerless in the face of such situations.<br><br>- School mediators also have to have their cake and eat it too, and don't really have much power to change the situation.<br><br><\/p>\n\n\n\n<p class=\"wp-block-paragraph\">In the end, these two bodies, which are supposed to act as safeguards against the arbitrariness of the State, are relatively ineffective and under-represented, so that by the time they take their case to the European Court of Human Rights, the children are adults.<br><br>So what can we do to hasten justice, so that children's right to education is preserved, according to their needs, throughout their childhood?<\/p>\n\n\n\n<p class=\"wp-block-paragraph\">Imagine challenging the construction of a building to ensure compliance with environmental laws. As long as the court has not handed down its summary judgment, the building continues to be built and the environment destroyed.<\/p>\n\n\n\n<p class=\"wp-block-paragraph\">It's the same situation for this child: a headmaster is presumed to be abusing his power, the family lodges a complaint, but the 5-year-old child has to go to school.<br><br>After two and a half months of summary proceedings, still without a ruling, he is wasting away, losing weight, sinking and no one cares, except his parents, who are left unable to protect him.<\/p>\n\n\n\n<p class=\"wp-block-paragraph\">A child who was doing perfectly well is made ill because a headmaster and the Ministry think they know better than he does what he needs and are only concerned about his academic development, not his personal development. Is this really in his best interests?<sup data-fn=\"ccf6b672-6f07-4c9e-966f-a02ba82e71a8\" class=\"fn\"><a href=\"#ccf6b672-6f07-4c9e-966f-a02ba82e71a8\" id=\"ccf6b672-6f07-4c9e-966f-a02ba82e71a8-link\">1<\/a>1<\/sup> ?<\/p>\n\n\n\n<p class=\"wp-block-paragraph\">By what right? How can we not talk about oppression and authoritarianism?<br><br>Parents are caught in a trap: if they don't take their child to school, despite the suffering that schooling causes them, they risk having to deal with the youth court. But there is no guarantee that the court will be impartial, and the fear of losing custody of their child is far too great.<\/p>\n\n\n\n<p class=\"wp-block-paragraph\">In short, the family is the victim of an absurd and oppressive system.<\/p>\n\n\n\n<p class=\"wp-block-paragraph\">What's the only way out?<br><br>Working on the political front to change society's perception of what education could and should be, constantly and relentlessly demanding respect for fundamental rights. But for this young man, it will be too late.<\/p>\n\n\n\n<p class=\"wp-block-paragraph\">In a state that calls itself democratic, this is absolutely unacceptable.<br><\/p>\n\n\n\n<p class=\"has-text-align-center has-large-font-size wp-block-paragraph\"><strong>A state that violates human rights <\/strong><br><strong>will never be a good educator.<\/strong><\/p>\n\n\n\n<p class=\"wp-block-paragraph\">What can we do but continue to fight, denounce and demand ever more loudly what should be. Power corrupts if it is not held accountable.<br><br>(<em>NB The term child is used in our texts in the legal sense of \"minor\".<\/em>)<\/p>\n\n\n\n<hr class=\"wp-block-separator has-alpha-channel-opacity\"\/>\n\n\n\n<div style=\"height:77px\" aria-hidden=\"true\" class=\"wp-block-spacer\"><\/div>\n\n\n\n<figure class=\"wp-block-image alignwide size-full has-custom-border is-style-rounded wp-duotone-unset-2 is-style-rounded--1\"><img data-recalc-dims=\"1\" fetchpriority=\"high\" decoding=\"async\" width=\"4903\" height=\"2758\" data-attachment-id=\"196\" data-permalink=\"https:\/\/alliasbl.lu\/en\/pexels-julia-m-cameron-4145347-2\/\" data-orig-file=\"https:\/\/i0.wp.com\/alliasbl.lu\/wp-content\/uploads\/2023\/11\/pexels-julia-m-cameron-4145347-edited.jpg?fit=4903%2C2758&amp;ssl=1\" data-orig-size=\"4903,2758\" data-comments-opened=\"0\" data-image-meta=\"{&quot;aperture&quot;:&quot;0&quot;,&quot;credit&quot;:&quot;&quot;,&quot;camera&quot;:&quot;&quot;,&quot;caption&quot;:&quot;&quot;,&quot;created_timestamp&quot;:&quot;0&quot;,&quot;copyright&quot;:&quot;&quot;,&quot;focal_length&quot;:&quot;0&quot;,&quot;iso&quot;:&quot;0&quot;,&quot;shutter_speed&quot;:&quot;0&quot;,&quot;title&quot;:&quot;&quot;,&quot;orientation&quot;:&quot;0&quot;}\" data-image-title=\"pexels-julia-m-cameron-4145347\" data-image-description=\"\" data-image-caption=\"\" data-large-file=\"https:\/\/i0.wp.com\/alliasbl.lu\/wp-content\/uploads\/2023\/11\/pexels-julia-m-cameron-4145347-edited.jpg?fit=1024%2C576&amp;ssl=1\" src=\"https:\/\/i0.wp.com\/alliasbl.lu\/wp-content\/uploads\/2023\/11\/pexels\" alt=\"\" class=\"wp-image-196\" style=\"border-style:none;border-width:0px\"\/><\/figure>\n\n\n\n<div style=\"height:56px\" aria-hidden=\"true\" class=\"wp-block-spacer\"><\/div>\n<\/div>\n\n\n\n<div class=\"wp-block-group alignfull has-base-color has-contrast-background-color has-text-color has-background has-global-padding is-layout-constrained wp-container-core-group-is-layout-248f7c56 wp-block-group-is-layout-constrained\" style=\"margin-top:0;margin-bottom:0;padding-top:var(--wp--preset--spacing--60);padding-right:var(--wp--preset--spacing--60);padding-bottom:var(--wp--preset--spacing--60);padding-left:var(--wp--preset--spacing--60)\">\n<div class=\"wp-block-group has-global-padding is-layout-constrained wp-block-group-is-layout-constrained\">\n<p class=\"has-text-align-center has-base-color has-text-color has-heading-font-family has-x-large-font-size wp-block-paragraph\" style=\"line-height:1.2\"> <em>\"<strong>Each family, each young individual is a special case!<\/strong>&nbsp;\"<\/em> <\/p>\n\n\n\n<div style=\"height:var(--wp--preset--spacing--10)\" aria-hidden=\"true\" class=\"wp-block-spacer\"><\/div>\n\n\n\n<pre class=\"wp-block-preformatted\"><\/pre>\n<\/div>\n<\/div>\n\n\n<ol class=\"wp-block-footnotes\"><li id=\"65ec0a29-6e8d-4e71-8fb3-4561cc2cf1c7\">Opinion of the Conseil d'\u00c9tat (18.3.2008) N\u00b0 57585 Chambre des D\u00e9put\u00e9s Ordinary session 2007-2008 - Draft law on compulsory education. <a href=\"#65ec0a29-6e8d-4e71-8fb3-4561cc2cf1c7-link\" aria-label=\"Jump to footnote reference 1\">\ufe0e<\/a><\/li><li id=\"8c0457df-c8f5-48eb-b8a4-38475eca5e93\">Opinion of the Conseil d'\u00c9tat (23.12.2022) Chambre des D\u00e9put\u00e9s Ordinary session 2022-2023 - Bill relating to compulsory schooling n\u00b0 7977. <a href=\"#8c0457df-c8f5-48eb-b8a4-38475eca5e93-link\" aria-label=\"Jump to footnote reference 2\">\ufe0e<\/a><\/li><li id=\"66843c4d-6b37-4c37-a0e0-cec46c6eb899\"><a href=\"https:\/\/www.banquedesterritoires.fr\/le-senat-adopte-une-proposition-de-loi-dautonomisation-des-ecoles\">https:\/\/www.banquedesterritoires.fr\/le-senat-adopte-une-proposition-de-loi-dautonomisation-des-ecoles<\/a> <a href=\"#66843c4d-6b37-4c37-a0e0-cec46c6eb899-link\" aria-label=\"Jump to footnote reference 3\">\ufe0e<\/a><\/li><li id=\"a28a48cb-cc57-415b-96d4-a0f417fc4479\"><a href=\"http:\/\/www.fhree.org\/4-10-dys-sde\/\" rel=\"nofollow\">http:\/\/www.fhree.org\/4-10-dys-sde\/<\/a> <a href=\"#a28a48cb-cc57-415b-96d4-a0f417fc4479-link\" aria-label=\"Jump to footnote reference 4\">\ufe0e<\/a><\/li><li id=\"722601f1-1cfb-4c9d-8dac-792efb6a103b\">In the United Kingdom, this site provides a wealth of information on the subject <a href=\"https:\/\/www.morethanascore.org.uk\/\" rel=\"nofollow\">https:\/\/www.morethanascore.org.uk\/<\/a> <a href=\"#722601f1-1cfb-4c9d-8dac-792efb6a103b-link\" aria-label=\"Jump to footnote reference 5\">\ufe0e<\/a><\/li><li id=\"38ce9288-dc54-4438-8fef-97489840c0c1\"><a href=\"https:\/\/www.hks.harvard.edu\/centers\/taubman\/programs-research\/pepg\/events\/emerging-school-models\" rel=\"nofollow\">https:\/\/www.hks.harvard.edu\/centers\/taubman\/programs-research\/pepg\/events\/emerging-school-models<\/a> <a href=\"#38ce9288-dc54-4438-8fef-97489840c0c1-link\" aria-label=\"Jump to footnote reference 6\">\ufe0e<\/a><\/li><li id=\"56e1bf16-0ac9-45b5-ad95-53c182af1e38\">Example of this Grand-Ducal regulation in 2022: <a href=\"https:\/\/legilux.public.lu\/eli\/etat\/leg\/rgd\/2022\/07\/08\/a353\/jo\" rel=\"nofollow\">https:\/\/legilux.public.lu\/eli\/etat\/leg\/rgd\/2022\/07\/08\/a353\/jo<\/a> <a href=\"#56e1bf16-0ac9-45b5-ad95-53c182af1e38-link\" aria-label=\"Jump to footnote reference 7\">\ufe0e<\/a><\/li><li id=\"6c93c546-01bd-49da-9e56-ff8f195a1541\">What you can do for free on the platform <a href=\"http:\/\/www.llo.lu\" rel=\"nofollow\">http:\/\/www.llo.lu<\/a> <a href=\"#6c93c546-01bd-49da-9e56-ff8f195a1541-link\" aria-label=\"Jump to footnote reference 8\">\ufe0e<\/a><\/li><li id=\"2b953240-3cb8-43a8-b1d7-40faf3a807a2\"><a href=\"https:\/\/guichet.public.lu\/fr\/entreprises\/sectoriel\/justice\/recours-administratifs.html\" rel=\"nofollow\">https:\/\/guichet.public.lu\/fr\/entreprises\/sectoriel\/justice\/recours-administratifs.html<\/a> <a href=\"#2b953240-3cb8-43a8-b1d7-40faf3a807a2-link\" aria-label=\"Jump to footnote reference 9\">\ufe0e<\/a><\/li><li id=\"34180f1e-42de-4656-b2e9-a21e56625e0d\"><a href=\"https:\/\/guichet.public.lu\/fr\/citoyens\/citoyennete\/voies-recours-reglement-litiges\/frais-avocat\/demander-assistance-judiciaire.html\">https:\/\/guichet.public.lu\/fr\/citoyens\/citoyennete\/voies-recours-reglement-litiges\/frais-avocat\/demander-assistance-judiciaire.html<\/a> if you are not eligible, consider taking out legal expenses insurance with your insurer. <a href=\"#34180f1e-42de-4656-b2e9-a21e56625e0d-link\" aria-label=\"Jump to footnote reference 10\">\ufe0e<\/a><\/li><li id=\"ccf6b672-6f07-4c9e-966f-a02ba82e71a8\">5-minute speech by French judge Edouard Durand on the best interests of the child <a href=\"https:\/\/www.facebook.com\/ALLIasbl\/videos\/7069815169735929\">https:\/\/www.facebook.com\/ALLIasbl\/videos\/7069815169735929<\/a> <a href=\"#ccf6b672-6f07-4c9e-966f-a02ba82e71a8-link\" aria-label=\"Jump to footnote reference 11\">\ufe0e<\/a><\/li><\/ol>","protected":false},"excerpt":{"rendered":"<p>Les droits de l&rsquo;homme ont \u00e9t\u00e9 cr\u00e9\u00e9s pour prot\u00e9ger les individus de l&rsquo;arbitraire des gouvernements. Notons dans un tel contexte la d\u00e9claration suivante, tr\u00e8s \u00e0 propos, d\u2019autant plus que la [&hellip;]<\/p>\n","protected":false},"author":56883116,"featured_media":0,"parent":78,"menu_order":4,"comment_status":"closed","ping_status":"closed","template":"","meta":{"_coblocks_attr":"","_coblocks_dimensions":"","_coblocks_responsive_height":"","_coblocks_accordion_ie_support":"","_crdt_document":"","advanced_seo_description":"","jetpack_seo_html_title":"","jetpack_seo_noindex":false,"_price":"","_stock":"","_tribe_ticket_header":"","_tribe_default_ticket_provider":"","_tribe_ticket_capacity":"0","_ticket_start_date":"","_ticket_end_date":"","_tribe_ticket_show_description":"","_tribe_ticket_show_not_going":false,"_tribe_ticket_use_global_stock":"","_tribe_ticket_global_stock_level":"","_global_stock_mode":"","_global_stock_cap":"","_tribe_rsvp_for_event":"","_tribe_ticket_going_count":"","_tribe_ticket_not_going_count":"","_tribe_tickets_list":"[]","_tribe_ticket_has_attendee_info_fields":false,"_EventAllDay":false,"_EventTimezone":"","_EventStartDate":"","_EventEndDate":"","_EventStartDateUTC":"","_EventEndDateUTC":"","_EventShowMap":false,"_EventShowMapLink":false,"_EventURL":"","_EventCost":"","_EventCostDescription":"","_EventCurrencySymbol":"","_EventCurrencyCode":"","_EventCurrencyPosition":"","_EventDateTimeSeparator":"","_EventTimeRangeSeparator":"","_EventOrganizerID":[],"_EventVenueID":[],"_OrganizerEmail":"","_OrganizerPhone":"","_OrganizerWebsite":"","_VenueAddress":"","_VenueCity":"","_VenueCountry":"","_VenueProvince":"","_VenueState":"","_VenueZip":"","_VenuePhone":"","_VenueURL":"","_VenueStateProvince":"","_VenueLat":"","_VenueLng":"","_VenueShowMap":false,"_VenueShowMapLink":false,"footnotes":"[{\"id\":\"65ec0a29-6e8d-4e71-8fb3-4561cc2cf1c7\",\"content\":\"Avis du Conseil d\\u2019\\u00c9tat (18.3.2008) N\\u00b0 57585 Chambre des D\\u00e9put\\u00e9s Session ordinaire 2007-2008 - Projet de loi relative \\u00e0 l\\u2019obligation scolaire.\"},{\"id\":\"8c0457df-c8f5-48eb-b8a4-38475eca5e93\",\"content\":\"Avis du Conseil d\\u2019\\u00c9tat (23.12.2022) Chambre des D\\u00e9put\\u00e9s Session ordinaire 2022-2023 - Projet de loi relative \\u00e0 l\\u2019obligation scolaire n\\u00b0 7977.\"},{\"id\":\"66843c4d-6b37-4c37-a0e0-cec46c6eb899\",\"content\":\"<a href=\\\"https:\\\/\\\/www.banquedesterritoires.fr\\\/le-senat-adopte-une-proposition-de-loi-dautonomisation-des-ecoles\\\">https:\\\/\\\/www.banquedesterritoires.fr\\\/le-senat-adopte-une-proposition-de-loi-dautonomisation-des-ecoles<\\\/a>\"},{\"id\":\"a28a48cb-cc57-415b-96d4-a0f417fc4479\",\"content\":\"http:\\\/\\\/www.fhree.org\\\/4-10-dys-sde\\\/\"},{\"id\":\"722601f1-1cfb-4c9d-8dac-792efb6a103b\",\"content\":\"Au Royaume-Uni, ce site est tr\\u00e8s bien document\\u00e9 sur le sujet https:\\\/\\\/www.morethanascore.org.uk\\\/\"},{\"id\":\"38ce9288-dc54-4438-8fef-97489840c0c1\",\"content\":\"https:\\\/\\\/www.hks.harvard.edu\\\/centers\\\/taubman\\\/programs-research\\\/pepg\\\/events\\\/emerging-school-models\"},{\"id\":\"56e1bf16-0ac9-45b5-ad95-53c182af1e38\",\"content\":\"Exemple ce r\\u00e8glement grand-ducal en 2022\\u00a0: https:\\\/\\\/legilux.public.lu\\\/eli\\\/etat\\\/leg\\\/rgd\\\/2022\\\/07\\\/08\\\/a353\\\/jo\"},{\"id\":\"6c93c546-01bd-49da-9e56-ff8f195a1541\",\"content\":\"Ce qui est possible gratuitement sur la plateforme www.llo.lu\"},{\"id\":\"2b953240-3cb8-43a8-b1d7-40faf3a807a2\",\"content\":\"https:\\\/\\\/guichet.public.lu\\\/fr\\\/entreprises\\\/sectoriel\\\/justice\\\/recours-administratifs.html\"},{\"id\":\"34180f1e-42de-4656-b2e9-a21e56625e0d\",\"content\":\"<a href=\\\"https:\\\/\\\/guichet.public.lu\\\/fr\\\/citoyens\\\/citoyennete\\\/voies-recours-reglement-litiges\\\/frais-avocat\\\/demander-assistance-judiciaire.html\\\">https:\\\/\\\/guichet.public.lu\\\/fr\\\/citoyens\\\/citoyennete\\\/voies-recours-reglement-litiges\\\/frais-avocat\\\/demander-assistance-judiciaire.html<\\\/a> si vous n\\u2019\\u00eates pas \\u00e9ligible, pensez \\u00e0 souscrire une assurance juridique aupr\\u00e8s de votre assureur.\"},{\"id\":\"ccf6b672-6f07-4c9e-966f-a02ba82e71a8\",\"content\":\"Intervention de 5 minutes par le juge fran\\u00e7ais Edouard Durand sur l'int\\u00e9r\\u00eat sup\\u00e9rieur de l'enfant <a href=\\\"https:\\\/\\\/www.facebook.com\\\/ALLIasbl\\\/videos\\\/7069815169735929\\\">https:\\\/\\\/www.facebook.com\\\/ALLIasbl\\\/videos\\\/7069815169735929<\\\/a>\"}]","_tec_slr_enabled":"","_tec_slr_layout":""},"class_list":["post-212","page","type-page","status-publish","hentry"],"jetpack_likes_enabled":true,"jetpack_sharing_enabled":true,"jetpack_shortlink":"https:\/\/wp.me\/P9ETog-3q","jetpack-related-posts":[{"id":198,"url":"https:\/\/alliasbl.lu\/en\/enseignement-a-domicile\/que-signifie-obligation-scolaire\/","url_meta":{"origin":212,"position":0},"title":"What does \"compulsory education\" mean?","author":"Ulysse Chabredier","date":"30 November, 2023","format":false,"excerpt":"The term \u00abschool obligation\u00bb emerged in the context of debates during the drafting of the Universal Declaration of Human Rights (UDHR), in reaction to the atrocities committed during the Second World War. By signing it in 1948, member states committed to promoting universal respect and...","rel":"","context":"Similar post","block_context":{"text":"Similar post","link":""},"img":{"alt_text":"","src":"https:\/\/i0.wp.com\/alliasbl.lu\/wp-content\/uploads\/2023\/11\/pexels-julia-m-cameron-4145347-edited.jpg?resize=350%2C200&ssl=1","width":350,"height":200,"srcset":"https:\/\/i0.wp.com\/alliasbl.lu\/wp-content\/uploads\/2023\/11\/pexels-julia-m-cameron-4145347-edited.jpg?resize=350%2C200&ssl=1 1x, https:\/\/i0.wp.com\/alliasbl.lu\/wp-content\/uploads\/2023\/11\/pexels-julia-m-cameron-4145347-edited.jpg?resize=525%2C300&ssl=1 1.5x, https:\/\/i0.wp.com\/alliasbl.lu\/wp-content\/uploads\/2023\/11\/pexels-julia-m-cameron-4145347-edited.jpg?resize=700%2C400&ssl=1 2x, https:\/\/i0.wp.com\/alliasbl.lu\/wp-content\/uploads\/2023\/11\/pexels-julia-m-cameron-4145347-edited.jpg?resize=1050%2C600&ssl=1 3x, https:\/\/i0.wp.com\/alliasbl.lu\/wp-content\/uploads\/2023\/11\/pexels-julia-m-cameron-4145347-edited.jpg?resize=1400%2C800&ssl=1 4x"},"classes":[]},{"id":1351,"url":"https:\/\/alliasbl.lu\/en\/projet-2\/","url_meta":{"origin":212,"position":1},"title":"Projects","author":"alliasbl","date":"23 December, 2025","format":false,"excerpt":"FutureEd \u2013 Rights-Centred Education FutureEd is an Erasmus+ project that places human rights at the heart of education. It supports schools, young people, and learning communities to promote dignity, participation, and responsibility, the foundations of democratic and sustainable societies. With a collaborative approach, FutureEd creates\u2026","rel":"","context":"Similar post","block_context":{"text":"Similar post","link":""},"img":{"alt_text":"","src":"https:\/\/i0.wp.com\/alliasbl.lu\/wp-content\/uploads\/2025\/12\/Capture-decran-2025-10-24-a-21.52.37-1.png?resize=350%2C200&ssl=1","width":350,"height":200,"srcset":"https:\/\/i0.wp.com\/alliasbl.lu\/wp-content\/uploads\/2025\/12\/Capture-decran-2025-10-24-a-21.52.37-1.png?resize=350%2C200&ssl=1 1x, https:\/\/i0.wp.com\/alliasbl.lu\/wp-content\/uploads\/2025\/12\/Capture-decran-2025-10-24-a-21.52.37-1.png?resize=525%2C300&ssl=1 1.5x, https:\/\/i0.wp.com\/alliasbl.lu\/wp-content\/uploads\/2025\/12\/Capture-decran-2025-10-24-a-21.52.37-1.png?resize=700%2C400&ssl=1 2x"},"classes":[]},{"id":202,"url":"https:\/\/alliasbl.lu\/en\/enseignement-a-domicile\/connaitre-vos-droits\/","url_meta":{"origin":212,"position":2},"title":"Knowing your rights","author":"Ulysse Chabredier","date":"30 November, 2023","format":false,"excerpt":"Actuellement, alors que les gouvernements nationaux sont cens\u00e9s assurer, sans d\u00e9lai l'enseignement gratuit et obligatoire pour tous, le droit des parents \u00e0 choisir le mode d\u2019instruction de leur enfant est selon l\u2019ONU \"viol\u00e9, \u00e0 un degr\u00e9 plus ou moins grand, dans tous les pays du monde\". Cette non reconnaissance de\u2026","rel":"","context":"Similar post","block_context":{"text":"Similar post","link":""},"img":{"alt_text":"","src":"https:\/\/i0.wp.com\/alliasbl.lu\/wp-content\/uploads\/2023\/12\/capture-decran-2023-12-30-a-10.36.56.png?resize=350%2C200&ssl=1","width":350,"height":200,"srcset":"https:\/\/i0.wp.com\/alliasbl.lu\/wp-content\/uploads\/2023\/12\/capture-decran-2023-12-30-a-10.36.56.png?resize=350%2C200&ssl=1 1x, https:\/\/i0.wp.com\/alliasbl.lu\/wp-content\/uploads\/2023\/12\/capture-decran-2023-12-30-a-10.36.56.png?resize=525%2C300&ssl=1 1.5x, https:\/\/i0.wp.com\/alliasbl.lu\/wp-content\/uploads\/2023\/12\/capture-decran-2023-12-30-a-10.36.56.png?resize=700%2C400&ssl=1 2x"},"classes":[]},{"id":168,"url":"https:\/\/alliasbl.lu\/en\/enseignement-a-domicile\/faq\/","url_meta":{"origin":212,"position":3},"title":"FAQ","author":"Ulysse Chabredier","date":"30 November, 2023","format":false,"excerpt":"Frequently asked questions: Can you deregister a child during the school year? As stipulated by the law of 29.08.1953 approving the Paris Convention of 20 March 1952, the State, in exercising the functions it will assume in the field of education and teaching, shall respect the right of parents to provide this education and teaching\u2026","rel":"","context":"Similar post","block_context":{"text":"Similar post","link":""},"img":{"alt_text":"","src":"https:\/\/i0.wp.com\/alliasbl.lu\/wp-content\/uploads\/2023\/11\/formulaire-faq.png?resize=350%2C200&ssl=1","width":350,"height":200,"srcset":"https:\/\/i0.wp.com\/alliasbl.lu\/wp-content\/uploads\/2023\/11\/formulaire-faq.png?resize=350%2C200&ssl=1 1x, https:\/\/i0.wp.com\/alliasbl.lu\/wp-content\/uploads\/2023\/11\/formulaire-faq.png?resize=525%2C300&ssl=1 1.5x, https:\/\/i0.wp.com\/alliasbl.lu\/wp-content\/uploads\/2023\/11\/formulaire-faq.png?resize=700%2C400&ssl=1 2x, https:\/\/i0.wp.com\/alliasbl.lu\/wp-content\/uploads\/2023\/11\/formulaire-faq.png?resize=1050%2C600&ssl=1 3x"},"classes":[]},{"id":1053,"url":"https:\/\/alliasbl.lu\/en\/publications\/","url_meta":{"origin":212,"position":4},"title":"Publications","author":"alliasbl","date":"26 May, 2025","format":false,"excerpt":"The content presents a series of contributions and opinions related to education, academic freedom and children's rights, addressing themes such as culture, self-education and legal implications. Several documents and annual reports are also mentioned, providing a critical reflection on modern education.","rel":"","context":"Similar post","block_context":{"text":"Similar post","link":""},"img":{"alt_text":"","src":"https:\/\/i0.wp.com\/alliasbl.lu\/wp-content\/uploads\/2025\/05\/image-7.png?resize=350%2C200&ssl=1","width":350,"height":200,"srcset":"https:\/\/i0.wp.com\/alliasbl.lu\/wp-content\/uploads\/2025\/05\/image-7.png?resize=350%2C200&ssl=1 1x, https:\/\/i0.wp.com\/alliasbl.lu\/wp-content\/uploads\/2025\/05\/image-7.png?resize=525%2C300&ssl=1 1.5x"},"classes":[]},{"id":78,"url":"https:\/\/alliasbl.lu\/en\/enseignement-a-domicile\/","url_meta":{"origin":212,"position":5},"title":"Homeschooling","author":"Ulysse Chabredier","date":"30 November, 2023","format":false,"excerpt":"Why learn outside school? Discover What does \"compulsory education\" mean? Discover your rights Discover In practice ... Discover Frequently Asked Questions Discover","rel":"","context":"Similar post","block_context":{"text":"Similar post","link":""},"img":{"alt_text":"","src":"","width":0,"height":0},"classes":[]}],"ticketed":false,"_links":{"self":[{"href":"https:\/\/alliasbl.lu\/en\/wp-json\/wp\/v2\/pages\/212","targetHints":{"allow":["GET"]}}],"collection":[{"href":"https:\/\/alliasbl.lu\/en\/wp-json\/wp\/v2\/pages"}],"about":[{"href":"https:\/\/alliasbl.lu\/en\/wp-json\/wp\/v2\/types\/page"}],"author":[{"embeddable":true,"href":"https:\/\/alliasbl.lu\/en\/wp-json\/wp\/v2\/users\/56883116"}],"replies":[{"embeddable":true,"href":"https:\/\/alliasbl.lu\/en\/wp-json\/wp\/v2\/comments?post=212"}],"version-history":[{"count":38,"href":"https:\/\/alliasbl.lu\/en\/wp-json\/wp\/v2\/pages\/212\/revisions"}],"predecessor-version":[{"id":625,"href":"https:\/\/alliasbl.lu\/en\/wp-json\/wp\/v2\/pages\/212\/revisions\/625"}],"up":[{"embeddable":true,"href":"https:\/\/alliasbl.lu\/en\/wp-json\/wp\/v2\/pages\/78"}],"wp:attachment":[{"href":"https:\/\/alliasbl.lu\/en\/wp-json\/wp\/v2\/media?parent=212"}],"curies":[{"name":"wp","href":"https:\/\/api.w.org\/{rel}","templated":true}]}}