{"id":1053,"date":"2025-05-26T09:17:26","date_gmt":"2025-05-26T09:17:26","guid":{"rendered":"https:\/\/alliasbl.lu\/?page_id=1053"},"modified":"2026-02-12T07:26:11","modified_gmt":"2026-02-12T06:26:11","slug":"veroffentlichungen","status":"publish","type":"page","link":"https:\/\/alliasbl.lu\/de\/publications\/","title":{"rendered":"Publikationen"},"content":{"rendered":"<p class=\"wp-block-paragraph\">2026.01.20: Beitrag an die UNO zu P\u00e4dagogik, Curriculum und Evaluationen im Dienste des Rechts auf Bildung (<a href=\"https:\/\/drive.google.com\/file\/d\/1hsUGwVrI-4097FpXg5z5j2vBZZCHwKQT\/view?usp=sharing\" target=\"_blank\" rel=\"noreferrer noopener\">FR<\/a>\/<a href=\"https:\/\/drive.google.com\/file\/d\/1jaw1KDNCKHUXMTeZw9q-SHvvmrQ0zJm3\/view?usp=sharing\" target=\"_blank\" rel=\"noreferrer noopener\">EN<\/a>\/<a href=\"https:\/\/drive.google.com\/file\/d\/1wEV1uPvWrN1-IPlpfXWqwqu7qTXQUqZy\/view?usp=sharing\" target=\"_blank\" rel=\"noreferrer noopener\">DE<\/a>) <a href=\"https:\/\/drive.google.com\/file\/d\/1hsUGwVrI-4097FpXg5z5j2vBZZCHwKQT\/view?usp=sharing\" target=\"_blank\" rel=\"noreferrer noopener\">\ud83c\uddeb\ud83c\uddf7<\/a> <a href=\"https:\/\/drive.google.com\/file\/d\/1jaw1KDNCKHUXMTeZw9q-SHvvmrQ0zJm3\/view?usp=sharing\" data-type=\"link\" data-id=\"https:\/\/drive.google.com\/file\/d\/1_xhOgP6kusWE-KuXM3dVKlFYmvZHHaPg\/view?usp=sharing\" target=\"_blank\" rel=\"noreferrer noopener\">\ud83c\uddec\ud83c\udde7<\/a> <a href=\"https:\/\/drive.google.com\/file\/d\/1wEV1uPvWrN1-IPlpfXWqwqu7qTXQUqZy\/view?usp=sharing\" data-type=\"link\" data-id=\"https:\/\/drive.google.com\/file\/d\/1qSRAcdHByOj1r7j2rTo0z8iLE5ggPJoy\/view?usp=sharing\" target=\"_blank\" rel=\"noreferrer noopener\">\ud83c\udde9\ud83c\uddea<\/a><\/p>\n\n\n\n<p class=\"wp-block-paragraph\">2025.09.27 : Stellungnahme ALLI asbl zum Gesetzentwurf 8588 (<a href=\"https:\/\/drive.google.com\/file\/d\/1oOl57ouxOvn07wmwv6j7ATUEcUKw4tuA\/view?usp=sharing\" target=\"_blank\" rel=\"noreferrer noopener\">FR<\/a>\/<a href=\"https:\/\/drive.google.com\/file\/d\/1Hxy573xeFT6pzsLVYCrk3vW3sVedEfbC\/view?usp=sharing\" target=\"_blank\" rel=\"noreferrer noopener\">EN<\/a>\/<a href=\"https:\/\/drive.google.com\/file\/d\/159Y_h2UU7LytRbThBNsiusx6dYX5yvwm\/view?usp=sharing\" target=\"_blank\" rel=\"noreferrer noopener\">DE<\/a>) <a href=\"https:\/\/drive.google.com\/file\/d\/1oOl57ouxOvn07wmwv6j7ATUEcUKw4tuA\/view?usp=sharing\" data-type=\"link\" data-id=\"https:\/\/drive.google.com\/file\/d\/1587G--TIuSLs-V8P5ElG8J1KHM2WBfSh\/view?usp=sharing\" target=\"_blank\" rel=\"noreferrer noopener\">\ud83c\uddeb\ud83c\uddf7<\/a> <a href=\"https:\/\/drive.google.com\/file\/d\/1HkNj9j6R44EMKC1SxOao68zFFMeLELCE\/view?usp=sharing\" data-type=\"link\" data-id=\"https:\/\/drive.google.com\/file\/d\/1_xhOgP6kusWE-KuXM3dVKlFYmvZHHaPg\/view?usp=sharing\" target=\"_blank\" rel=\"noreferrer noopener\"><\/a><a href=\"https:\/\/drive.google.com\/file\/d\/1Hxy573xeFT6pzsLVYCrk3vW3sVedEfbC\/view?usp=sharing\" data-type=\"link\" data-id=\"https:\/\/drive.google.com\/file\/d\/1_xhOgP6kusWE-KuXM3dVKlFYmvZHHaPg\/view?usp=sharing\" target=\"_blank\" rel=\"noreferrer noopener\">\ud83c\uddec\ud83c\udde7<\/a> <a href=\"https:\/\/drive.google.com\/file\/d\/159Y_h2UU7LytRbThBNsiusx6dYX5yvwm\/view?usp=sharing\" data-type=\"link\" data-id=\"https:\/\/drive.google.com\/file\/d\/1qSRAcdHByOj1r7j2rTo0z8iLE5ggPJoy\/view?usp=sharing\" target=\"_blank\" rel=\"noreferrer noopener\">\ud83c\udde9\ud83c\uddea<\/a><\/p>\n\n\n\n<p class=\"wp-block-paragraph\"><a href=\"https:\/\/alliasbl.lu\/de\/2025\/05\/19\/ein-beitrag-18-05-25\/\" data-type=\"page\" data-id=\"108\">2025.05.18: Beitrag zur UNO zum Thema eines Protokolls f\u00fcr die Rechte des Kindes<\/a> <a href=\"https:\/\/drive.google.com\/file\/d\/1587G--TIuSLs-V8P5ElG8J1KHM2WBfSh\/view?usp=sharing\" data-type=\"link\" data-id=\"https:\/\/drive.google.com\/file\/d\/1587G--TIuSLs-V8P5ElG8J1KHM2WBfSh\/view?usp=sharing\" target=\"_blank\" rel=\"noreferrer noopener\">\ud83c\uddeb\ud83c\uddf7<\/a> <a href=\"https:\/\/drive.google.com\/file\/d\/1HkNj9j6R44EMKC1SxOao68zFFMeLELCE\/view?usp=sharing\" data-type=\"link\" data-id=\"https:\/\/drive.google.com\/file\/d\/1_xhOgP6kusWE-KuXM3dVKlFYmvZHHaPg\/view?usp=sharing\" target=\"_blank\" rel=\"noreferrer noopener\"> <\/a><a href=\"https:\/\/drive.google.com\/file\/d\/1_xhOgP6kusWE-KuXM3dVKlFYmvZHHaPg\/view?usp=sharing\" data-type=\"link\" data-id=\"https:\/\/drive.google.com\/file\/d\/1_xhOgP6kusWE-KuXM3dVKlFYmvZHHaPg\/view?usp=sharing\" target=\"_blank\" rel=\"noreferrer noopener\">\ud83c\uddec\ud83c\udde7<\/a> <a href=\"https:\/\/drive.google.com\/file\/d\/1qSRAcdHByOj1r7j2rTo0z8iLE5ggPJoy\/view?usp=sharing\" data-type=\"link\" data-id=\"https:\/\/drive.google.com\/file\/d\/1qSRAcdHByOj1r7j2rTo0z8iLE5ggPJoy\/view?usp=sharing\" target=\"_blank\" rel=\"noreferrer noopener\"> \ud83c\udde9\ud83c\uddea<\/a><\/p>\n\n\n\n<p class=\"wp-block-paragraph\"><a href=\"https:\/\/alliasbl.lu\/de\/2025\/03\/25\/18-odd-kultur-als-vektor-der-demokratie\/\">2025.03.20: 18. ODD Kultur als Tr\u00e4ger der Demokratie<\/a><\/p>\n\n\n\n<p class=\"wp-block-paragraph\"><a href=\"https:\/\/www.youtube.com\/watch?v=HXk5eWc65vM&amp;t=29s\">2025.01.19: Learning Planet Festival \u2013 Muss man zur Schule gehen?<\/a><\/p>\n\n\n\n<p class=\"wp-block-paragraph\"><a href=\"https:\/\/alliasbl.lu\/de\/2024\/11\/26\/ein-gesetz-im-entwurf\/\">2024.07.25: Kommentare und Empfehlungen zum Gesetzesentwurf<\/a><\/p>\n\n\n\n<p class=\"wp-block-paragraph\"><a href=\"https:\/\/alliasbl.lu\/de\/2024\/03\/18\/die-wahlfreiheit-der-eltern\/\">2024.03.18: Die Wahlfreiheit der Eltern?<\/a><\/p>\n\n\n\n<p class=\"wp-block-paragraph\"><a href=\"https:\/\/alliasbl.lu\/de\/2024\/02\/20\/akademische-freiheit\/\">2024.02.20: Beitrag zur UNO \u00fcber akademische Freiheit<\/a><\/p>\n\n\n\n<p class=\"wp-block-paragraph\">2023.01.10: Beitrag zur UNO zum Recht auf Bildung <a href=\"https:\/\/drive.google.com\/file\/d\/1587G--TIuSLs-V8P5ElG8J1KHM2WBfSh\/view?usp=sharing\" data-type=\"link\" data-id=\"https:\/\/drive.google.com\/file\/d\/1587G--TIuSLs-V8P5ElG8J1KHM2WBfSh\/view?usp=sharing\" target=\"_blank\" rel=\"noreferrer noopener\"> <\/a><a href=\"https:\/\/drive.google.com\/file\/d\/1Bv5plWj4vYzEqfFiSTZTZbvAmjqDPcZI\/view?usp=sharing\" data-type=\"link\" data-id=\"https:\/\/drive.google.com\/file\/d\/1587G--TIuSLs-V8P5ElG8J1KHM2WBfSh\/view?usp=sharing\" target=\"_blank\" rel=\"noreferrer noopener\">\ud83c\uddeb\ud83c\uddf7<\/a> <a href=\"https:\/\/drive.google.com\/file\/d\/1HkNj9j6R44EMKC1SxOao68zFFMeLELCE\/view?usp=sharing\" data-type=\"link\" data-id=\"https:\/\/drive.google.com\/file\/d\/1_xhOgP6kusWE-KuXM3dVKlFYmvZHHaPg\/view?usp=sharing\" target=\"_blank\" rel=\"noreferrer noopener\"> \ud83c\uddec\ud83c\udde7<\/a> <a href=\"https:\/\/drive.google.com\/file\/d\/15n2Ot6AEeYQYNTu94HNl9xuEwJk__C8T\/view?usp=sharing\" data-type=\"link\" data-id=\"https:\/\/drive.google.com\/file\/d\/1qSRAcdHByOj1r7j2rTo0z8iLE5ggPJoy\/view?usp=sharing\" target=\"_blank\" rel=\"noreferrer noopener\"> \ud83c\udde9\ud83c\uddea<\/a><\/p>\n\n\n\n<p class=\"wp-block-paragraph\">2023.01.20: Stellungnahme zum Leseunterricht \u2013 Gesetzentwurf 7977 <a href=\"https:\/\/drive.google.com\/file\/d\/1587G--TIuSLs-V8P5ElG8J1KHM2WBfSh\/view?usp=sharing\" data-type=\"link\" data-id=\"https:\/\/drive.google.com\/file\/d\/1587G--TIuSLs-V8P5ElG8J1KHM2WBfSh\/view?usp=sharing\" target=\"_blank\" rel=\"noreferrer noopener\"> <\/a><a href=\"https:\/\/drive.google.com\/file\/d\/1-2jd06ndCKszP-X1PNvNGMQ1NVgXP4D_\/view?usp=sharing\" data-type=\"link\" data-id=\"https:\/\/drive.google.com\/file\/d\/1587G--TIuSLs-V8P5ElG8J1KHM2WBfSh\/view?usp=sharing\" target=\"_blank\" rel=\"noreferrer noopener\">\ud83c\uddeb\ud83c\uddf7<\/a> <a href=\"https:\/\/drive.google.com\/file\/d\/1HkNj9j6R44EMKC1SxOao68zFFMeLELCE\/view?usp=sharing\" data-type=\"link\" data-id=\"https:\/\/drive.google.com\/file\/d\/1_xhOgP6kusWE-KuXM3dVKlFYmvZHHaPg\/view?usp=sharing\" target=\"_blank\" rel=\"noreferrer noopener\"> <\/a><a href=\"https:\/\/drive.google.com\/file\/d\/1tN1NJY2ccyDBLT-ofnH8Qihl3SBxBDrO\/view?usp=sharing\" data-type=\"link\" data-id=\"https:\/\/drive.google.com\/file\/d\/1_xhOgP6kusWE-KuXM3dVKlFYmvZHHaPg\/view?usp=sharing\" target=\"_blank\" rel=\"noreferrer noopener\">\ud83c\uddec\ud83c\udde7<\/a> <a href=\"https:\/\/drive.google.com\/file\/d\/12kP_myK5P4fQcg5PNlATOq15bAZj5YxO\/view?usp=sharing\" data-type=\"link\" data-id=\"https:\/\/drive.google.com\/file\/d\/1qSRAcdHByOj1r7j2rTo0z8iLE5ggPJoy\/view?usp=sharing\" target=\"_blank\" rel=\"noreferrer noopener\"> \ud83c\udde9\ud83c\uddea<\/a><\/p>\n\n\n\n<p class=\"wp-block-paragraph\">2022.11.20: Erg\u00e4nzende Stellungnahme \u2013 Gesetzentwurf 7977 <a href=\"https:\/\/drive.google.com\/file\/d\/1587G--TIuSLs-V8P5ElG8J1KHM2WBfSh\/view?usp=sharing\" data-type=\"link\" data-id=\"https:\/\/drive.google.com\/file\/d\/1587G--TIuSLs-V8P5ElG8J1KHM2WBfSh\/view?usp=sharing\" target=\"_blank\" rel=\"noreferrer noopener\"> <\/a><a href=\"https:\/\/drive.google.com\/file\/d\/1rSgiYvXTMe1vh3md8DCz35782UbUkqx3\/view?usp=sharing\" data-type=\"link\" data-id=\"https:\/\/drive.google.com\/file\/d\/1587G--TIuSLs-V8P5ElG8J1KHM2WBfSh\/view?usp=sharing\" target=\"_blank\" rel=\"noreferrer noopener\">\ud83c\uddeb\ud83c\uddf7<\/a> <a href=\"https:\/\/drive.google.com\/file\/d\/1QPpSHxZCjCuSxruxXATRYVe4L1wDAHMp\/view?usp=sharing\" data-type=\"link\" data-id=\"https:\/\/drive.google.com\/file\/d\/1_xhOgP6kusWE-KuXM3dVKlFYmvZHHaPg\/view?usp=sharing\" target=\"_blank\" rel=\"noreferrer noopener\"> \ud83c\uddec\ud83c\udde7<\/a> <a href=\"https:\/\/drive.google.com\/file\/d\/1Zk5jnYKZzFqfsWlydiSKBNdqxHiAQWcl\/view?usp=sharing\" data-type=\"link\" data-id=\"https:\/\/drive.google.com\/file\/d\/1qSRAcdHByOj1r7j2rTo0z8iLE5ggPJoy\/view?usp=sharing\" target=\"_blank\" rel=\"noreferrer noopener\"> \ud83c\udde9\ud83c\uddea<\/a><\/p>\n\n\n\n<p class=\"wp-block-paragraph\">2022.05.16: Erste Stellungnahme zum Gesetzentwurf 7977 <a href=\"https:\/\/drive.google.com\/file\/d\/1587G--TIuSLs-V8P5ElG8J1KHM2WBfSh\/view?usp=sharing\" data-type=\"link\" data-id=\"https:\/\/drive.google.com\/file\/d\/1587G--TIuSLs-V8P5ElG8J1KHM2WBfSh\/view?usp=sharing\" target=\"_blank\" rel=\"noreferrer noopener\"> <\/a><a href=\"https:\/\/drive.google.com\/file\/d\/16xJdNPN1sfcc5zvJhp2Pwa5Bky5BZ-jG\/view?usp=sharing\" data-type=\"link\" data-id=\"https:\/\/drive.google.com\/file\/d\/1587G--TIuSLs-V8P5ElG8J1KHM2WBfSh\/view?usp=sharing\" target=\"_blank\" rel=\"noreferrer noopener\">\ud83c\uddeb\ud83c\uddf7<\/a> <a href=\"https:\/\/drive.google.com\/file\/d\/1cmzBMFo0RJkhwQKeTCfeMU0krPTSyPvN\/view?usp=sharing\" data-type=\"link\" data-id=\"https:\/\/drive.google.com\/file\/d\/1_xhOgP6kusWE-KuXM3dVKlFYmvZHHaPg\/view?usp=sharing\" target=\"_blank\" rel=\"noreferrer noopener\"> \ud83c\uddec\ud83c\udde7<\/a> <a href=\"https:\/\/drive.google.com\/file\/d\/1ZA7_L3JhsYjCHZuQol4zQ-DlW17vRgP8\/view?usp=sharing\" data-type=\"link\" data-id=\"https:\/\/drive.google.com\/file\/d\/1qSRAcdHByOj1r7j2rTo0z8iLE5ggPJoy\/view?usp=sharing\" target=\"_blank\" rel=\"noreferrer noopener\"> \ud83c\udde9\ud83c\uddea<\/a><\/p>\n\n\n\n<p class=\"wp-block-paragraph\"><a href=\"https:\/\/www.youtube.com\/watch?v=suBzUxbsx_o&amp;t=1272s\">2021.11.19: Podiumsdiskussion \u201eAuf dem Weg zu einer ganzheitlichen, bewussten und lebendigen Bildung\u201c<\/a>\"\u00a0<br>(FR\/DE) - Untertitel FR\/DE\/EN<\/p>\n\n\n\n<p class=\"wp-block-paragraph\"><a href=\"http:\/\/www.fhree.org\/2021\/11\/08\/unesco-response-call-to-unite\/\">2021.12.10: Antwort an die UNESCO zum Thema Bildung der Zukunft<\/a><br>(auf EN\/FR\/DE\/ES\/PT\/GR)<\/p>\n\n\n\n<p class=\"wp-block-paragraph\"><a href=\"http:\/\/www.fhree.org\/2021\/12\/02\/diy-159-memes\/\" data-type=\"link\" data-id=\"http:\/\/www.fhree.org\/2021\/12\/02\/diy-159-memes\/\">2021.12.02: 159 Meme f\u00fcr einen radikalen Wandel (EN\/FR\/GR)<\/a><\/p>\n\n\n\n<p class=\"wp-block-paragraph\"><a href=\"https:\/\/www.youtube.com\/watch?v=Ot7AJMJl9SQ&amp;t=2s\">2021.10.26 : Videoskript \u00fcber das Recht auf Bildung (4 mn)<\/a><br>(Untertitel auf EN\/DE\/LU\/IT\/GR\/ES\/PT)<\/p>\n\n\n\n<p class=\"wp-block-paragraph\"><a href=\"http:\/\/www.fhree.org\/4-10-dys-sde\/\">2020.10.04 : DYS &amp; selbstbestimmtes Lernen<\/a> (EN\/FR) (Untertitel Youtube)<\/p>\n\n\n\n<p class=\"wp-block-paragraph\"><a href=\"https:\/\/www.youtube.com\/watch?v=x9lsJHzhaYg&amp;t=2897s\">2019.09.27: Vortrag Prof. Peter Gray: Warum sind Spiel und selbstbestimmte Bildung entscheidend, um Kinder auf eine sich st\u00e4ndig ver\u00e4ndernde Zukunft vorzubereiten?<\/a> <br>(Untertitel Youtube)<\/p>\n\n\n\n<p class=\"wp-block-paragraph\"><a href=\"\/de\/www.youtube.com\/@ALLIasbl\/playlists\/\">2017.10.07 : Frei sich bilden? Kolloquium<\/a> (Untertitel Youtube)<\/p>\n\n\n\n<p class=\"wp-block-paragraph\"><a href=\"https:\/\/www.youtube.com\/watch?v=HiyeeumPokg\" data-type=\"link\" data-id=\"https:\/\/www.youtube.com\/watch?v=HiyeeumPokg\">2014.06.29: Vorf\u00fchrung des Films \u201eBeing and Becoming\u201c (Sein und Werden) von Clara Bellar und Diskussion dar\u00fcber, was Familien, die ihre Kinder nicht zur Schule schicken, zur Schule beitragen k\u00f6nnen<\/a><\/p>\n\n\n\n<p class=\"wp-block-paragraph\"><a href=\"https:\/\/www.youtube.com\/watch?v=HiyeeumPokg\" data-type=\"link\" data-id=\"https:\/\/www.youtube.com\/watch?v=HiyeeumPokg\">2014.06.28: Vorf\u00fchrung des Films \u201eBeing and Becoming\u201c von Clara Bellar, anschlie\u00dfend Diskussion mit Experten<\/a><\/p>\n\n\n\n<p class=\"wp-block-paragraph\"><\/p>\n\n\n\n<p class=\"wp-block-paragraph\"><strong>Jahresberichte<\/strong><\/p>\n\n\n\n<p class=\"wp-block-paragraph\">Jahresbericht 2025 <a href=\"https:\/\/drive.google.com\/file\/d\/1dzUIVVADqaxjRdRPcur9GbBrsJIfVmfa\/view?usp=sharing\" target=\"_blank\" rel=\"noreferrer noopener\">\ud83c\uddeb\ud83c\uddf7<\/a> <a href=\"https:\/\/drive.google.com\/file\/d\/1QGZSoDAWVAXgsW9L_DoGgpWIV50CMdYw\/view?usp=sharing\" data-type=\"link\" data-id=\"https:\/\/drive.google.com\/file\/d\/1_xhOgP6kusWE-KuXM3dVKlFYmvZHHaPg\/view?usp=sharing\" target=\"_blank\" rel=\"noreferrer noopener\">\ud83c\uddec\ud83c\udde7<\/a> <a href=\"https:\/\/drive.google.com\/file\/d\/1oTG3BaMhCGXWHJWWX8d88u5_Awgy5Zdq\/view?usp=sharing\" data-type=\"link\" data-id=\"https:\/\/drive.google.com\/file\/d\/1qSRAcdHByOj1r7j2rTo0z8iLE5ggPJoy\/view?usp=sharing\" target=\"_blank\" rel=\"noreferrer noopener\">\ud83c\udde9\ud83c\uddea<\/a><br>Jahresbericht 2024 <a href=\"https:\/\/drive.google.com\/file\/d\/1LSEfneRb5uQnqy9rDeBGWvHJqudEaWKw\/view?usp=sharing\" target=\"_blank\" rel=\"noreferrer noopener\"><\/a><a href=\"https:\/\/drive.google.com\/file\/d\/1587G--TIuSLs-V8P5ElG8J1KHM2WBfSh\/view?usp=sharing\" data-type=\"link\" data-id=\"https:\/\/drive.google.com\/file\/d\/1587G--TIuSLs-V8P5ElG8J1KHM2WBfSh\/view?usp=sharing\" target=\"_blank\" rel=\"noreferrer noopener\"><\/a><a href=\"https:\/\/drive.google.com\/file\/d\/1LSEfneRb5uQnqy9rDeBGWvHJqudEaWKw\/view?usp=drive_link\" data-type=\"link\" data-id=\"https:\/\/drive.google.com\/file\/d\/1LSEfneRb5uQnqy9rDeBGWvHJqudEaWKw\/view?usp=drive_link\">\ud83c\uddeb\ud83c\uddf7<\/a> <a href=\"https:\/\/drive.google.com\/file\/d\/1W2ShetoDBdbJqFP2le2A2jN_0A6O_bY5\/view\" data-type=\"link\" data-id=\"https:\/\/drive.google.com\/file\/d\/1_xhOgP6kusWE-KuXM3dVKlFYmvZHHaPg\/view?usp=sharing\" target=\"_blank\" rel=\"noreferrer noopener\">\ud83c\uddec\ud83c\udde7<\/a> <a href=\"https:\/\/drive.google.com\/file\/d\/1FLMSYaffmbyfM1nhu-K3qLX5J-nMcVpC\/view\" data-type=\"link\" data-id=\"https:\/\/drive.google.com\/file\/d\/1qSRAcdHByOj1r7j2rTo0z8iLE5ggPJoy\/view?usp=sharing\" target=\"_blank\" rel=\"noreferrer noopener\">\ud83c\udde9\ud83c\uddea<\/a><br>Jahresbericht 2023 <a href=\"https:\/\/drive.google.com\/file\/d\/1yRsbzRuOYiyQNmonnBH8xKfux3lBpdI_\/view\" data-type=\"link\" data-id=\"https:\/\/drive.google.com\/file\/d\/1587G--TIuSLs-V8P5ElG8J1KHM2WBfSh\/view?usp=sharing\" target=\"_blank\" rel=\"noreferrer noopener\">\ud83c\uddeb\ud83c\uddf7<\/a> <a href=\"https:\/\/drive.google.com\/file\/d\/1yY-oOOZ-Cvu3f8HwBcZiEkhEBWX--8n7\/view\" data-type=\"link\" data-id=\"https:\/\/drive.google.com\/file\/d\/1_xhOgP6kusWE-KuXM3dVKlFYmvZHHaPg\/view?usp=sharing\" target=\"_blank\" rel=\"noreferrer noopener\">\ud83c\uddec\ud83c\udde7<\/a> <a href=\"https:\/\/drive.google.com\/file\/d\/1RZV-27yBJkr-glGXFziW3UXQ5nnBQC9G\/view\" data-type=\"link\" data-id=\"https:\/\/drive.google.com\/file\/d\/1qSRAcdHByOj1r7j2rTo0z8iLE5ggPJoy\/view?usp=sharing\" target=\"_blank\" rel=\"noreferrer noopener\">\ud83c\udde9\ud83c\uddea<\/a><br>Jahresbericht 2022 <a href=\"https:\/\/alliasbl.lu\/wp-content\/uploads\/2023\/12\/fr-alli-asbl-rapport-2022.pdf\" data-type=\"link\" data-id=\"https:\/\/drive.google.com\/file\/d\/1587G--TIuSLs-V8P5ElG8J1KHM2WBfSh\/view?usp=sharing\" target=\"_blank\" rel=\"noreferrer noopener\">\ud83c\uddeb\ud83c\uddf7<\/a> <br>Jahresbericht 2020-2021 <a href=\"https:\/\/alliasbl.lu\/wp-content\/uploads\/2023\/12\/fr-alli-asbl-rapport-2020-2021.pdf\" data-type=\"link\" data-id=\"https:\/\/drive.google.com\/file\/d\/1587G--TIuSLs-V8P5ElG8J1KHM2WBfSh\/view?usp=sharing\" target=\"_blank\" rel=\"noreferrer noopener\">\ud83c\uddeb\ud83c\uddf7<\/a> <a href=\"https:\/\/alliasbl.lu\/wp-content\/uploads\/2023\/12\/en-alli-asbl-report-2020-2021.pdf\" data-type=\"link\" data-id=\"https:\/\/drive.google.com\/file\/d\/1_xhOgP6kusWE-KuXM3dVKlFYmvZHHaPg\/view?usp=sharing\" target=\"_blank\" rel=\"noreferrer noopener\">\ud83c\uddec\ud83c\udde7<\/a> <a href=\"https:\/\/alliasbl.lu\/wp-content\/uploads\/2023\/12\/de-alli-asbl-bericht-2020-2021.pdf\" data-type=\"link\" data-id=\"https:\/\/drive.google.com\/file\/d\/1qSRAcdHByOj1r7j2rTo0z8iLE5ggPJoy\/view?usp=sharing\" target=\"_blank\" rel=\"noreferrer noopener\">\ud83c\udde9\ud83c\uddea<\/a><br>Jahresbericht 2019 <a href=\"https:\/\/alliasbl.lu\/wp-content\/uploads\/2023\/12\/bilan_2019_fr.pdf\" data-type=\"link\" data-id=\"https:\/\/drive.google.com\/file\/d\/1587G--TIuSLs-V8P5ElG8J1KHM2WBfSh\/view?usp=sharing\" target=\"_blank\" rel=\"noreferrer noopener\">\ud83c\uddeb\ud83c\uddf7<\/a> <a href=\"https:\/\/alliasbl.lu\/wp-content\/uploads\/2023\/12\/report-2019_en.pdf\" data-type=\"link\" data-id=\"https:\/\/drive.google.com\/file\/d\/1_xhOgP6kusWE-KuXM3dVKlFYmvZHHaPg\/view?usp=sharing\" target=\"_blank\" rel=\"noreferrer noopener\">\ud83c\uddec\ud83c\udde7<\/a> <a href=\"https:\/\/alliasbl.lu\/wp-content\/uploads\/2023\/12\/bericht-2019_de.pdf\" data-type=\"link\" data-id=\"https:\/\/drive.google.com\/file\/d\/1qSRAcdHByOj1r7j2rTo0z8iLE5ggPJoy\/view?usp=sharing\" target=\"_blank\" rel=\"noreferrer noopener\">\ud83c\udde9\ud83c\uddea<\/a><br>Jahresbericht 2018 <a href=\"https:\/\/alliasbl.lu\/wp-content\/uploads\/2023\/12\/bilan-2018.pdf\" data-type=\"link\" data-id=\"https:\/\/drive.google.com\/file\/d\/1587G--TIuSLs-V8P5ElG8J1KHM2WBfSh\/view?usp=sharing\" target=\"_blank\" rel=\"noreferrer noopener\">\ud83c\uddeb\ud83c\uddf7<\/a><br>Jahresbericht 2017 <a href=\"https:\/\/alliasbl.lu\/wp-content\/uploads\/2023\/12\/bilan_2017.pdf\" data-type=\"link\" data-id=\"https:\/\/drive.google.com\/file\/d\/1587G--TIuSLs-V8P5ElG8J1KHM2WBfSh\/view?usp=sharing\" target=\"_blank\" rel=\"noreferrer noopener\">\ud83c\uddeb\ud83c\uddf7<\/a><br>Jahresbericht 2016 <a href=\"https:\/\/alliasbl.lu\/wp-content\/uploads\/2023\/12\/bilan_2016_100117.pdf\" data-type=\"link\" data-id=\"https:\/\/drive.google.com\/file\/d\/1587G--TIuSLs-V8P5ElG8J1KHM2WBfSh\/view?usp=sharing\" target=\"_blank\" rel=\"noreferrer noopener\">\ud83c\uddeb\ud83c\uddf7<\/a><br>Jahresbericht 2015 <a href=\"https:\/\/alliasbl.lu\/wp-content\/uploads\/2023\/12\/bilan_2015.pdf\" data-type=\"link\" data-id=\"https:\/\/drive.google.com\/file\/d\/1587G--TIuSLs-V8P5ElG8J1KHM2WBfSh\/view?usp=sharing\" target=\"_blank\" rel=\"noreferrer noopener\">\ud83c\uddeb\ud83c\uddf7<\/a><br>Jahresbericht 2013-2014 <a href=\"https:\/\/alliasbl.lu\/wp-content\/uploads\/2023\/12\/bilan-2013-2014.pdf\" data-type=\"link\" data-id=\"https:\/\/drive.google.com\/file\/d\/1587G--TIuSLs-V8P5ElG8J1KHM2WBfSh\/view?usp=sharing\" target=\"_blank\" rel=\"noreferrer noopener\">\ud83c\uddeb\ud83c\uddf7<\/a><br><\/p>\n\n\n\n<p class=\"wp-block-paragraph\"><br><strong>B\u00fccher<\/strong><\/p>\n\n\n\n<figure class=\"wp-block-image size-large\"><img data-recalc-dims=\"1\" fetchpriority=\"high\" decoding=\"async\" width=\"1024\" height=\"347\" data-attachment-id=\"1090\" data-permalink=\"https:\/\/alliasbl.lu\/de\/publications\/image-6\/\" data-orig-file=\"https:\/\/i0.wp.com\/alliasbl.lu\/wp-content\/uploads\/2025\/05\/image-2.png?fit=1560%2C528&amp;ssl=1\" data-orig-size=\"1560,528\" data-comments-opened=\"0\" data-image-meta=\"{&quot;aperture&quot;:&quot;0&quot;,&quot;credit&quot;:&quot;&quot;,&quot;camera&quot;:&quot;&quot;,&quot;caption&quot;:&quot;&quot;,&quot;created_timestamp&quot;:&quot;0&quot;,&quot;copyright&quot;:&quot;&quot;,&quot;focal_length&quot;:&quot;0&quot;,&quot;iso&quot;:&quot;0&quot;,&quot;shutter_speed&quot;:&quot;0&quot;,&quot;title&quot;:&quot;&quot;,&quot;orientation&quot;:&quot;0&quot;}\" data-image-title=\"image\" data-image-description=\"\" data-image-caption=\"\" data-large-file=\"https:\/\/i0.wp.com\/alliasbl.lu\/wp-content\/uploads\/2025\/05\/image-2.png?fit=1024%2C347&amp;ssl=1\" src=\"https:\/\/i0.wp.com\/alliasbl.lu\/wp-content\/uploads\/2025\/05\/image-2.png?resize=1024%2C347&#038;ssl=1\" alt=\"\" class=\"wp-image-1090\" srcset=\"https:\/\/i0.wp.com\/alliasbl.lu\/wp-content\/uploads\/2025\/05\/image-2.png?resize=1024%2C347&amp;ssl=1 1024w, https:\/\/i0.wp.com\/alliasbl.lu\/wp-content\/uploads\/2025\/05\/image-2.png?resize=300%2C102&amp;ssl=1 300w, https:\/\/i0.wp.com\/alliasbl.lu\/wp-content\/uploads\/2025\/05\/image-2.png?resize=768%2C260&amp;ssl=1 768w, https:\/\/i0.wp.com\/alliasbl.lu\/wp-content\/uploads\/2025\/05\/image-2.png?resize=1536%2C520&amp;ssl=1 1536w, https:\/\/i0.wp.com\/alliasbl.lu\/wp-content\/uploads\/2025\/05\/image-2.png?resize=18%2C6&amp;ssl=1 18w, https:\/\/i0.wp.com\/alliasbl.lu\/wp-content\/uploads\/2025\/05\/image-2.png?resize=1200%2C406&amp;ssl=1 1200w, https:\/\/i0.wp.com\/alliasbl.lu\/wp-content\/uploads\/2025\/05\/image-2.png?w=1560&amp;ssl=1 1560w\" sizes=\"(max-width: 1000px) 100vw, 1000px\" \/><\/figure>\n\n\n\n<figure class=\"wp-block-image size-full is-resized\"><img data-recalc-dims=\"1\" decoding=\"async\" width=\"632\" height=\"450\" data-attachment-id=\"1112\" data-permalink=\"https:\/\/alliasbl.lu\/de\/publications\/image-11\/\" data-orig-file=\"https:\/\/i0.wp.com\/alliasbl.lu\/wp-content\/uploads\/2025\/05\/image-7.png?fit=632%2C450&amp;ssl=1\" data-orig-size=\"632,450\" data-comments-opened=\"0\" data-image-meta=\"{&quot;aperture&quot;:&quot;0&quot;,&quot;credit&quot;:&quot;&quot;,&quot;camera&quot;:&quot;&quot;,&quot;caption&quot;:&quot;&quot;,&quot;created_timestamp&quot;:&quot;0&quot;,&quot;copyright&quot;:&quot;&quot;,&quot;focal_length&quot;:&quot;0&quot;,&quot;iso&quot;:&quot;0&quot;,&quot;shutter_speed&quot;:&quot;0&quot;,&quot;title&quot;:&quot;&quot;,&quot;orientation&quot;:&quot;0&quot;}\" data-image-title=\"image\" data-image-description=\"\" data-image-caption=\"\" data-large-file=\"https:\/\/i0.wp.com\/alliasbl.lu\/wp-content\/uploads\/2025\/05\/image-7.png?fit=632%2C450&amp;ssl=1\" src=\"https:\/\/i0.wp.com\/alliasbl.lu\/wp-content\/uploads\/2025\/05\/image-7.png?resize=632%2C450&#038;ssl=1\" alt=\"\" class=\"wp-image-1112\" style=\"aspect-ratio:1.404452624500053;width:315px;height:auto\" srcset=\"https:\/\/i0.wp.com\/alliasbl.lu\/wp-content\/uploads\/2025\/05\/image-7.png?w=632&amp;ssl=1 632w, https:\/\/i0.wp.com\/alliasbl.lu\/wp-content\/uploads\/2025\/05\/image-7.png?resize=300%2C214&amp;ssl=1 300w, https:\/\/i0.wp.com\/alliasbl.lu\/wp-content\/uploads\/2025\/05\/image-7.png?resize=18%2C12&amp;ssl=1 18w\" sizes=\"(max-width: 632px) 100vw, 632px\" \/><\/figure>\n\n\n\n<p class=\"wp-block-paragraph\"><\/p>\n\n\n\n<p class=\"wp-block-paragraph\"><strong>English<\/strong> erh\u00e4ltlich bei Smashwords oder Amazon<br>* Derry Hannam (EN) <a href=\"https:\/\/www.smashwords.com\/books\/view\/1029100\">https:\/\/www.smashwords.com\/books\/view\/1029100<\/a><br>* Je'anna. L Clements (EN)<br>Was, wenn die Schule Dyslexia verursacht? <a href=\"https:\/\/www.smashwords.com\/books\/view\/1048359\">https:\/\/www.smashwords.com\/books\/view\/1048359<\/a><br>Helping the butterfly hatch Book 1 - How does Self-Directed Education work and why?<br><a href=\"https:\/\/www.smashwords.com\/books\/view\/1029118https:\/\/www.smashwords.com\/books\/view\/1029323?ref=lexcycle\">https:\/\/www.smashwords.com\/books\/view\/1029118<\/a><br>Helping the butterfly hatch Buch 2 - Wie k\u00f6nnen wir junge Menschen in SDE unterst\u00fctzen? <br><a href=\"https:\/\/www.smashwords.com\/books\/view\/1029118https:\/\/www.smashwords.com\/books\/view\/1029323?ref=lexcycle\">https:\/\/www.smashwords.com\/books\/view\/1029323?ref=lexcycle<\/a><br><br><strong>Franz\u00f6sisch<\/strong> Verlag le H\u00eatre Myriadis <br><a href=\"https:\/\/lehetremyriadis.fr\/boutique\/livres\/parentalite-education\/lecole-est-elle-responsable-de-la-dyslexie-jeanna-l-clements\/\">https:\/\/lehetremyriadis.fr\/boutique\/livres\/parentalite-education\/lecole-est-elle-responsable-de-la-dyslexie-jeanna-l-clements\/<\/a><br><a href=\"https:\/\/lehetremyriadis.fr\/boutique\/livres\/parentalite-education\/profs-une-autre-voie-est-possible-derry-hannam\/\">https:\/\/lehetremyriadis.fr\/boutique\/livres\/parentalite-education\/profs-une-autre-voie-est-possible-derry-hannam\/<\/a><br><br><strong>Deutsch<\/strong> Podcasts von Max Sauber<br><a href=\"https:\/\/selbstbestimmtsichbilden.substack.com\/podcast\/archive?sort=new\">https:\/\/selbstbestimmtsichbilden.substack.com\/podcast\/archive?sort=new<\/a><\/p>","protected":false},"excerpt":{"rendered":"<p>Le contenu pr\u00e9sente une s\u00e9rie de contributions et d&rsquo;avis li\u00e9s \u00e0 l&rsquo;\u00e9ducation, la libert\u00e9 acad\u00e9mique et les droits de l&rsquo;enfant, abordant des th\u00e8mes tels que la culture, l&rsquo;auto-\u00e9ducation et les implications l\u00e9gales. Plusieurs documents et rapports annuels sont \u00e9galement mentionn\u00e9s, d\u00e9veloppant une r\u00e9flexion critique sur l&rsquo;\u00e9ducation moderne.<\/p>","protected":false},"author":135013625,"featured_media":0,"parent":0,"menu_order":0,"comment_status":"closed","ping_status":"closed","template":"","meta":{"_coblocks_attr":"","_coblocks_dimensions":"","_coblocks_responsive_height":"","_coblocks_accordion_ie_support":"","_crdt_document":"","advanced_seo_description":"","jetpack_seo_html_title":"","jetpack_seo_noindex":false,"_price":"","_stock":"","_tribe_ticket_header":"","_tribe_default_ticket_provider":"","_tribe_ticket_capacity":"0","_ticket_start_date":"","_ticket_end_date":"","_tribe_ticket_show_description":"","_tribe_ticket_show_not_going":false,"_tribe_ticket_use_global_stock":"","_tribe_ticket_global_stock_level":"","_global_stock_mode":"","_global_stock_cap":"","_tribe_rsvp_for_event":"","_tribe_ticket_going_count":"","_tribe_ticket_not_going_count":"","_tribe_tickets_list":"[]","_tribe_ticket_has_attendee_info_fields":false,"_EventAllDay":false,"_EventTimezone":"","_EventStartDate":"","_EventEndDate":"","_EventStartDateUTC":"","_EventEndDateUTC":"","_EventShowMap":false,"_EventShowMapLink":false,"_EventURL":"","_EventCost":"","_EventCostDescription":"","_EventCurrencySymbol":"","_EventCurrencyCode":"","_EventCurrencyPosition":"","_EventDateTimeSeparator":"","_EventTimeRangeSeparator":"","_EventOrganizerID":[],"_EventVenueID":[],"_OrganizerEmail":"","_OrganizerPhone":"","_OrganizerWebsite":"","_VenueAddress":"","_VenueCity":"","_VenueCountry":"","_VenueProvince":"","_VenueState":"","_VenueZip":"","_VenuePhone":"","_VenueURL":"","_VenueStateProvince":"","_VenueLat":"","_VenueLng":"","_VenueShowMap":false,"_VenueShowMapLink":false,"footnotes":"","_tec_slr_enabled":"","_tec_slr_layout":""},"class_list":["post-1053","page","type-page","status-publish","hentry"],"jetpack_likes_enabled":true,"jetpack_sharing_enabled":true,"jetpack_shortlink":"https:\/\/wp.me\/P9ETog-gZ","jetpack-related-posts":[{"id":202,"url":"https:\/\/alliasbl.lu\/de\/enseignement-a-domicile\/connaitre-vos-droits\/","url_meta":{"origin":1053,"position":0},"title":"Ihre Rechte kennen","author":"Ulysse Chabredier","date":"30 November, 2023","format":false,"excerpt":"Actuellement, alors que les gouvernements nationaux sont cens\u00e9s assurer, sans d\u00e9lai l'enseignement gratuit et obligatoire pour tous, le droit des parents \u00e0 choisir le mode d\u2019instruction de leur enfant est selon l\u2019ONU \"viol\u00e9, \u00e0 un degr\u00e9 plus ou moins grand, dans tous les pays du monde\". Cette non reconnaissance de\u2026","rel":"","context":"\u00c4hnlicher Beitrag","block_context":{"text":"\u00c4hnlicher Beitrag","link":""},"img":{"alt_text":"","src":"https:\/\/i0.wp.com\/alliasbl.lu\/wp-content\/uploads\/2023\/12\/capture-decran-2023-12-30-a-10.36.56.png?resize=350%2C200&ssl=1","width":350,"height":200,"srcset":"https:\/\/i0.wp.com\/alliasbl.lu\/wp-content\/uploads\/2023\/12\/capture-decran-2023-12-30-a-10.36.56.png?resize=350%2C200&ssl=1 1x, https:\/\/i0.wp.com\/alliasbl.lu\/wp-content\/uploads\/2023\/12\/capture-decran-2023-12-30-a-10.36.56.png?resize=525%2C300&ssl=1 1.5x, https:\/\/i0.wp.com\/alliasbl.lu\/wp-content\/uploads\/2023\/12\/capture-decran-2023-12-30-a-10.36.56.png?resize=700%2C400&ssl=1 2x"},"classes":[]},{"id":1351,"url":"https:\/\/alliasbl.lu\/de\/projet-2\/","url_meta":{"origin":1053,"position":1},"title":"Projekte","author":"alliasbl","date":"23 Dezember, 2025","format":false,"excerpt":"FutureEd \u2013 Une \u00e9ducation centr\u00e9e sur les droits FutureEd est un projet Erasmus+ qui place les droits humains au c\u0153ur de l\u2019\u00e9ducation. Il accompagne \u00e9coles, jeunes et communaut\u00e9s d\u2019apprentissage pour promouvoir la dignit\u00e9, la participation et la responsabilit\u00e9, fondements de soci\u00e9t\u00e9s d\u00e9mocratiques et durables. Avec une approche collaborative, FutureEd cr\u00e9e\u2026","rel":"","context":"\u00c4hnlicher Beitrag","block_context":{"text":"\u00c4hnlicher Beitrag","link":""},"img":{"alt_text":"","src":"https:\/\/i0.wp.com\/alliasbl.lu\/wp-content\/uploads\/2025\/12\/Capture-decran-2025-10-24-a-21.52.37-1.png?resize=350%2C200&ssl=1","width":350,"height":200,"srcset":"https:\/\/i0.wp.com\/alliasbl.lu\/wp-content\/uploads\/2025\/12\/Capture-decran-2025-10-24-a-21.52.37-1.png?resize=350%2C200&ssl=1 1x, https:\/\/i0.wp.com\/alliasbl.lu\/wp-content\/uploads\/2025\/12\/Capture-decran-2025-10-24-a-21.52.37-1.png?resize=525%2C300&ssl=1 1.5x, https:\/\/i0.wp.com\/alliasbl.lu\/wp-content\/uploads\/2025\/12\/Capture-decran-2025-10-24-a-21.52.37-1.png?resize=700%2C400&ssl=1 2x"},"classes":[]},{"id":168,"url":"https:\/\/alliasbl.lu\/de\/enseignement-a-domicile\/faq\/","url_meta":{"origin":1053,"position":2},"title":"FAQ","author":"Ulysse Chabredier","date":"30 November, 2023","format":false,"excerpt":"Foire aux questions Peut-on d\u00e9scolariser en cours d\u2019ann\u00e9e\u00a0? Comme le stipule la loi du 29.08.1953 approuvant la Convention de Paris du 20 mars 1952, l\u2019\u00c9tat, dans l\u2019exercice des fonctions qu\u2019il assumera dans le domaine de l\u2019\u00e9ducation et de l\u2019enseignement, respectera le droit des parents d\u2019assurer cette \u00e9ducation et cet enseignement\u2026","rel":"","context":"\u00c4hnlicher Beitrag","block_context":{"text":"\u00c4hnlicher Beitrag","link":""},"img":{"alt_text":"","src":"https:\/\/i0.wp.com\/alliasbl.lu\/wp-content\/uploads\/2023\/11\/formulaire-faq.png?resize=350%2C200&ssl=1","width":350,"height":200,"srcset":"https:\/\/i0.wp.com\/alliasbl.lu\/wp-content\/uploads\/2023\/11\/formulaire-faq.png?resize=350%2C200&ssl=1 1x, https:\/\/i0.wp.com\/alliasbl.lu\/wp-content\/uploads\/2023\/11\/formulaire-faq.png?resize=525%2C300&ssl=1 1.5x, https:\/\/i0.wp.com\/alliasbl.lu\/wp-content\/uploads\/2023\/11\/formulaire-faq.png?resize=700%2C400&ssl=1 2x, https:\/\/i0.wp.com\/alliasbl.lu\/wp-content\/uploads\/2023\/11\/formulaire-faq.png?resize=1050%2C600&ssl=1 3x"},"classes":[]},{"id":189,"url":"https:\/\/alliasbl.lu\/de\/enseignement-a-domicile\/pourquoi-apprendre-hors-ecole\/","url_meta":{"origin":1053,"position":3},"title":"Warum au\u00dferhalb der Schule lernen?","author":"Ulysse Chabredier","date":"30 November, 2023","format":false,"excerpt":"Les raisons qui poussent certaines familles \u00e0 ne pas scolariser leur\u00a0enfant* sont diverses. On peut citer : la volont\u00e9 de respecter les rythmes et les motivations de l\u2019enfant la volont\u00e9 de ne pas placer\u00a0l\u2019enfant\u00a0dans une relation de dominant\/domin\u00e9 la volont\u00e9 de ne pas mettre\u00a0l\u2019enfant\u00a0en situation de comp\u00e9tition malsaine la volont\u00e9\u2026","rel":"","context":"\u00c4hnlicher Beitrag","block_context":{"text":"\u00c4hnlicher Beitrag","link":""},"img":{"alt_text":"","src":"https:\/\/i0.wp.com\/alliasbl.lu\/wp-content\/uploads\/2023\/11\/pexels-julia-m-cameron-4145347-edited.jpg?resize=350%2C200&ssl=1","width":350,"height":200,"srcset":"https:\/\/i0.wp.com\/alliasbl.lu\/wp-content\/uploads\/2023\/11\/pexels-julia-m-cameron-4145347-edited.jpg?resize=350%2C200&ssl=1 1x, https:\/\/i0.wp.com\/alliasbl.lu\/wp-content\/uploads\/2023\/11\/pexels-julia-m-cameron-4145347-edited.jpg?resize=525%2C300&ssl=1 1.5x, https:\/\/i0.wp.com\/alliasbl.lu\/wp-content\/uploads\/2023\/11\/pexels-julia-m-cameron-4145347-edited.jpg?resize=700%2C400&ssl=1 2x, https:\/\/i0.wp.com\/alliasbl.lu\/wp-content\/uploads\/2023\/11\/pexels-julia-m-cameron-4145347-edited.jpg?resize=1050%2C600&ssl=1 3x, https:\/\/i0.wp.com\/alliasbl.lu\/wp-content\/uploads\/2023\/11\/pexels-julia-m-cameron-4145347-edited.jpg?resize=1400%2C800&ssl=1 4x"},"classes":[]},{"id":212,"url":"https:\/\/alliasbl.lu\/de\/enseignement-a-domicile\/en-pratique\/","url_meta":{"origin":1053,"position":4},"title":"In der Praxis...","author":"Ulysse Chabredier","date":"30 November, 2023","format":false,"excerpt":"Les droits de l'homme ont \u00e9t\u00e9 cr\u00e9\u00e9s pour prot\u00e9ger les individus de l'arbitraire des gouvernements. Notons dans un tel contexte la d\u00e9claration suivante, tr\u00e8s \u00e0 propos, d\u2019autant plus que la libert\u00e9 de l\u2019enseignement doit s\u2019exercer dans\u00a0le respect\u00a0des valeurs d\u2019une soci\u00e9t\u00e9 d\u00e9mocratique fond\u00e9e sur les droits fondamentaux et les libert\u00e9s publiques\u2026","rel":"","context":"\u00c4hnlicher Beitrag","block_context":{"text":"\u00c4hnlicher Beitrag","link":""},"img":{"alt_text":"","src":"https:\/\/i0.wp.com\/alliasbl.lu\/wp-content\/uploads\/2023\/11\/pexels-julia-m-cameron-4145347-edited.jpg?resize=350%2C200&ssl=1","width":350,"height":200,"srcset":"https:\/\/i0.wp.com\/alliasbl.lu\/wp-content\/uploads\/2023\/11\/pexels-julia-m-cameron-4145347-edited.jpg?resize=350%2C200&ssl=1 1x, https:\/\/i0.wp.com\/alliasbl.lu\/wp-content\/uploads\/2023\/11\/pexels-julia-m-cameron-4145347-edited.jpg?resize=525%2C300&ssl=1 1.5x, https:\/\/i0.wp.com\/alliasbl.lu\/wp-content\/uploads\/2023\/11\/pexels-julia-m-cameron-4145347-edited.jpg?resize=700%2C400&ssl=1 2x, https:\/\/i0.wp.com\/alliasbl.lu\/wp-content\/uploads\/2023\/11\/pexels-julia-m-cameron-4145347-edited.jpg?resize=1050%2C600&ssl=1 3x, https:\/\/i0.wp.com\/alliasbl.lu\/wp-content\/uploads\/2023\/11\/pexels-julia-m-cameron-4145347-edited.jpg?resize=1400%2C800&ssl=1 4x"},"classes":[]},{"id":64,"url":"https:\/\/alliasbl.lu\/de\/ressources\/","url_meta":{"origin":1053,"position":5},"title":"Ressourcen","author":"Ulysse Chabredier","date":"28 November, 2023","format":false,"excerpt":"Sites zum Thema au\u00dferschulische und alternative Bildung f\u00fcr den Anfang...","rel":"","context":"\u00c4hnlicher Beitrag","block_context":{"text":"\u00c4hnlicher Beitrag","link":""},"img":{"alt_text":"","src":"","width":0,"height":0},"classes":[]}],"ticketed":false,"_links":{"self":[{"href":"https:\/\/alliasbl.lu\/de\/wp-json\/wp\/v2\/pages\/1053","targetHints":{"allow":["GET"]}}],"collection":[{"href":"https:\/\/alliasbl.lu\/de\/wp-json\/wp\/v2\/pages"}],"about":[{"href":"https:\/\/alliasbl.lu\/de\/wp-json\/wp\/v2\/types\/page"}],"author":[{"embeddable":true,"href":"https:\/\/alliasbl.lu\/de\/wp-json\/wp\/v2\/users\/135013625"}],"replies":[{"embeddable":true,"href":"https:\/\/alliasbl.lu\/de\/wp-json\/wp\/v2\/comments?post=1053"}],"version-history":[{"count":65,"href":"https:\/\/alliasbl.lu\/de\/wp-json\/wp\/v2\/pages\/1053\/revisions"}],"predecessor-version":[{"id":1418,"href":"https:\/\/alliasbl.lu\/de\/wp-json\/wp\/v2\/pages\/1053\/revisions\/1418"}],"wp:attachment":[{"href":"https:\/\/alliasbl.lu\/de\/wp-json\/wp\/v2\/media?parent=1053"}],"curies":[{"name":"wp","href":"https:\/\/api.w.org\/{rel}","templated":true}]}}